{"id":8158,"date":"2022-06-10T09:14:55","date_gmt":"2022-06-10T13:14:55","guid":{"rendered":"https:\/\/recherches-autochtones.org\/site\/?post_type=tribe_events&#038;p=8158"},"modified":"2022-06-10T09:46:39","modified_gmt":"2022-06-10T13:46:39","slug":"midi-des-nations-des-innus-racontent-sylvie-vincent","status":"publish","type":"tribe_events","link":"https:\/\/recherches-autochtones.org\/site\/calendrier\/midi-des-nations-des-innus-racontent-sylvie-vincent\/","title":{"rendered":"Midi des Nations \u2013 Des Innus racontent Sylvie Vincent"},"content":{"rendered":"<p><span style=\"font-size: small;\">La Soci\u00e9t\u00e9 Recherches am\u00e9rindiennes au Qu\u00e9bec est heureuse de pr\u00e9senter l&rsquo;\u00e9v\u00e9nement Midi des Nations \u00ab Des Innus racontent Sylvie Vincent \u00bb qui aura lieu exceptionnellement en formule \u00ab soir\u00e9e \u00bb. Lors de cet \u00e9v\u00e9nement, de nombreuses personnes prendront la parole dont Jos\u00e9phine Bacon, Gloria Vollant, Rapha\u00ebl Picard, Andr\u00e9 Dudemaine et autres \u00e0 confirmer.<\/span><span style=\"font-size: small;\">\u00a0<\/span><\/p>\n<p><span style=\"font-size: small;\">De plus, cet \u00e9v\u00e9nement sera l&rsquo;occasion de lancer le plus r\u00e9cent num\u00e9ro de la revue <i>Recherches am\u00e9rindiennes au Qu\u00e9bec<\/i> (vol. 50, n\u02da 3) \u00ab Images et oralit\u00e9s des Autochtones : Hommage \u00e0 Sylvie Vincent \u00bb qui rend hommage \u00e0 l&rsquo;anthropologue Sylvie Vincent et souligne les 50 ans de publication de la revue.<\/span><\/p>\n<p><strong><a href=\"https:\/\/recherches-autochtones.org\/site\/midi-des-nations-des-innus-racontent-sylvie-vincent\/\"><span style=\"font-size: small;\">Visiter la page de l&rsquo;\u00e9v\u00e9nement<\/span><\/a><\/strong><\/p>\n","protected":false},"excerpt":{"rendered":"<p>La Soci\u00e9t\u00e9 Recherches am\u00e9rindiennes au Qu\u00e9bec est heureuse de pr\u00e9senter  [&#8230;]<\/p>\n","protected":false},"author":1,"featured_media":8165,"template":"","meta":{"_EventAllDay":false,"_EventTimezone":"America\/New_York","_EventStartDate":"2022-06-02 18:00:00","_EventEndDate":"2022-06-02 22:00:00","_EventStartDateUTC":"2022-06-02 22:00:00","_EventEndDateUTC":"2022-06-03 02:00:00","_EventShowMap":true,"_EventShowMapLink":true,"_EventURL":"","_EventCost":"","_EventCostDescription":"","_EventCurrencySymbol":"","_EventCurrencyCode":"","_EventCurrencyPosition":"prefix","_EventDateTimeSeparator":"","_EventTimeRangeSeparator":"","_EventOrganizerID":[5855],"_EventVenueID":[8161],"_OrganizerEmail":"","_OrganizerPhone":"","_OrganizerWebsite":"","_VenueAddress":"","_VenueCity":"","_VenueCountry":"","_VenueProvince":"","_VenueState":"","_VenueZip":"","_VenuePhone":"","_VenueURL":"","_VenueStateProvince":"","_VenueLat":"","_VenueLng":"","_VenueShowMap":false,"_VenueShowMapLink":false,"_tribe_events_status":"","_tribe_events_status_reason":"","footnotes":""},"tags":[],"tribe_events_cat":[69,68],"class_list":["post-8158","tribe_events","type-tribe_events","status-publish","has-post-thumbnail","hentry","tribe_events_cat-lancement","tribe_events_cat-midi-des-nations","cat_lancement","cat_midi-des-nations"],"_links":{"self":[{"href":"https:\/\/recherches-autochtones.org\/site\/wp-json\/wp\/v2\/tribe_events\/8158","targetHints":{"allow":["GET"]}}],"collection":[{"href":"https:\/\/recherches-autochtones.org\/site\/wp-json\/wp\/v2\/tribe_events"}],"about":[{"href":"https:\/\/recherches-autochtones.org\/site\/wp-json\/wp\/v2\/types\/tribe_events"}],"author":[{"embeddable":true,"href":"https:\/\/recherches-autochtones.org\/site\/wp-json\/wp\/v2\/users\/1"}],"version-history":[{"count":7,"href":"https:\/\/recherches-autochtones.org\/site\/wp-json\/wp\/v2\/tribe_events\/8158\/revisions"}],"predecessor-version":[{"id":8174,"href":"https:\/\/recherches-autochtones.org\/site\/wp-json\/wp\/v2\/tribe_events\/8158\/revisions\/8174"}],"wp:featuredmedia":[{"embeddable":true,"href":"https:\/\/recherches-autochtones.org\/site\/wp-json\/wp\/v2\/media\/8165"}],"wp:attachment":[{"href":"https:\/\/recherches-autochtones.org\/site\/wp-json\/wp\/v2\/media?parent=8158"}],"wp:term":[{"taxonomy":"post_tag","embeddable":true,"href":"https:\/\/recherches-autochtones.org\/site\/wp-json\/wp\/v2\/tags?post=8158"},{"taxonomy":"tribe_events_cat","embeddable":true,"href":"https:\/\/recherches-autochtones.org\/site\/wp-json\/wp\/v2\/tribe_events_cat?post=8158"}],"curies":[{"name":"wp","href":"https:\/\/api.w.org\/{rel}","templated":true}]}}