{"id":1583,"date":"1995-03-17T13:56:20","date_gmt":"1995-03-17T18:56:20","guid":{"rendered":"https:\/\/recherches-autochtones.org\/site\/produit\/autochtones-et-quebecois-la-rencontre-des-nationalismes-1995-2"},"modified":"2025-11-26T11:28:02","modified_gmt":"2025-11-26T16:28:02","slug":"autochtones-et-quebecois-la-rencontre-des-nationalismes-1995-2","status":"publish","type":"product","link":"https:\/\/recherches-autochtones.org\/site\/produit\/autochtones-et-quebecois-la-rencontre-des-nationalismes-1995-2\/","title":{"rendered":"Autochtones et Qu\u00e9b\u00e9cois : la rencontre des nationalismes"},"content":{"rendered":"<p>Avant-propos<br \/>\nNote m\u00e9thodologique<\/p>\n<p>ATELIER 1 &#8211; L\u2019\u00e9volution du droit international peut-elle favoriser de nouvelles relations entre Autochtones et Qu\u00e9b\u00e9cois ?<\/p>\n<p>Pr\u00e9sentation<br \/>\nPierre Trudel<\/p>\n<p>Qu\u00e9b\u00e9cois et Autochtones : le droit des peuples \u00e0 disposer d\u2019eux-m\u00eames*<br \/>\nAlain Bissonnette<\/p>\n<p>The UN Draft Declaration on the Rights of Indigenous People*<br \/>\nKenneth Deer<\/p>\n<p>Conflicts Between Aboriginal Peoples and States: The Importance of International Mechanisms<br \/>\nTed Moses<\/p>\n<p>ATELIER 2 &#8211; Comparaison entre les politiques qu\u00e9b\u00e9coises et canadiennes actuelles en mati\u00e8re autochtone<\/p>\n<p>Pr\u00e9sentation<br \/>\nG\u00e9rald McKenzie et Pierre Trudel<\/p>\n<p>Les politiques canadiennes et qu\u00e9b\u00e9coises relatives aux Autochtones<br \/>\nRen\u00e9e Dupuis<\/p>\n<p>Le point de vue des Innus<br \/>\nJacques Kurtness<\/p>\n<p>The Mohawk Perspective*<br \/>\nArnold Goodleaf<\/p>\n<p>The Inuit Perspective*<br \/>\nHarry Tulugak<\/p>\n<p>Commentaires<br \/>\nDavid Cliche \/ Ghislain Picard<\/p>\n<p>ATELIER 3 &#8211; Perspectives d\u2019avenir politiques et juridiques quant aux droits respectifs des peuples autochtones et du peuple qu\u00e9b\u00e9cois<\/p>\n<p>Pr\u00e9sentation<br \/>\nPierre Lepage et Raymond Lalibert\u00e9<\/p>\n<p>Le Qu\u00e9bec et les Autochtones : trois d\u00e9cennies de rapports<br \/>\nSylvie Vincent<\/p>\n<p>La Convention de la Baie James et du Nord qu\u00e9b\u00e9cois et le droit des peuples \u00e0 disposer d\u2019eux-m\u00eames*<br \/>\nDiom Rom\u00e9o Saganash<\/p>\n<p>L\u2019avant-projet de loi sur la souverainet\u00e9 du QU\u00e9bec et les peuples autochtones<br \/>\nCarol Hilling<\/p>\n<p>Commentaires<br \/>\nZebedee Nungak \/ David Cliche \/ G\u00e9rald Larose \/ R\u00e9mi Kurtness \/ Ghislain Picard<\/p>\n<p>FERMETURE DU COLLOQUE<br \/>\nSylvie Paquerot<\/p>\n<p>ANNEXES<\/p>\n<p>&nbsp;<\/p>\n<p>&nbsp;<\/p>\n","protected":false},"excerpt":{"rendered":"<p>Le colloque Autochtones et Qu\u00e9b\u00e9cois: la rencontre des nationalismes s&rsquo;est tenu au C\u00e9gep du Vieux-Montr\u00e9al les 28 et 29 avril 1995. Plusieurs conf\u00e9renciers ont contribu\u00e9 \u00e0 mieux faire comprendre les rapports politiques entre les nations autochtones et la nation qu\u00e9b\u00e9coise. Politiciens et experts ont \u00e9t\u00e9 mis en pr\u00e9sence, devant un public auquel la question autochtone n&rsquo;\u00e9tait pas \u00e9trang\u00e8re, et le dialogue a d\u00e9not\u00e9 un effort r\u00e9el de compr\u00e9hension des enjeux r\u00e9els de ce d\u00e9bat de soci\u00e9t\u00e9. Le texte des Actes refl\u00e8te le d\u00e9roulement du Colloque. Trois th\u00e8mes y ont \u00e9t\u00e9 d\u00e9battus, lors d&rsquo;ateliers distincts. Le premier concernait le droit international, plus particuli\u00e8rement le droit des peuples \u00e0 disposer d&rsquo;eux-m\u00eames. Le deuxi\u00e8me atelier visait \u00e0 \u00e9tablir une comparaison entre les politiques f\u00e9d\u00e9rales et celles du gouvernement du Qu\u00e9bec en mati\u00e8re autochtone. Le troisi\u00e8me atelier portait sur les perspectives d&rsquo;avenir. Le Colloque a permis de montrer comment, dans le cas des Autochtones et des Qu\u00e9b\u00e9cois, se pose le probl\u00e8me universel de la rencontre des nationalismes. Il nous a rapproch\u00e9s d&rsquo;une meilleure perception des enjeux politiques r\u00e9els. Un peu plus \u00e9loign\u00e9s sont d\u00e9sormais, par cons\u00e9quent, le discours de la n\u00e9gation de l&rsquo;Autre, les insultes ou les atteintes aux \u00e9motions nationales respectives.<\/p>\n<p><strong>Auteur(s) : <\/strong>Pierre Trudel (sous la direction de)<br \/>\n<strong>Autre(s) collaborateur(s) : <\/strong>Pierre Trudel, Nicole Beaudry, Alain Bissonnette, Kenneth Deer, Ted Moses, G\u00e9rald McKenzie, Ren\u00e9e Dupuis, Jacques Kurtness, Arnold Goodleaf, Harry Tulugak, David Cliche, Ghislain Picard, Pierre Lepage, Raymond Lalibert\u00e9, Sylvie Vincent, Diom Rom\u00e9o Saganash, Carol Hilling, Zebedee Nungak, G\u00e9rald Larose, Sylvie Paquerot, Kent McNeil<\/p>\n<p>230 pages<br \/>\n<strong>ISBN\/ISSN\u00a0:\u00a0<\/strong>2-920366-18-1<\/p>\n<p>&nbsp;<\/p>\n","protected":false},"featured_media":0,"comment_status":"closed","ping_status":"closed","template":"","meta":{"_EventAllDay":false,"_EventTimezone":"","_EventStartDate":"","_EventEndDate":"","_EventStartDateUTC":"","_EventEndDateUTC":"","_EventShowMap":false,"_EventShowMapLink":false,"_EventURL":"","_EventCost":"","_EventCostDescription":"","_EventCurrencySymbol":"","_EventCurrencyCode":"","_EventCurrencyPosition":"","_EventDateTimeSeparator":"","_EventTimeRangeSeparator":"","_EventOrganizerID":[],"_EventVenueID":[],"_OrganizerEmail":"","_OrganizerPhone":"","_OrganizerWebsite":"","_VenueAddress":"","_VenueCity":"","_VenueCountry":"","_VenueProvince":"","_VenueState":"","_VenueZip":"","_VenuePhone":"","_VenueURL":"","_VenueStateProvince":"","_VenueLat":"","_VenueLng":"","_VenueShowMap":false,"_VenueShowMapLink":false},"product_brand":[],"product_cat":[22,47],"product_tag":[],"class_list":{"0":"post-1583","1":"product","2":"type-product","3":"status-publish","5":"product_cat-dossiers","6":"product_cat-papier","8":"first","9":"instock","10":"purchasable","11":"product-type-simple"},"_links":{"self":[{"href":"https:\/\/recherches-autochtones.org\/site\/wp-json\/wp\/v2\/product\/1583","targetHints":{"allow":["GET"]}}],"collection":[{"href":"https:\/\/recherches-autochtones.org\/site\/wp-json\/wp\/v2\/product"}],"about":[{"href":"https:\/\/recherches-autochtones.org\/site\/wp-json\/wp\/v2\/types\/product"}],"replies":[{"embeddable":true,"href":"https:\/\/recherches-autochtones.org\/site\/wp-json\/wp\/v2\/comments?post=1583"}],"wp:attachment":[{"href":"https:\/\/recherches-autochtones.org\/site\/wp-json\/wp\/v2\/media?parent=1583"}],"wp:term":[{"taxonomy":"product_brand","embeddable":true,"href":"https:\/\/recherches-autochtones.org\/site\/wp-json\/wp\/v2\/product_brand?post=1583"},{"taxonomy":"product_cat","embeddable":true,"href":"https:\/\/recherches-autochtones.org\/site\/wp-json\/wp\/v2\/product_cat?post=1583"},{"taxonomy":"product_tag","embeddable":true,"href":"https:\/\/recherches-autochtones.org\/site\/wp-json\/wp\/v2\/product_tag?post=1583"}],"curies":[{"name":"wp","href":"https:\/\/api.w.org\/{rel}","templated":true}]}}