{"id":1542,"date":"2010-03-17T13:49:22","date_gmt":"2010-03-17T17:49:22","guid":{"rendered":"https:\/\/recherches-autochtones.org\/site\/produit\/affiquets-matachias-et-vermillon-ethnographie-illustree-des-algonquiens-du-nord-est-de-lamerique-aux-xvie-xviie-et-xviiie-siecles-2010-2"},"modified":"2025-10-31T12:48:13","modified_gmt":"2025-10-31T16:48:13","slug":"affiquets-matachias-et-vermillon-ethnographie-illustree-des-algonquiens-du-nord-est-de-lamerique-aux-xvie-xviie-et-xviiie-siecles-2010-2","status":"publish","type":"product","link":"https:\/\/recherches-autochtones.org\/site\/produit\/affiquets-matachias-et-vermillon-ethnographie-illustree-des-algonquiens-du-nord-est-de-lamerique-aux-xvie-xviie-et-xviiie-siecles-2010-2\/","title":{"rendered":"Affiquets, matachias et vermillon. Ethnographie illustr\u00e9e des Algonquiens du nord-est de l&rsquo;Am\u00e9rique aux XVIe, XVIIe et XVIIIe si\u00e8cles"},"content":{"rendered":"<p>Pr\u00e9face<br \/>\nJean Simard<\/p>\n<p>PR\u00c9AMBULE<\/p>\n<p>I. DES SOURCES \u00c9CRITES \u00c0 L\u2019IMAGE RECONSTITU\u00c9E<br \/>\nLes documents \u00e9crits<br \/>\nLe passage de l\u2019\u00e9crit au visuel<\/p>\n<p>II. UNE NOUVELLE PERCEPTION<br \/>\nL\u2019aspect physique des individus<br \/>\nR\u00e9partition des r\u00f4les et des activit\u00e9s<br \/>\nL\u2019habitation<br \/>\nLes activit\u00e9s de subsistance<br \/>\nL\u2019alimentation<br \/>\nD\u00e9placements et transport<\/p>\n<p>III. UNE NOUVELLE ICONOGRAPHIE<br \/>\nLe traitement de l\u2019information<br \/>\nLes techniques utilis\u00e9es<br \/>\nR\u00e9\u00e9valuation de l\u2019iconographie d\u2019\u00e9poque<\/p>\n<p>CONCLUSION \u2013 \u00c9laboration d\u2019une iconographie<\/p>\n<p>Bibliographie<br \/>\nLexique<\/p>\n<p><strong>Auteur(s) : <\/strong>Marc Laberge<br \/>\n<strong>Autre(s) collaborateur(s) :\u00a0<\/strong>Illustrations de Fran\u00e7ois Girard<\/p>\n<p>227 pages<br \/>\n<strong style=\"font-size: 16px; line-height: 1.5;\">ISBN\/ISSN\u00a0:\u00a0<\/strong>978-2-920366-38-1<\/p>\n","protected":false},"excerpt":{"rendered":"<p>\u00c0 quoi ressemblaient les Algonquiens lorsque Champlain a fond\u00e9 Qu\u00e9bec en 1608 ? Comment \u00e9taient-ils v\u00eatus, coiff\u00e9s, maquill\u00e9s ? Quels types d\u2019ornements et de d\u00e9corations portaient-ils ? Comment vivaient-ils ? Avec un souci constant d\u2019authenticit\u00e9, l\u2019auteur, Marc Laberge, et l\u2019illustrateur, Fran\u00e7ois Girard ont joint leurs recherches et leurs talents pour r\u00e9pondre \u00e0 ces questions et tenter de cr\u00e9er une nouvelle iconographie document\u00e9e des Algonquiens de la Nouvelle-France. Plus de 120 illustrations rendent ainsi compte de la profondeur culturelle de ces peuples qui occupaient l\u2019Am\u00e9rique depuis quelques mill\u00e9naires avant la venue des Europ\u00e9ens.<\/p>\n","protected":false},"featured_media":3139,"comment_status":"closed","ping_status":"closed","template":"","meta":{"_EventAllDay":false,"_EventTimezone":"","_EventStartDate":"","_EventEndDate":"","_EventStartDateUTC":"","_EventEndDateUTC":"","_EventShowMap":false,"_EventShowMapLink":false,"_EventURL":"","_EventCost":"","_EventCostDescription":"","_EventCurrencySymbol":"","_EventCurrencyCode":"","_EventCurrencyPosition":"","_EventDateTimeSeparator":"","_EventTimeRangeSeparator":"","_EventOrganizerID":[],"_EventVenueID":[],"_OrganizerEmail":"","_OrganizerPhone":"","_OrganizerWebsite":"","_VenueAddress":"","_VenueCity":"","_VenueCountry":"","_VenueProvince":"","_VenueState":"","_VenueZip":"","_VenuePhone":"","_VenueURL":"","_VenueStateProvince":"","_VenueLat":"","_VenueLng":"","_VenueShowMap":false,"_VenueShowMapLink":false},"product_brand":[],"product_cat":[47,25],"product_tag":[],"class_list":{"0":"post-1542","1":"product","2":"type-product","3":"status-publish","4":"has-post-thumbnail","6":"product_cat-papier","7":"product_cat-signes-des-ameriques","9":"first","10":"instock","11":"featured","12":"purchasable","13":"product-type-simple"},"_links":{"self":[{"href":"https:\/\/recherches-autochtones.org\/site\/wp-json\/wp\/v2\/product\/1542","targetHints":{"allow":["GET"]}}],"collection":[{"href":"https:\/\/recherches-autochtones.org\/site\/wp-json\/wp\/v2\/product"}],"about":[{"href":"https:\/\/recherches-autochtones.org\/site\/wp-json\/wp\/v2\/types\/product"}],"replies":[{"embeddable":true,"href":"https:\/\/recherches-autochtones.org\/site\/wp-json\/wp\/v2\/comments?post=1542"}],"wp:featuredmedia":[{"embeddable":true,"href":"https:\/\/recherches-autochtones.org\/site\/wp-json\/wp\/v2\/media\/3139"}],"wp:attachment":[{"href":"https:\/\/recherches-autochtones.org\/site\/wp-json\/wp\/v2\/media?parent=1542"}],"wp:term":[{"taxonomy":"product_brand","embeddable":true,"href":"https:\/\/recherches-autochtones.org\/site\/wp-json\/wp\/v2\/product_brand?post=1542"},{"taxonomy":"product_cat","embeddable":true,"href":"https:\/\/recherches-autochtones.org\/site\/wp-json\/wp\/v2\/product_cat?post=1542"},{"taxonomy":"product_tag","embeddable":true,"href":"https:\/\/recherches-autochtones.org\/site\/wp-json\/wp\/v2\/product_tag?post=1542"}],"curies":[{"name":"wp","href":"https:\/\/api.w.org\/{rel}","templated":true}]}}