{"id":1517,"date":"2008-01-17T13:49:22","date_gmt":"2008-01-17T18:49:22","guid":{"rendered":"https:\/\/recherches-autochtones.org\/site\/produit\/relations-durables-2008-2"},"modified":"2026-03-12T07:07:19","modified_gmt":"2026-03-12T11:07:19","slug":"relations-durables-2008-2","status":"publish","type":"product","link":"https:\/\/recherches-autochtones.org\/site\/produit\/relations-durables-2008-2\/","title":{"rendered":"Relations durables (2008, vol. 38, no. 1)"},"content":{"rendered":"<p><strong>SOMMAIRE<\/strong><\/p>\n<p>PR\u00c9SENTATION<br \/>\n\u00c9tienne Rivard et Caroline Desbiens<\/p>\n<p>Le Jardin au Bout du Monde : terre, texte et production du paysage \u00e0 la Baie James<br \/>\nCaroline Desbiens<\/p>\n<p>La \u00ab route des autochtones \u00bb de la Montagne du Guerrero (Mexique) : un instrument de d\u00e9veloppement durable et \u00e9quitable?<br \/>\nMartin H\u00e9bert et Manon Ruel<\/p>\n<p>Les autochtones et le partenariat \u00e9conomique au Qu\u00e9bec, 1867-1960<br \/>\nClaude G\u00e9linas<\/p>\n<p>De la mat\u00e9rialit\u00e9 \u00e0 l\u2019immat\u00e9rialit\u00e9 : les sites rupestres et la r\u00e9appropriation du territoire par les nations algonquiennes<br \/>\nDaniel Arsenault<\/p>\n<p>Entrevue avec Madame Lorraine Bastien<br \/>\nr\u00e9alis\u00e9e par Caroline Desbiens et \u00c9tienne Rivard<\/p>\n<p>D\u00c9BAT<br \/>\nLes g\u00e9ographies coloniales en question\u00a0: d\u00e9bat autour de Making Native Space, de Cole Harris<br \/>\nTextes de Toby Morantz et de Jean Morisset, avec r\u00e9ponse de l\u2019auteur<\/p>\n<p>DOCUMENT<br \/>\nUn mod\u00e8le de gestion durable de la for\u00eat en milieu autochtone<br \/>\nLe r\u00e9gime forestier adapt\u00e9 de la Paix des Braves : sept ans d\u00e9j\u00e0<br \/>\nSecr\u00e9tariat du Conseil Cris-Qu\u00e9bec sur la foresterie<\/p>\n<p>AUTRE ARTICLE<br \/>\nInsertion de la r\u00e9serve huronne dans l\u2019espace urbain de la ville de Qu\u00e9bec : influences de la proximit\u00e9 de Qu\u00e9bec sur Wendake<br \/>\nKatia Iankova<\/p>\n<p>NOTE DE RECHERCHE<br \/>\n\u00c9tudes stratigraphique et s\u00e9dimentologique de sites arch\u00e9ologiques du parc du Lac Leamy (Gatineau) : de l\u2019Archa\u00efque \u00e0 aujourd\u2019hui<br \/>\nJeffrey Vaillancourt, Gilbert Prichonnet et Michel Lamothe<\/p>\n<p>ACTUALIT\u00c9S<br \/>\nYawenda : projet de revitalisation de la langue huronne-wendate<br \/>\nYves Sioui, Isabelle Picard et Louis-Jacques Dorais<\/p>\n<p>PORTRAIT<br \/>\nJohn Locke, l\u2019\u00e9tat de nature et les Indiens d\u2019Am\u00e9rique<br \/>\nJacques Gagnon<\/p>\n<p>REGARDS FRAN\u00c7AIS<br \/>\n\u00ab Cultures premi\u00e8res \u00bb : apports et tendances<br \/>\nJo\u00eblle Rostkowski<\/p>\n<p>COMPTES RENDUS<br \/>\nJoseph Marshall III : Le Cercle de la vie : histoires et sagesse du peuple sioux<br \/>\nMichel Chevrier<\/p>\n<p>Patricia Galloway : Practicing Ethnohistory. Mining Archives, Hearing Testimony, Constructing Narrative<br \/>\nSigfrid Tremblay<\/p>\n<p>Claude G\u00e9linas : Les Autochtones dans le Qu\u00e9bec post-conf\u00e9d\u00e9ral, 1867-1960<br \/>\nBrian Gettler et Alexandre Lefran\u00e7ois<\/p>\n<p>Andr\u00e9 Corten, Vanessa Molina et Julie Girard-Lemay (dir.) : Les Fronti\u00e8res du politique en Am\u00e9rique latine. Imaginaires et \u00e9mancipation<br \/>\nDominique Raby<\/p>\n<p>Claude L\u00e9vi-Strauss : \u0152uvres (La Pl\u00e9iade)<br \/>\nJo\u00eblle Rostkowski<\/p>\n","protected":false},"excerpt":{"rendered":"<p>Volume 38, num\u00e9ro 1<br \/>\nRelations durables<br \/>\nAutochtones, territoires et d\u00e9veloppement<br \/>\nSous la direction d\u2019\u00c9tienne Rivard et de Caroline Desbiens<\/p>\n<p>Couverture : Sp\u00e9cifique de l\u2019Univers Mi\u2019kmaq \/ Mal\u00e9cite<br \/>\n\u0152uvre de Ginette Aubin, 2009<br \/>\nTechniques mixtes sur papier<br \/>\n(photo de Pierre Perrault, 2009 \/ \u00a9 BAnQ)<\/p>\n<p><strong>Auteur(s) : <\/strong>\u00c9tienne Rivard et Caroline Desbiens<br \/>\n<strong>Autre(s) collaborateur(s) : <\/strong>Caroline Desbiens, Martin H\u00e9bert, Manon Ruel, Claude G\u00e9linas, Daniel Arsenault, \u00c9tienne Rivard, Toby Morantz, Jean Morisset, Cole Harris, Secr\u00e9tariat du Conseil Cris-Qu\u00e9bec sur la foresterie, Katia Iankova, Jeffrey Vaillancourt, Gilbert Prichonnet, Michel Lamothe<\/p>\n<p>109 pages<br \/>\n<strong>ISBN\/ISSN\u00a0:\u00a0<\/strong>0318-4137<\/p>\n<p>&nbsp;<\/p>\n<p>&nbsp;<\/p>\n","protected":false},"featured_media":3089,"comment_status":"closed","ping_status":"closed","template":"","meta":{"_EventAllDay":false,"_EventTimezone":"","_EventStartDate":"","_EventEndDate":"","_EventStartDateUTC":"","_EventEndDateUTC":"","_EventShowMap":false,"_EventShowMapLink":false,"_EventURL":"","_EventCost":"","_EventCostDescription":"","_EventCurrencySymbol":"","_EventCurrencyCode":"","_EventCurrencyPosition":"","_EventDateTimeSeparator":"","_EventTimeRangeSeparator":"","_EventOrganizerID":[],"_EventVenueID":[],"_OrganizerEmail":"","_OrganizerPhone":"","_OrganizerWebsite":"","_VenueAddress":"","_VenueCity":"","_VenueCountry":"","_VenueProvince":"","_VenueState":"","_VenueZip":"","_VenuePhone":"","_VenueURL":"","_VenueStateProvince":"","_VenueLat":"","_VenueLng":"","_VenueShowMap":false,"_VenueShowMapLink":false},"product_brand":[],"product_cat":[47,26],"product_tag":[],"class_list":{"0":"post-1517","1":"product","2":"type-product","3":"status-publish","4":"has-post-thumbnail","6":"product_cat-papier","7":"product_cat-recherches-amerindiennes-au-quebec","9":"first","10":"instock","11":"purchasable","12":"product-type-simple"},"_links":{"self":[{"href":"https:\/\/recherches-autochtones.org\/site\/wp-json\/wp\/v2\/product\/1517","targetHints":{"allow":["GET"]}}],"collection":[{"href":"https:\/\/recherches-autochtones.org\/site\/wp-json\/wp\/v2\/product"}],"about":[{"href":"https:\/\/recherches-autochtones.org\/site\/wp-json\/wp\/v2\/types\/product"}],"replies":[{"embeddable":true,"href":"https:\/\/recherches-autochtones.org\/site\/wp-json\/wp\/v2\/comments?post=1517"}],"wp:featuredmedia":[{"embeddable":true,"href":"https:\/\/recherches-autochtones.org\/site\/wp-json\/wp\/v2\/media\/3089"}],"wp:attachment":[{"href":"https:\/\/recherches-autochtones.org\/site\/wp-json\/wp\/v2\/media?parent=1517"}],"wp:term":[{"taxonomy":"product_brand","embeddable":true,"href":"https:\/\/recherches-autochtones.org\/site\/wp-json\/wp\/v2\/product_brand?post=1517"},{"taxonomy":"product_cat","embeddable":true,"href":"https:\/\/recherches-autochtones.org\/site\/wp-json\/wp\/v2\/product_cat?post=1517"},{"taxonomy":"product_tag","embeddable":true,"href":"https:\/\/recherches-autochtones.org\/site\/wp-json\/wp\/v2\/product_tag?post=1517"}],"curies":[{"name":"wp","href":"https:\/\/api.w.org\/{rel}","templated":true}]}}