{"id":1498,"date":"2001-01-17T13:49:22","date_gmt":"2001-01-17T18:49:22","guid":{"rendered":"https:\/\/recherches-autochtones.org\/site\/produit\/enfants-du-jaguar-et-du-colibri-les-autochtones-contemporains-de-mesoamerique-2001-2"},"modified":"2023-12-16T11:26:32","modified_gmt":"2023-12-16T16:26:32","slug":"enfants-du-jaguar-et-du-colibri-les-autochtones-contemporains-de-mesoamerique-2001-2","status":"publish","type":"product","link":"https:\/\/recherches-autochtones.org\/site\/produit\/enfants-du-jaguar-et-du-colibri-les-autochtones-contemporains-de-mesoamerique-2001-2\/","title":{"rendered":"Enfants du jaguar et du colibri (2001, vol. 31, no. 1)"},"content":{"rendered":"<p><strong>SOMMAIRE<\/strong><\/p>\n<p>Introduction<br \/>\nLes avatars du jaguar et du colibri<br \/>\nPierre Beaucage et Kristin Norget<\/p>\n<p>Fragmentation et recomposition des identit\u00e9s autochtones dans quatre communaut\u00e9s des r\u00e9gions caf\u00e9icoles du Mexique<br \/>\nPierre Beaucage<\/p>\n<p>\u00c9changes de p\u00e8lerinages, r\u00e9seaux d&rsquo;alliance et micropolitique d&rsquo;un mouvement autochtone au Guerrero<br \/>\nMartin H\u00e9bert<\/p>\n<p>Droits des autochtones et droits de la personne au Mexique : de l&rsquo;\u00ab indig\u00e9nisme \u00bb d&rsquo;\u00c9tat aux mouvements populaires<br \/>\nKristin Norget<\/p>\n<p>Pouvoir, r\u00e9sistance et processus identitaire dans une r\u00e9gion \u00ab autochtone \u00bb de la Sierra Sur<br \/>\nCarlos Antonio Mart\u00ednez<\/p>\n<p>Que sont les Mayas devenus ? La construction de nouvelles identit\u00e9s au Yucat\u00e1n<br \/>\nMarie-Jos\u00e9 Nadal<\/p>\n<p>\u00c0 la recherche d&rsquo;identit\u00e9s au Guatemala apr\u00e8s la guerre civile : perspectives transnationales<br \/>\nPatricia Foxen<\/p>\n<p>Les lois r\u00e9volutionnaires des femmes au sein du zapatisme : du texte aux acteurs<br \/>\nGenevi\u00e8ve Saumier<\/p>\n<p>Les ant\u00e9c\u00e9dents sociaux du mouvement zapatiste au Chiapas : la \u00ab marche des fourmis \u00bb (X&rsquo;inich), 1992<br \/>\nEntrevue avec Jer\u00f3nimo Hern\u00e1ndez, Palenque (Chiapas), r\u00e9alis\u00e9e par Pierre Beaucage<\/p>\n<p>DOCUMENT<br \/>\nLes femmes autochtones au Chiapas et le \u00ab droit de participer \u00bb<br \/>\nIn\u00e9s Castro Apreza<\/p>\n<p>CHRONIQUE JURIDIQUE<br \/>\nLe point sur l\u2019exon\u00e9ration fiscale des Indiens<br \/>\nS\u00e9bastien Grammond<\/p>\n<p>LA NOUVELLE-FRANCE DES \u00c9TUDES LITT\u00c9RAIRES<br \/>\nLes Micmacs de la \u00ab Biblioth\u00e8que du Nouveau Monde \u00bb<br \/>\nGuy Lafl\u00e8che<\/p>\n<p>COMPTES RENDUS<br \/>\nLinda R. Owen : Dictionnaire d\u2019arch\u00e9ologie pr\u00e9historique &#8211; Dictionary of Prehistoric Archaeology (Fran\u00e7ais \/ Anglais, English \/ French)<br \/>\nPatrick Plumet<\/p>\n<p>D. Peter MacLeaod : Les Iroquois et la guerre de Sept Ans<br \/>\nJohn A. Dickinson<\/p>\n<p>Gilles Tass\u00e9 : L&rsquo;Arch\u00e9ologie au Qu\u00e9bec. Mots, techniques, objets<br \/>\n\u00c9ric Chalifoux<\/p>\n<p>John Ciaccia : La Crise d&rsquo;Oka. Miroir de notre \u00e2me<br \/>\nPaul Charest<\/p>\n<p>Shepard Krechh III : The Ecological Indian: Myth and History<br \/>\nPaul Charest<\/p>\n","protected":false},"excerpt":{"rendered":"<p>Volume 31, num\u00e9ro 1<br \/>\nEnfants du jaguar et du colibri<br \/>\nLes autochtones contemporains de M\u00e9soam\u00e9rique<br \/>\nSous la direction de Pierre Beaucage et Kristin Norget<\/p>\n<p><strong>Autre(s) collaborateur(s) :\u00a0<\/strong>Pierre Beaucage, Martin H\u00e9bert, Kristin Norget, Carlos Antonio Martinez, Marie-Jos\u00e9 Nadal, Patricia Foxen, Genevi\u00e8ve Saumier<\/p>\n<p>117 pages<br \/>\n<strong>ISBN\/ISSN\u00a0:\u00a0<\/strong>0318-4137<\/p>\n","protected":false},"featured_media":3051,"comment_status":"closed","ping_status":"closed","template":"","meta":{"_EventAllDay":false,"_EventTimezone":"","_EventStartDate":"","_EventEndDate":"","_EventStartDateUTC":"","_EventEndDateUTC":"","_EventShowMap":false,"_EventShowMapLink":false,"_EventURL":"","_EventCost":"","_EventCostDescription":"","_EventCurrencySymbol":"","_EventCurrencyCode":"","_EventCurrencyPosition":"","_EventDateTimeSeparator":"","_EventTimeRangeSeparator":"","_EventOrganizerID":[],"_EventVenueID":[],"_OrganizerEmail":"","_OrganizerPhone":"","_OrganizerWebsite":"","_VenueAddress":"","_VenueCity":"","_VenueCountry":"","_VenueProvince":"","_VenueState":"","_VenueZip":"","_VenuePhone":"","_VenueURL":"","_VenueStateProvince":"","_VenueLat":"","_VenueLng":"","_VenueShowMap":false,"_VenueShowMapLink":false},"product_brand":[],"product_cat":[47,26],"product_tag":[],"class_list":{"0":"post-1498","1":"product","2":"type-product","3":"status-publish","4":"has-post-thumbnail","6":"product_cat-papier","7":"product_cat-recherches-amerindiennes-au-quebec","9":"first","10":"instock","11":"purchasable","12":"product-type-simple"},"_links":{"self":[{"href":"https:\/\/recherches-autochtones.org\/site\/wp-json\/wp\/v2\/product\/1498","targetHints":{"allow":["GET"]}}],"collection":[{"href":"https:\/\/recherches-autochtones.org\/site\/wp-json\/wp\/v2\/product"}],"about":[{"href":"https:\/\/recherches-autochtones.org\/site\/wp-json\/wp\/v2\/types\/product"}],"replies":[{"embeddable":true,"href":"https:\/\/recherches-autochtones.org\/site\/wp-json\/wp\/v2\/comments?post=1498"}],"wp:featuredmedia":[{"embeddable":true,"href":"https:\/\/recherches-autochtones.org\/site\/wp-json\/wp\/v2\/media\/3051"}],"wp:attachment":[{"href":"https:\/\/recherches-autochtones.org\/site\/wp-json\/wp\/v2\/media?parent=1498"}],"wp:term":[{"taxonomy":"product_brand","embeddable":true,"href":"https:\/\/recherches-autochtones.org\/site\/wp-json\/wp\/v2\/product_brand?post=1498"},{"taxonomy":"product_cat","embeddable":true,"href":"https:\/\/recherches-autochtones.org\/site\/wp-json\/wp\/v2\/product_cat?post=1498"},{"taxonomy":"product_tag","embeddable":true,"href":"https:\/\/recherches-autochtones.org\/site\/wp-json\/wp\/v2\/product_tag?post=1498"}],"curies":[{"name":"wp","href":"https:\/\/api.w.org\/{rel}","templated":true}]}}