{"id":1473,"date":"1993-01-17T13:42:58","date_gmt":"1993-01-17T18:42:58","guid":{"rendered":"https:\/\/recherches-autochtones.org\/site\/produit\/des-alliances-fondatrices-aux-traites-modernes-1993-2"},"modified":"2025-06-20T09:50:55","modified_gmt":"2025-06-20T13:50:55","slug":"des-alliances-fondatrices-aux-traites-modernes-1993-2","status":"publish","type":"product","link":"https:\/\/recherches-autochtones.org\/site\/produit\/des-alliances-fondatrices-aux-traites-modernes-1993-2\/","title":{"rendered":"Des alliances fondatrices aux trait\u00e9s modernes (1993, vol. 23, no. 1)"},"content":{"rendered":"<p><strong>SOMMAIRE<\/strong><\/p>\n<p>PR\u00c9SENTATION<br \/>\nAlain Bissonnette<\/p>\n<p>R\u00e9flexion sur une r\u00e9alit\u00e9 moderne \u00e0 \u00ab\u00a0incarner\u00a0\u00bb: le trait\u00e9 pr\u00e9conf\u00e9d\u00e9ratif de la nation huronne-wendat<br \/>\nRen\u00e9 Boudreault<\/p>\n<p>De la volont\u00e9 politique \u00e0 la souverainet\u00e9 autochtone. Un bilan des n\u00e9gociations sur les revendications des D\u00e8n\u00e8s et des M\u00e9tis des Territoires du Nord-Ouest<br \/>\nShirleen Smith<\/p>\n<p>Historique de la n\u00e9gociation sur les revendications territoriales du Conseil des Atikamekw et des Montagnais (1978-1992)<br \/>\nRen\u00e9e Dupuis<\/p>\n<p>Le long et difficile portage d\u2019une n\u00e9gociation territoriale<br \/>\nBernard Cleary<\/p>\n<p>Les revendications territoriales globales des Premi\u00e8res Nations du Yukon<br \/>\nVictor Mitander<\/p>\n<p>Visions divergentes sur la compr\u00e9hension de la Convention de la Baie James et du Nord Qu\u00e9b\u00e9cois<br \/>\nRobert Mainville<\/p>\n<p>Point de vue<br \/>\nAnalyse posthume d\u2019un accord mis \u00e0 mort<br \/>\nAlain Bissonnette<\/p>\n<p>CHRONIQUE JURIDIQUE<br \/>\nGuy et Jean-Robert Bellefleur et al. c. Le Procureur g\u00e9n\u00e9ral du Qu\u00e9bec et Hydro-Qu\u00e9bec<br \/>\nPierre Gr\u00e9goire<\/p>\n<p>ACTUALIT\u00c9S<br \/>\nMise sur pied d\u2019un comit\u00e9 de consultation sur l\u2019administration de la justice en milieu autochtone: \u00ab\u00a0De Solon \u00e0 Ovide Mercredi ou sommes-nous si \u00e9loign\u00e9s les uns des autres?\u00a0\u00bb<br \/>\nJean-Charles Coutu, Juge \u00e0 la Cour du Qu\u00e9bec<\/p>\n<p>&nbsp;<\/p>\n","protected":false},"excerpt":{"rendered":"<p>Volume 23, num\u00e9ro 1<br \/>\nDes alliances fondatrices aux trait\u00e9s modernes<br \/>\nSous la direction d\u2019Alain Bissonnette<\/p>\n<p><strong>Autre(s) collaborateur(s) :\u00a0<\/strong>Ren\u00e9 Boudreault, Shirleen Smith, Ren\u00e9e Dupuis, Bernard Cleary, Victor Mitander, Robert Mainville, Alain Bissonnette<\/p>\n<p>97 pages<br \/>\n<strong>ISBN\/ISSN\u00a0:\u00a0<\/strong>0318-4137<\/p>\n<p>&nbsp;<\/p>\n","protected":false},"featured_media":3001,"comment_status":"closed","ping_status":"closed","template":"","meta":{"_EventAllDay":false,"_EventTimezone":"","_EventStartDate":"","_EventEndDate":"","_EventStartDateUTC":"","_EventEndDateUTC":"","_EventShowMap":false,"_EventShowMapLink":false,"_EventURL":"","_EventCost":"","_EventCostDescription":"","_EventCurrencySymbol":"","_EventCurrencyCode":"","_EventCurrencyPosition":"","_EventDateTimeSeparator":"","_EventTimeRangeSeparator":"","_EventOrganizerID":[],"_EventVenueID":[],"_OrganizerEmail":"","_OrganizerPhone":"","_OrganizerWebsite":"","_VenueAddress":"","_VenueCity":"","_VenueCountry":"","_VenueProvince":"","_VenueState":"","_VenueZip":"","_VenuePhone":"","_VenueURL":"","_VenueStateProvince":"","_VenueLat":"","_VenueLng":"","_VenueShowMap":false,"_VenueShowMapLink":false},"product_brand":[],"product_cat":[47,26],"product_tag":[],"class_list":{"0":"post-1473","1":"product","2":"type-product","3":"status-publish","4":"has-post-thumbnail","6":"product_cat-papier","7":"product_cat-recherches-amerindiennes-au-quebec","9":"first","10":"instock","11":"purchasable","12":"product-type-simple"},"_links":{"self":[{"href":"https:\/\/recherches-autochtones.org\/site\/wp-json\/wp\/v2\/product\/1473","targetHints":{"allow":["GET"]}}],"collection":[{"href":"https:\/\/recherches-autochtones.org\/site\/wp-json\/wp\/v2\/product"}],"about":[{"href":"https:\/\/recherches-autochtones.org\/site\/wp-json\/wp\/v2\/types\/product"}],"replies":[{"embeddable":true,"href":"https:\/\/recherches-autochtones.org\/site\/wp-json\/wp\/v2\/comments?post=1473"}],"wp:featuredmedia":[{"embeddable":true,"href":"https:\/\/recherches-autochtones.org\/site\/wp-json\/wp\/v2\/media\/3001"}],"wp:attachment":[{"href":"https:\/\/recherches-autochtones.org\/site\/wp-json\/wp\/v2\/media?parent=1473"}],"wp:term":[{"taxonomy":"product_brand","embeddable":true,"href":"https:\/\/recherches-autochtones.org\/site\/wp-json\/wp\/v2\/product_brand?post=1473"},{"taxonomy":"product_cat","embeddable":true,"href":"https:\/\/recherches-autochtones.org\/site\/wp-json\/wp\/v2\/product_cat?post=1473"},{"taxonomy":"product_tag","embeddable":true,"href":"https:\/\/recherches-autochtones.org\/site\/wp-json\/wp\/v2\/product_tag?post=1473"}],"curies":[{"name":"wp","href":"https:\/\/api.w.org\/{rel}","templated":true}]}}