{"id":1454,"date":"1986-04-17T13:42:58","date_gmt":"1986-04-17T18:42:58","guid":{"rendered":"https:\/\/recherches-autochtones.org\/site\/produit\/racisme-et-relations-inter-ethniques-1986-2"},"modified":"2025-06-19T15:50:53","modified_gmt":"2025-06-19T19:50:53","slug":"racisme-et-relations-inter-ethniques-1986-2","status":"publish","type":"product","link":"https:\/\/recherches-autochtones.org\/site\/produit\/racisme-et-relations-inter-ethniques-1986-2\/","title":{"rendered":"Racisme et relations inter-ethniques (1986, vol. 16, no. 4)"},"content":{"rendered":"<p><strong>SOMMAIRE<\/strong><\/p>\n<p>PR\u00c9SENTATION<br \/>\nSylvie Loslier<\/p>\n<p>Comment peut-on \u00eatre raciste?<br \/>\nSylvie Vincent<\/p>\n<p>La nomenclature du m\u00e9pris<br \/>\nSerge Bouchard<\/p>\n<p>Une image toute faite de l\u2019Indien<br \/>\nFran\u00e7ois-Marc Gagnon<\/p>\n<p>Relations inter-ethniques et commerce des fourrures: les carnets de voyage du capitaine Thierry Mallet, R\u00e9villon Fr\u00e8res, 1920-1925<br \/>\nMich\u00e8le Therien<\/p>\n<p>Communaut\u00e9s am\u00e9rindiennes contemporaines: structure et dynamique autochtones ou coloniales?<br \/>\nDominique Legros<\/p>\n<p>Les pierres se briseront: violence ethnique et politique dans les Andes<br \/>\nGilles Brunel<\/p>\n<p>Sessions de sensibilisation aux r\u00e9alit\u00e9s autochtones \u00e0 la S\u00fbret\u00e9 du Qu\u00e9bec: semer le doute<br \/>\nEntrevue avec Serge Bouchard<\/p>\n<p>NOTE DE RECHERCHE<br \/>\nLes Indiens ont-ils peur des Iroquois? R\u00e9flexion sur la x\u00e9nophobie chez les Algonquiens<br \/>\nPierre Trudel<\/p>\n<p>COMMENTAIRES<br \/>\nUne charte \u00ab\u00a0American Express\u00a0\u00bb<br \/>\nPierre Lepage<\/p>\n<p>Arch\u00e9ologie et g\u00e9omorphologie&#8230; Un mariage d\u2019amour ou un mariage \u00ab\u00a0oblig\u00e9\u00a0\u00bb?<br \/>\nMarie-H\u00e9l\u00e8ne Proven\u00e7al<br \/>\nACTUALIT\u00c9S<br \/>\nL\u2019Amazonie p\u00e9ruvienne indig\u00e8ne aujourd\u2019hui<br \/>\nEntrevue avec l\u2019anthropologue p\u00e9ruvien Alberto Chirif<\/p>\n<p>Hommage \u00e0 Dora Sallualuk<br \/>\nG\u00e9rald McKenzie<\/p>\n<p>EXPOSITION<br \/>\nLes beaux Sauvages de la Floride, de la Virginie et du Canada (1675-1723)<br \/>\nAnne-Marie Sioui<\/p>\n<p>COMPTES RENDUS<br \/>\nL\u2019arch\u00e9ologie demain<br \/>\nPatrick Plumet<\/p>\n<p>Le Pays renvers\u00e9, Am\u00e9rindiens et Europ\u00e9ens en Am\u00e9rique du Nord-Est, 1600-1664<br \/>\nLucien Campeau<\/p>\n<p>Le Pays renvers\u00e9, Am\u00e9rindiens et Europ\u00e9ens en Am\u00e9rique du Nord-Est, 1600-1664<br \/>\nJean-Fran\u00e7ois Moreau<br \/>\nR\u00e9ponse de l\u2019auteur &#8211; Denys Del\u00e2ge<\/p>\n<p>A Northern Algonquian Source Book: Papers by Frank G. Speck<br \/>\nJean-Guy Desch\u00eanes<\/p>\n<p>&nbsp;<\/p>\n","protected":false},"excerpt":{"rendered":"<p>Volume 16, num\u00e9ro 4<br \/>\nRacisme et relations inter-ethniques<br \/>\nSous la direction de Sylvie Loslier<\/p>\n<p><strong>Autre(s) collaborateur(s) : <\/strong>Sylvie Vincent, Serge Bouchard, Fran\u00e7ois-Marc Gagnon, Mich\u00e8le Therrien, Dominique Legros, Gilles Brunel, Pierre Trudel<\/p>\n<p>121 pages<br \/>\n<strong>ISBN\/ISSN\u00a0:\u00a0<\/strong>0318-4137<\/p>\n<p>&nbsp;<\/p>\n<p>&nbsp;<\/p>\n","protected":false},"featured_media":2973,"comment_status":"closed","ping_status":"closed","template":"","meta":{"_EventAllDay":false,"_EventTimezone":"","_EventStartDate":"","_EventEndDate":"","_EventStartDateUTC":"","_EventEndDateUTC":"","_EventShowMap":false,"_EventShowMapLink":false,"_EventURL":"","_EventCost":"","_EventCostDescription":"","_EventCurrencySymbol":"","_EventCurrencyCode":"","_EventCurrencyPosition":"","_EventDateTimeSeparator":"","_EventTimeRangeSeparator":"","_EventOrganizerID":[],"_EventVenueID":[],"_OrganizerEmail":"","_OrganizerPhone":"","_OrganizerWebsite":"","_VenueAddress":"","_VenueCity":"","_VenueCountry":"","_VenueProvince":"","_VenueState":"","_VenueZip":"","_VenuePhone":"","_VenueURL":"","_VenueStateProvince":"","_VenueLat":"","_VenueLng":"","_VenueShowMap":false,"_VenueShowMapLink":false},"product_brand":[],"product_cat":[47,26],"product_tag":[],"class_list":{"0":"post-1454","1":"product","2":"type-product","3":"status-publish","4":"has-post-thumbnail","6":"product_cat-papier","7":"product_cat-recherches-amerindiennes-au-quebec","9":"first","10":"outofstock","11":"purchasable","12":"product-type-simple"},"_links":{"self":[{"href":"https:\/\/recherches-autochtones.org\/site\/wp-json\/wp\/v2\/product\/1454","targetHints":{"allow":["GET"]}}],"collection":[{"href":"https:\/\/recherches-autochtones.org\/site\/wp-json\/wp\/v2\/product"}],"about":[{"href":"https:\/\/recherches-autochtones.org\/site\/wp-json\/wp\/v2\/types\/product"}],"replies":[{"embeddable":true,"href":"https:\/\/recherches-autochtones.org\/site\/wp-json\/wp\/v2\/comments?post=1454"}],"wp:featuredmedia":[{"embeddable":true,"href":"https:\/\/recherches-autochtones.org\/site\/wp-json\/wp\/v2\/media\/2973"}],"wp:attachment":[{"href":"https:\/\/recherches-autochtones.org\/site\/wp-json\/wp\/v2\/media?parent=1454"}],"wp:term":[{"taxonomy":"product_brand","embeddable":true,"href":"https:\/\/recherches-autochtones.org\/site\/wp-json\/wp\/v2\/product_brand?post=1454"},{"taxonomy":"product_cat","embeddable":true,"href":"https:\/\/recherches-autochtones.org\/site\/wp-json\/wp\/v2\/product_cat?post=1454"},{"taxonomy":"product_tag","embeddable":true,"href":"https:\/\/recherches-autochtones.org\/site\/wp-json\/wp\/v2\/product_tag?post=1454"}],"curies":[{"name":"wp","href":"https:\/\/api.w.org\/{rel}","templated":true}]}}