{"id":10239,"date":"2025-09-10T14:40:47","date_gmt":"2025-09-10T18:40:47","guid":{"rendered":"https:\/\/recherches-autochtones.org\/site\/?post_type=product&#038;p=10239"},"modified":"2025-09-18T14:39:33","modified_gmt":"2025-09-18T18:39:33","slug":"reflexions-critiques-sur-la-reconciliation-au-canada-2025-vol-53-no-3-pdf","status":"publish","type":"product","link":"https:\/\/recherches-autochtones.org\/site\/produit\/reflexions-critiques-sur-la-reconciliation-au-canada-2025-vol-53-no-3-pdf\/","title":{"rendered":"R\u00e9flexions critiques sur la r\u00e9conciliation au Canada (2025, vol. 53, no. 3) \u2013 version PDF"},"content":{"rendered":"<h3><strong>SOMMAIRE<\/strong><\/h3>\n<p style=\"font-weight: 400;\"><strong>Introduction<br \/>\nRetours critiques sur la r\u00e9conciliation, dix ans apr\u00e8s la CVR<\/strong><br \/>\nMarie-Pierre Renaud et Caroline Herv\u00e9<\/p>\n<p><strong><em>Neon Reconciliation Explosion<\/em> : entrevue avec Luke Parnell<\/strong><br \/>\nMarie-Pierre Renaud<\/p>\n<p><strong>Discussion sur la r\u00e9conciliation<\/strong><br \/>\nSuzy Basile, Denis Vollant et Nancy Wiscutie-Crepeau<\/p>\n<p><strong>Discussion entre Jacques Kurtness et Caroline Herv\u00e9<\/strong><br \/>\nJacques Kurtness et Caroline Herv\u00e9<\/p>\n<p><strong>Quand les Autochtones r\u00e9\u00e9crivent l\u2019histoire ou comment se porte la r\u00e9conciliation \u00e0 Montr\u00e9al<\/strong><br \/>\nSt\u00e9phane Guimont Marceau<\/p>\n<p><strong>Converser sur l\u2019autochtonisation des universit\u00e9s comme mode d\u2019engagement \u00e9thique favorisant la d\u00e9colonisation<\/strong><br \/>\nCatherine Dussault et Karine Vanthuyne<\/p>\n<p><strong>Le Cercle interculturel de l\u2019imaginaire\u00a0: un pas vers la r\u00e9conciliation. La dynamique identitaire de jeunes Atikamekw Nehirowisiwok et Franco-Qu\u00e9b\u00e9cois dans le cours de fran\u00e7ais oral<\/strong><br \/>\nJoanie Desgagn\u00e9<\/p>\n<p><strong>\u00ab\u00a0Nous n\u2019avons aucun plan strat\u00e9gique pour r\u00e9pondre \u00e0 cela\u00a0\u00bb : la r\u00e9ponse des organismes de crosse au Canada aux appels \u00e0 l\u2019action de la Commission de v\u00e9rit\u00e9 et r\u00e9conciliation du Canada<\/strong><br \/>\nAvery Holmes, Audrey R. Giles et Lyndsay M. Hayhurst<\/p>\n<p style=\"font-weight: 400;\"><strong>R\u00e9flexion<br \/>\nR\u00e9conciliation\u00a0: entre d\u00e9finition et m\u00e9thodes, quelle place accorder aux s\u00e9mantiques\u00a0?<\/strong><br \/>\nNnaemeka Ali<\/p>\n<p><strong>Guide bibliographique de la litt\u00e9rature sur la r\u00e9conciliation entre les peuples autochtones et non autochtones<\/strong><br \/>\nMarie-Pierre Renaud et Caroline Herv\u00e9<\/p>\n<p>&nbsp;<\/p>\n<h3>Ce num\u00e9ro a \u00e9t\u00e9 r\u00e9alis\u00e9 sous la direction de Caroline Herv\u00e9 et Marie-Pierre Renaud<\/h3>\n<p>&nbsp;<\/p>\n<hr \/>\n<p style=\"font-weight: 400;\"><strong>HORS TH\u00c8ME<\/strong><\/p>\n<div>\n<div>\n<div><\/div>\n<div>\n<div>\n<p class=\"SommTitrearticle\"><strong>\u00ab Ils prom\u00e8nent leur mis\u00e8re et leur ch\u00f4mage sur les terres d\u00e9sol\u00e9es du Nord \u00bb : industrie du soufre et conflit social chez les Lickan-antay dans le d\u00e9sert d\u2019Atacama, Chili (1935-1960)<br \/>\n<\/strong><span lang=\"FR\">Francisco Rivera, <\/span><span lang=\"FR-BE\">Damir Galaz-Mandakovic et Flora Vilches<\/span><\/p>\n<\/div>\n<\/div>\n<\/div>\n<div>\n<p>&nbsp;<\/p>\n<\/div>\n<\/div>\n<hr \/>\n<p><strong>COMPTES RENDUS<\/strong><\/p>\n<div>\n<div>\n<div><\/div>\n<div>\n<div>\n<p class=\"LivresreusTITRES\"><strong><span lang=\"EN-US\">Shawn Wilson, Andrea V. Breen et Lindsay DuPr\u00e9, dir.\u00a0<\/span><span lang=\"EN-CA\">: <\/span><i><span lang=\"EN-US\">Research and Reconciliation: Unsettling Ways of Knowing through Indigenous Relationships<br \/>\n<\/span><\/i><\/strong>H\u00e9lo\u00efg Barbel Le Page<\/p>\n<\/div>\n<div>\n<p class=\"SommTitrearticle\"><strong>Jos\u00e9 G\u00e9rin-Lajoie, Alain Cuerrier, Laura Siegwart Collier et Esther L\u00e9vesque, dir.\u00a0: <\/strong><i><strong>Le caribou n\u2019a plus le m\u00eame go\u00fbt : les a\u00een\u00e9s Inuit observent les changements climatiques<\/strong><br \/>\n<\/i>\u00c9ric Chalifoux<\/p>\n<\/div>\n<div>\n<p class=\"SommTitrearticle\"><strong><span lang=\"FR-BE\">Fr\u00e9d\u00e9ric Laugrand et Antoine Laugrand\u00a0: <\/span><\/strong><i><strong>Des voies de l\u2019ombre. Quand les chauves-souris s\u00e8ment le trouble<\/strong><br \/>\n<\/i>Armel Lekeufack<\/p>\n<\/div>\n<div>\n<p class=\"SommTitrearticle\"><strong>Anahy Gajardo\u00a0: <\/strong><i><strong>Autochtonies en terrain min\u00e9 : formation et fragmentation des Diaguita dans le Chili n\u00e9olib\u00e9ralis\u00e9<\/strong><br \/>\n<\/i>Vincent Blondeau<\/p>\n<\/div>\n<p>&nbsp;<\/p>\n<\/div>\n<\/div>\n<p><strong>R\u00c9SUM\u00c9S \/ ABSTRACTS \/ RES\u00daMENES<\/strong><br \/>\n<strong>NOTES BIO-BIBLIOGRAPHIQUES<\/strong><\/p>\n<\/div>\n","protected":false},"excerpt":{"rendered":"<h2><strong>Volume 53, n\u02da 3, 2025<br \/>\n<\/strong><\/h2>\n<div>\n<h2 class=\"SommTitrearticle\">R\u00e9flexions critiques sur la r\u00e9conciliation au Canada<\/h2>\n<\/div>\n<h3><strong>Sous la direction de Caroline Herv\u00e9 et Marie-Pierre Renaud<br \/>\n<\/strong><\/h3>\n<p><strong>Couverture :<br \/>\n<\/strong><\/p>\n<div>\n<div>\n<h2 class=\"SommTitrearticle\"><em>Neon Reconciliation Explosion<\/em><\/h2>\n<\/div>\n<div>\n<h2 class=\"SommTitrearticle\">\u0152uvre de Luke Parnell, 2020<\/h2>\n<p class=\"SommTitrearticle\">Acrylique sur bois de bouleau contreplaqu\u00e9 et en bois de pin compress\u00e9<br \/>\nDimensions : 2,13 x 3,04 m<br \/>\n(Photo de Toni Hafkenscheid, reproduite avec la permission de la galerie d\u2019art MKG127 et de l\u2019artiste Luke Parnell)<\/p>\n<\/div>\n<\/div>\n<p><strong>Les collaborateurs et collaboratrices :<\/strong><\/p>\n<div>\n<p class=\"SommAuteursarticle\"><span lang=\"FR-BE\">Nnaemeka Ali, <\/span>H\u00e9lo\u00efg Barbel Le Page, <span lang=\"FR-BE\">Suzy Basile, <\/span>Vincent Blondeau, \u00c9ric Chalifoux, <span lang=\"FR-BE\">Joanie Desgagn\u00e9, <\/span><span lang=\"EN-CA\">Catherine Dussault, Damir Galaz-Mandakovic, Audrey R. Giles, St\u00e9phane Guimont Marceau, Lyndsay M. Hayhurst, Caroline Herv\u00e9, Avery Holmes, Jacques Kurtness, Armel Lekeufack, Marie-Pierre Renaud, Francisco Rivera, Karine Vanthuyne, Flora Vilches<b>, <\/b>Denis Vollant, Nancy Wiscutie-Crepeau<\/span><\/p>\n<\/div>\n<p>112 pages<br \/>\nISSN (imprim\u00e9) : 2564-4947<br \/>\nISSN (en ligne) : 2564-4955<\/p>\n<p>ISBN (imprim\u00e9) : 978-2-920366-69-5<\/p>\n<p><a href=\"https:\/\/recherches-autochtones.org\/site\/produit\/reflexions-critiques-sur-la-reconciliation-au-canada-2025-vol-53-no-3\/\"><strong>Version PAPIER<\/strong><\/a><\/p>\n","protected":false},"featured_media":10237,"comment_status":"closed","ping_status":"closed","template":"","meta":{"_EventAllDay":false,"_EventTimezone":"","_EventStartDate":"","_EventEndDate":"","_EventStartDateUTC":"","_EventEndDateUTC":"","_EventShowMap":false,"_EventShowMapLink":false,"_EventURL":"","_EventCost":"","_EventCostDescription":"","_EventCurrencySymbol":"","_EventCurrencyCode":"","_EventCurrencyPosition":"","_EventDateTimeSeparator":"","_EventTimeRangeSeparator":"","_EventOrganizerID":[],"_EventVenueID":[],"_OrganizerEmail":"","_OrganizerPhone":"","_OrganizerWebsite":"","_VenueAddress":"","_VenueCity":"","_VenueCountry":"","_VenueProvince":"","_VenueState":"","_VenueZip":"","_VenuePhone":"","_VenueURL":"","_VenueStateProvince":"","_VenueLat":"","_VenueLng":"","_VenueShowMap":false,"_VenueShowMapLink":false},"product_brand":[],"product_cat":[49,48,77],"product_tag":[],"class_list":{"0":"post-10239","1":"product","2":"type-product","3":"status-publish","4":"has-post-thumbnail","6":"product_cat-format","7":"product_cat-pdf","8":"product_cat-revue-detudes-autochtones","10":"first","11":"instock","12":"featured","13":"downloadable","14":"virtual","15":"purchasable","16":"product-type-simple"},"_links":{"self":[{"href":"https:\/\/recherches-autochtones.org\/site\/wp-json\/wp\/v2\/product\/10239","targetHints":{"allow":["GET"]}}],"collection":[{"href":"https:\/\/recherches-autochtones.org\/site\/wp-json\/wp\/v2\/product"}],"about":[{"href":"https:\/\/recherches-autochtones.org\/site\/wp-json\/wp\/v2\/types\/product"}],"replies":[{"embeddable":true,"href":"https:\/\/recherches-autochtones.org\/site\/wp-json\/wp\/v2\/comments?post=10239"}],"wp:featuredmedia":[{"embeddable":true,"href":"https:\/\/recherches-autochtones.org\/site\/wp-json\/wp\/v2\/media\/10237"}],"wp:attachment":[{"href":"https:\/\/recherches-autochtones.org\/site\/wp-json\/wp\/v2\/media?parent=10239"}],"wp:term":[{"taxonomy":"product_brand","embeddable":true,"href":"https:\/\/recherches-autochtones.org\/site\/wp-json\/wp\/v2\/product_brand?post=10239"},{"taxonomy":"product_cat","embeddable":true,"href":"https:\/\/recherches-autochtones.org\/site\/wp-json\/wp\/v2\/product_cat?post=10239"},{"taxonomy":"product_tag","embeddable":true,"href":"https:\/\/recherches-autochtones.org\/site\/wp-json\/wp\/v2\/product_tag?post=10239"}],"curies":[{"name":"wp","href":"https:\/\/api.w.org\/{rel}","templated":true}]}}