{"id":8675,"date":"2022-12-01T23:26:23","date_gmt":"2022-12-02T04:26:23","guid":{"rendered":"https:\/\/recherches-autochtones.org\/site\/?page_id=8675"},"modified":"2024-06-12T15:01:10","modified_gmt":"2024-06-12T19:01:10","slug":"boutique","status":"publish","type":"page","link":"https:\/\/recherches-autochtones.org\/site\/boutique\/","title":{"rendered":"Boutique"},"content":{"rendered":"<div class=\"fusion-fullwidth fullwidth-box fusion-builder-row-1 fusion-flex-container nonhundred-percent-fullwidth non-hundred-percent-height-scrolling\" style=\"--awb-border-radius-top-left:0px;--awb-border-radius-top-right:0px;--awb-border-radius-bottom-right:0px;--awb-border-radius-bottom-left:0px;--awb-flex-wrap:wrap;\" ><div class=\"fusion-builder-row fusion-row fusion-flex-align-items-flex-start fusion-flex-content-wrap\" style=\"max-width:1664px;margin-left: calc(-4% \/ 2 );margin-right: calc(-4% \/ 2 );\"><div class=\"fusion-layout-column fusion_builder_column fusion-builder-column-0 fusion_builder_column_3_4 3_4 fusion-flex-column\" style=\"--awb-bg-size:cover;--awb-width-large:75%;--awb-margin-top-large:0px;--awb-spacing-right-large:3.84%;--awb-margin-bottom-large:0px;--awb-spacing-left-large:2.56%;--awb-width-medium:75%;--awb-spacing-right-medium:3.84%;--awb-spacing-left-medium:2.56%;--awb-width-small:100%;--awb-spacing-right-small:1.92%;--awb-spacing-left-small:1.92%;\"><div class=\"fusion-column-wrapper fusion-flex-justify-content-flex-start fusion-content-layout-column\"><div class=\"fusion-text fusion-text-1\"><h2>Nos publications<\/h2>\n<\/div><div class=\"catalog-ordering fusion-woo-sorting fusion-woo-sorting-1\">\n\t\t\t\t\t\t\t<ul class=\"fusion-grid-list-view\">\n\t\t\t\t\t\t\t\t<li class=\"fusion-grid-view-li active-view\">\n\t\t\t\t\t\t\t\t\t<a class=\"fusion-grid-view\" aria-label=\"View as grid\" aria-haspopup=\"true\" href=\"?product_view=grid\"><i class=\"awb-icon-grid icomoon-grid\" aria-hidden=\"true\"><\/i><\/a>\n\t\t\t\t\t\t\t\t<\/li>\n\t\t\t\t\t\t\t\t<li class=\"fusion-list-view-li\">\n\t\t\t\t\t\t\t\t\t<a class=\"fusion-list-view\" aria-haspopup=\"true\" aria-label=\"View as list\" href=\"?product_view=list\"><i class=\"awb-icon-list icomoon-list\" aria-hidden=\"true\"><\/i><\/a>\n\t\t\t\t\t\t\t\t<\/li>\n\t\t\t\t\t\t\t<\/ul>\n\n\t\t\t\t\t\t\t<\/div><div class=\"fusion-woo-product-grid fusion-product-archive fusion-woo-product-grid-1 hide-rating has-load-more\"><ul class=\"products products-5 fusion-products-container-infinite\" data-pages=\"17\"><li class=\"product type-product post-10563 status-publish first instock product_cat-format product_cat-pdf product_cat-revue-detudes-autochtones has-post-thumbnail featured downloadable virtual purchasable product-type-simple product-grid-view\">\n\t<div class=\"fusion-product-wrapper\">\n\n<div class=\"fusion-clean-product-image-wrapper \">\n\t<div  class=\"fusion-image-wrapper fusion-image-size-fixed\" aria-haspopup=\"true\">\n\t\t\t\t<img decoding=\"async\" width=\"500\" height=\"641\" src=\"https:\/\/recherches-autochtones.org\/site\/wp-content\/uploads\/2026\/02\/rea054_1_couv_c1_700_897-pdf-500x641.jpg\" class=\"attachment-woocommerce_thumbnail size-woocommerce_thumbnail wp-post-image\" alt=\"\" srcset=\"https:\/\/recherches-autochtones.org\/site\/wp-content\/uploads\/2026\/02\/rea054_1_couv_c1_700_897-pdf-117x150.jpg 117w, https:\/\/recherches-autochtones.org\/site\/wp-content\/uploads\/2026\/02\/rea054_1_couv_c1_700_897-pdf-200x256.jpg 200w, https:\/\/recherches-autochtones.org\/site\/wp-content\/uploads\/2026\/02\/rea054_1_couv_c1_700_897-pdf-234x300.jpg 234w, https:\/\/recherches-autochtones.org\/site\/wp-content\/uploads\/2026\/02\/rea054_1_couv_c1_700_897-pdf-400x513.jpg 400w, https:\/\/recherches-autochtones.org\/site\/wp-content\/uploads\/2026\/02\/rea054_1_couv_c1_700_897-pdf-500x641.jpg 500w, https:\/\/recherches-autochtones.org\/site\/wp-content\/uploads\/2026\/02\/rea054_1_couv_c1_700_897-pdf-600x769.jpg 600w, https:\/\/recherches-autochtones.org\/site\/wp-content\/uploads\/2026\/02\/rea054_1_couv_c1_700_897-pdf.jpg 700w\" sizes=\"(max-width: 500px) 100vw, 500px\" \/><div class=\"fusion-rollover\">\n\t<div class=\"fusion-rollover-content\">\n\n\t\t\t\t\n\t\t\n\t\t\t\t\t\t\t\t\n\t\t\t\t\t\t\t\t\n\t\t\n\t\t\t\t\t\t\t\t\t\t\t\t\t\t\t\n\t\t\t\t\t\t\n\t\t\t\t\t\t\t\t\t\t<div class=\"fusion-product-buttons\">\n\t\t\t\t\t<a href=\"\/site\/wp-json\/wp\/v2\/pages\/8675?add-to-cart=10563\" aria-describedby=\"woocommerce_loop_add_to_cart_link_describedby_10563\" data-quantity=\"1\" class=\"button product_type_simple add_to_cart_button ajax_add_to_cart\" data-product_id=\"10563\" data-product_sku=\"REA054_1-pdf\" aria-label=\"Ajouter au panier\u00a0: &ldquo;\u00c9crire les voix du territoire. L&#039;\u00c9crit \u00e0 la lumi\u00e8re de l&#039;oralit\u00e9 : hommage \u00e0 Jos\u00e9phine Bacon (2026, vol. 54, no. 1) \u2013 version PDF&rdquo;\" rel=\"nofollow\">Ajouter au panier<\/a>\t<span id=\"woocommerce_loop_add_to_cart_link_describedby_10563\" class=\"screen-reader-text\">\n\t\t\t<\/span>\n<span class=\"fusion-rollover-linebreak\">\n\t\/<\/span>\n\n<a href=\"https:\/\/recherches-autochtones.org\/site\/produit\/ecrire-les-voix-du-territoire-lecrit-a-la-lumiere-de-loralite-hommage-a-josephine-bacon-2026-vol-54-no-1-pdf\/\" class=\"show_details_button fusion-has-quick-view\">\n\tD\u00e9tails<\/a>\n\n\t<a href=\"#fusion-quick-view\" class=\"fusion-quick-view\" data-product-id=\"10563\">\n\t\tAper\u00e7u\t<\/a>\n\t\t\t\t<\/div>\n\t\t\t\t\t\t\t\t\t<a class=\"fusion-link-wrapper\" href=\"https:\/\/recherches-autochtones.org\/site\/produit\/ecrire-les-voix-du-territoire-lecrit-a-la-lumiere-de-loralite-hommage-a-josephine-bacon-2026-vol-54-no-1-pdf\/\" aria-label=\"\u00c9crire les voix du territoire. L&rsquo;\u00c9crit \u00e0 la lumi\u00e8re de l&rsquo;oralit\u00e9 : hommage \u00e0 Jos\u00e9phine Bacon (2026, vol. 54, no. 1) \u2013 version PDF\"><\/a>\n\t<\/div>\n<\/div>\n<\/div>\n<\/div>\n<div class=\"fusion-product-content\">\n\t<div class=\"product-details\">\n\t\t<div class=\"product-details-container\">\n<h3 class=\"product-title\">\n\t<a href=\"https:\/\/recherches-autochtones.org\/site\/produit\/ecrire-les-voix-du-territoire-lecrit-a-la-lumiere-de-loralite-hommage-a-josephine-bacon-2026-vol-54-no-1-pdf\/\">\n\t\t\u00c9crire les voix du territoire. L&rsquo;\u00c9crit \u00e0 la lumi\u00e8re de l&rsquo;oralit\u00e9 : hommage \u00e0 Jos\u00e9phine Bacon (2026, vol. 54, no. 1) \u2013 version PDF\t<\/a>\n<\/h3>\n<div class=\"fusion-price-rating\">\n\n\t<span class=\"price\"><span class=\"woocommerce-Price-amount amount\"><bdi>22.00<span class=\"woocommerce-Price-currencySymbol\">&#36;<\/span><\/bdi><\/span><\/span>\n\t\t<\/div>\n\t<\/div>\n<\/div>\n\n\t<\/div> \n\n\n<\/div>\n<\/li>\n<li class=\"product type-product post-10216 status-publish instock product_cat-format product_cat-pdf product_cat-signes-des-ameriques has-post-thumbnail featured downloadable virtual purchasable product-type-simple product-grid-view\">\n\t<div class=\"fusion-product-wrapper\">\n\n<div class=\"fusion-clean-product-image-wrapper \">\n\t<div  class=\"fusion-image-wrapper fusion-image-size-fixed\" aria-haspopup=\"true\">\n\t\t\t\t<img decoding=\"async\" width=\"500\" height=\"657\" src=\"https:\/\/recherches-autochtones.org\/site\/wp-content\/uploads\/2025\/09\/sa018_c01-pdf-500x657.jpg\" class=\"attachment-woocommerce_thumbnail size-woocommerce_thumbnail wp-post-image\" alt=\"\" srcset=\"https:\/\/recherches-autochtones.org\/site\/wp-content\/uploads\/2025\/09\/sa018_c01-pdf-114x150.jpg 114w, https:\/\/recherches-autochtones.org\/site\/wp-content\/uploads\/2025\/09\/sa018_c01-pdf-200x263.jpg 200w, https:\/\/recherches-autochtones.org\/site\/wp-content\/uploads\/2025\/09\/sa018_c01-pdf-228x300.jpg 228w, https:\/\/recherches-autochtones.org\/site\/wp-content\/uploads\/2025\/09\/sa018_c01-pdf-400x526.jpg 400w, https:\/\/recherches-autochtones.org\/site\/wp-content\/uploads\/2025\/09\/sa018_c01-pdf-500x657.jpg 500w, https:\/\/recherches-autochtones.org\/site\/wp-content\/uploads\/2025\/09\/sa018_c01-pdf-600x789.jpg 600w, https:\/\/recherches-autochtones.org\/site\/wp-content\/uploads\/2025\/09\/sa018_c01-pdf.jpg 700w\" sizes=\"(max-width: 500px) 100vw, 500px\" \/><div class=\"fusion-rollover\">\n\t<div class=\"fusion-rollover-content\">\n\n\t\t\t\t\n\t\t\n\t\t\t\t\t\t\t\t\n\t\t\t\t\t\t\t\t\n\t\t\n\t\t\t\t\t\t\t\t\t\t\t\t\t\t\t\n\t\t\t\t\t\t\n\t\t\t\t\t\t\t\t\t\t<div class=\"fusion-product-buttons\">\n\t\t\t\t\t<a href=\"\/site\/wp-json\/wp\/v2\/pages\/8675?add-to-cart=10216\" aria-describedby=\"woocommerce_loop_add_to_cart_link_describedby_10216\" data-quantity=\"1\" class=\"button product_type_simple add_to_cart_button ajax_add_to_cart\" data-product_id=\"10216\" data-product_sku=\"sa018-pdf\" aria-label=\"Ajouter au panier\u00a0: &ldquo;Cliche-Rancourt-Mamsalhabika : le plus vieux site arch\u00e9ologique au Qu\u00e9bec \u2013 version PDF&rdquo;\" rel=\"nofollow\">Ajouter au panier<\/a>\t<span id=\"woocommerce_loop_add_to_cart_link_describedby_10216\" class=\"screen-reader-text\">\n\t\t\t<\/span>\n<span class=\"fusion-rollover-linebreak\">\n\t\/<\/span>\n\n<a href=\"https:\/\/recherches-autochtones.org\/site\/produit\/cliche-rancourt-mamsalhabika-le-plus-vieux-site-archeologique-au-quebec-pdf\/\" class=\"show_details_button fusion-has-quick-view\">\n\tD\u00e9tails<\/a>\n\n\t<a href=\"#fusion-quick-view\" class=\"fusion-quick-view\" data-product-id=\"10216\">\n\t\tAper\u00e7u\t<\/a>\n\t\t\t\t<\/div>\n\t\t\t\t\t\t\t\t\t<a class=\"fusion-link-wrapper\" href=\"https:\/\/recherches-autochtones.org\/site\/produit\/cliche-rancourt-mamsalhabika-le-plus-vieux-site-archeologique-au-quebec-pdf\/\" aria-label=\"Cliche-Rancourt-Mamsalhabika : le plus vieux site arch\u00e9ologique au Qu\u00e9bec \u2013 version PDF\"><\/a>\n\t<\/div>\n<\/div>\n<\/div>\n<\/div>\n<div class=\"fusion-product-content\">\n\t<div class=\"product-details\">\n\t\t<div class=\"product-details-container\">\n<h3 class=\"product-title\">\n\t<a href=\"https:\/\/recherches-autochtones.org\/site\/produit\/cliche-rancourt-mamsalhabika-le-plus-vieux-site-archeologique-au-quebec-pdf\/\">\n\t\tCliche-Rancourt-Mamsalhabika : le plus vieux site arch\u00e9ologique au Qu\u00e9bec \u2013 version PDF\t<\/a>\n<\/h3>\n<div class=\"fusion-price-rating\">\n\n\t<span class=\"price\"><span class=\"woocommerce-Price-amount amount\"><bdi>25.00<span class=\"woocommerce-Price-currencySymbol\">&#36;<\/span><\/bdi><\/span><\/span>\n\t\t<\/div>\n\t<\/div>\n<\/div>\n\n\t<\/div> \n\n\n<\/div>\n<\/li>\n<li class=\"product type-product post-10544 status-publish instock product_cat-format product_cat-papier product_cat-revue-detudes-autochtones has-post-thumbnail featured purchasable product-type-simple product-grid-view\">\n\t<div class=\"fusion-product-wrapper\">\n\n<div class=\"fusion-clean-product-image-wrapper \">\n\t<div  class=\"fusion-image-wrapper fusion-image-size-fixed\" aria-haspopup=\"true\">\n\t\t\t\t<img decoding=\"async\" width=\"500\" height=\"641\" src=\"https:\/\/recherches-autochtones.org\/site\/wp-content\/uploads\/2026\/02\/rea054_1_couv_c1_700_897-500x641.jpg\" class=\"attachment-woocommerce_thumbnail size-woocommerce_thumbnail wp-post-image\" alt=\"\" srcset=\"https:\/\/recherches-autochtones.org\/site\/wp-content\/uploads\/2026\/02\/rea054_1_couv_c1_700_897-117x150.jpg 117w, https:\/\/recherches-autochtones.org\/site\/wp-content\/uploads\/2026\/02\/rea054_1_couv_c1_700_897-200x256.jpg 200w, https:\/\/recherches-autochtones.org\/site\/wp-content\/uploads\/2026\/02\/rea054_1_couv_c1_700_897-234x300.jpg 234w, https:\/\/recherches-autochtones.org\/site\/wp-content\/uploads\/2026\/02\/rea054_1_couv_c1_700_897-400x513.jpg 400w, https:\/\/recherches-autochtones.org\/site\/wp-content\/uploads\/2026\/02\/rea054_1_couv_c1_700_897-500x641.jpg 500w, https:\/\/recherches-autochtones.org\/site\/wp-content\/uploads\/2026\/02\/rea054_1_couv_c1_700_897-600x769.jpg 600w, https:\/\/recherches-autochtones.org\/site\/wp-content\/uploads\/2026\/02\/rea054_1_couv_c1_700_897.jpg 700w\" sizes=\"(max-width: 500px) 100vw, 500px\" \/><div class=\"fusion-rollover\">\n\t<div class=\"fusion-rollover-content\">\n\n\t\t\t\t\n\t\t\n\t\t\t\t\t\t\t\t\n\t\t\t\t\t\t\t\t\n\t\t\n\t\t\t\t\t\t\t\t\t\t\t\t\t\t\t\n\t\t\t\t\t\t\n\t\t\t\t\t\t\t\t\t\t<div class=\"fusion-product-buttons\">\n\t\t\t\t\t<a href=\"\/site\/wp-json\/wp\/v2\/pages\/8675?add-to-cart=10544\" aria-describedby=\"woocommerce_loop_add_to_cart_link_describedby_10544\" data-quantity=\"1\" class=\"button product_type_simple add_to_cart_button ajax_add_to_cart\" data-product_id=\"10544\" data-product_sku=\"REA054_1\" aria-label=\"Ajouter au panier\u00a0: &ldquo;\u00c9crire les voix du territoire. L&#039;\u00c9crit \u00e0 la lumi\u00e8re de l&#039;oralit\u00e9 : hommage \u00e0 Jos\u00e9phine Bacon (2026, vol. 54, no. 1)&rdquo;\" rel=\"nofollow\">Ajouter au panier<\/a>\t<span id=\"woocommerce_loop_add_to_cart_link_describedby_10544\" class=\"screen-reader-text\">\n\t\t\t<\/span>\n<span class=\"fusion-rollover-linebreak\">\n\t\/<\/span>\n\n<a href=\"https:\/\/recherches-autochtones.org\/site\/produit\/ecrire-les-voix-du-territoire-hommage-a-josephine-bacon\/\" class=\"show_details_button fusion-has-quick-view\">\n\tD\u00e9tails<\/a>\n\n\t<a href=\"#fusion-quick-view\" class=\"fusion-quick-view\" data-product-id=\"10544\">\n\t\tAper\u00e7u\t<\/a>\n\t\t\t\t<\/div>\n\t\t\t\t\t\t\t\t\t<a class=\"fusion-link-wrapper\" href=\"https:\/\/recherches-autochtones.org\/site\/produit\/ecrire-les-voix-du-territoire-hommage-a-josephine-bacon\/\" aria-label=\"\u00c9crire les voix du territoire. L&rsquo;\u00c9crit \u00e0 la lumi\u00e8re de l&rsquo;oralit\u00e9 : hommage \u00e0 Jos\u00e9phine Bacon (2026, vol. 54, no. 1)\"><\/a>\n\t<\/div>\n<\/div>\n<\/div>\n<\/div>\n<div class=\"fusion-product-content\">\n\t<div class=\"product-details\">\n\t\t<div class=\"product-details-container\">\n<h3 class=\"product-title\">\n\t<a href=\"https:\/\/recherches-autochtones.org\/site\/produit\/ecrire-les-voix-du-territoire-hommage-a-josephine-bacon\/\">\n\t\t\u00c9crire les voix du territoire. L&rsquo;\u00c9crit \u00e0 la lumi\u00e8re de l&rsquo;oralit\u00e9 : hommage \u00e0 Jos\u00e9phine Bacon (2026, vol. 54, no. 1)\t<\/a>\n<\/h3>\n<div class=\"fusion-price-rating\">\n\n\t<span class=\"price\"><span class=\"woocommerce-Price-amount amount\"><bdi>32.00<span class=\"woocommerce-Price-currencySymbol\">&#36;<\/span><\/bdi><\/span><\/span>\n\t\t<\/div>\n\t<\/div>\n<\/div>\n\n\t<\/div> \n\n\n<\/div>\n<\/li>\n<li class=\"product type-product post-10279 status-publish instock product_cat-paleo-quebec product_cat-pdf has-post-thumbnail downloadable virtual purchasable product-type-simple product-grid-view\">\n\t<div class=\"fusion-product-wrapper\">\n\n<div class=\"fusion-clean-product-image-wrapper \">\n\t<div  class=\"fusion-image-wrapper fusion-image-size-fixed\" aria-haspopup=\"true\">\n\t\t\t\t<img decoding=\"async\" width=\"500\" height=\"651\" src=\"https:\/\/recherches-autochtones.org\/site\/wp-content\/uploads\/2025\/10\/pq036_c01-pdf-500x651.jpg\" class=\"attachment-woocommerce_thumbnail size-woocommerce_thumbnail wp-post-image\" alt=\"\" srcset=\"https:\/\/recherches-autochtones.org\/site\/wp-content\/uploads\/2025\/10\/pq036_c01-pdf-115x150.jpg 115w, https:\/\/recherches-autochtones.org\/site\/wp-content\/uploads\/2025\/10\/pq036_c01-pdf-200x260.jpg 200w, https:\/\/recherches-autochtones.org\/site\/wp-content\/uploads\/2025\/10\/pq036_c01-pdf-230x300.jpg 230w, https:\/\/recherches-autochtones.org\/site\/wp-content\/uploads\/2025\/10\/pq036_c01-pdf-400x521.jpg 400w, https:\/\/recherches-autochtones.org\/site\/wp-content\/uploads\/2025\/10\/pq036_c01-pdf-500x651.jpg 500w, https:\/\/recherches-autochtones.org\/site\/wp-content\/uploads\/2025\/10\/pq036_c01-pdf.jpg 600w\" sizes=\"(max-width: 500px) 100vw, 500px\" \/><div class=\"fusion-rollover\">\n\t<div class=\"fusion-rollover-content\">\n\n\t\t\t\t\n\t\t\n\t\t\t\t\t\t\t\t\n\t\t\t\t\t\t\t\t\n\t\t\n\t\t\t\t\t\t\t\t\t\t\t\t\t\t\t\n\t\t\t\t\t\t\n\t\t\t\t\t\t\t\t\t\t<div class=\"fusion-product-buttons\">\n\t\t\t\t\t<a href=\"\/site\/wp-json\/wp\/v2\/pages\/8675?add-to-cart=10279\" aria-describedby=\"woocommerce_loop_add_to_cart_link_describedby_10279\" data-quantity=\"1\" class=\"button product_type_simple add_to_cart_button ajax_add_to_cart\" data-product_id=\"10279\" data-product_sku=\"PQ036-pdf\" aria-label=\"Ajouter au panier\u00a0: &ldquo;L&#039;Archa\u00efque au Qu\u00e9bec : six mill\u00e9naires d&#039;histoire am\u00e9rindienne \u2013 version PDF&rdquo;\" rel=\"nofollow\">Ajouter au panier<\/a>\t<span id=\"woocommerce_loop_add_to_cart_link_describedby_10279\" class=\"screen-reader-text\">\n\t\t\t<\/span>\n<span class=\"fusion-rollover-linebreak\">\n\t\/<\/span>\n\n<a href=\"https:\/\/recherches-autochtones.org\/site\/produit\/larchaique-au-quebec-six-millenaires-dhistoire-amerindienne-version-pdf\/\" class=\"show_details_button fusion-has-quick-view\">\n\tD\u00e9tails<\/a>\n\n\t<a href=\"#fusion-quick-view\" class=\"fusion-quick-view\" data-product-id=\"10279\">\n\t\tAper\u00e7u\t<\/a>\n\t\t\t\t<\/div>\n\t\t\t\t\t\t\t\t\t<a class=\"fusion-link-wrapper\" href=\"https:\/\/recherches-autochtones.org\/site\/produit\/larchaique-au-quebec-six-millenaires-dhistoire-amerindienne-version-pdf\/\" aria-label=\"L&rsquo;Archa\u00efque au Qu\u00e9bec : six mill\u00e9naires d&rsquo;histoire am\u00e9rindienne \u2013 version PDF\"><\/a>\n\t<\/div>\n<\/div>\n<\/div>\n<\/div>\n<div class=\"fusion-product-content\">\n\t<div class=\"product-details\">\n\t\t<div class=\"product-details-container\">\n<h3 class=\"product-title\">\n\t<a href=\"https:\/\/recherches-autochtones.org\/site\/produit\/larchaique-au-quebec-six-millenaires-dhistoire-amerindienne-version-pdf\/\">\n\t\tL&rsquo;Archa\u00efque au Qu\u00e9bec : six mill\u00e9naires d&rsquo;histoire am\u00e9rindienne \u2013 version PDF\t<\/a>\n<\/h3>\n<div class=\"fusion-price-rating\">\n\n\t<span class=\"price\"><span class=\"woocommerce-Price-amount amount\"><bdi>15.00<span class=\"woocommerce-Price-currencySymbol\">&#36;<\/span><\/bdi><\/span><\/span>\n\t\t<\/div>\n\t<\/div>\n<\/div>\n\n\t<\/div> \n\n\n<\/div>\n<\/li>\n<li class=\"product type-product post-10239 status-publish last instock product_cat-format product_cat-pdf product_cat-revue-detudes-autochtones has-post-thumbnail featured downloadable virtual purchasable product-type-simple product-grid-view\">\n\t<div class=\"fusion-product-wrapper\">\n\n<div class=\"fusion-clean-product-image-wrapper \">\n\t<div  class=\"fusion-image-wrapper fusion-image-size-fixed\" aria-haspopup=\"true\">\n\t\t\t\t<img decoding=\"async\" width=\"500\" height=\"641\" src=\"https:\/\/recherches-autochtones.org\/site\/wp-content\/uploads\/2025\/09\/rea053_couv_c1-pdf-500x641.jpg\" class=\"attachment-woocommerce_thumbnail size-woocommerce_thumbnail wp-post-image\" alt=\"\" srcset=\"https:\/\/recherches-autochtones.org\/site\/wp-content\/uploads\/2025\/09\/rea053_couv_c1-pdf-117x150.jpg 117w, https:\/\/recherches-autochtones.org\/site\/wp-content\/uploads\/2025\/09\/rea053_couv_c1-pdf-200x257.jpg 200w, https:\/\/recherches-autochtones.org\/site\/wp-content\/uploads\/2025\/09\/rea053_couv_c1-pdf-234x300.jpg 234w, https:\/\/recherches-autochtones.org\/site\/wp-content\/uploads\/2025\/09\/rea053_couv_c1-pdf-400x513.jpg 400w, https:\/\/recherches-autochtones.org\/site\/wp-content\/uploads\/2025\/09\/rea053_couv_c1-pdf-500x641.jpg 500w, https:\/\/recherches-autochtones.org\/site\/wp-content\/uploads\/2025\/09\/rea053_couv_c1-pdf-600x770.jpg 600w, https:\/\/recherches-autochtones.org\/site\/wp-content\/uploads\/2025\/09\/rea053_couv_c1-pdf.jpg 700w\" sizes=\"(max-width: 500px) 100vw, 500px\" \/><div class=\"fusion-rollover\">\n\t<div class=\"fusion-rollover-content\">\n\n\t\t\t\t\n\t\t\n\t\t\t\t\t\t\t\t\n\t\t\t\t\t\t\t\t\n\t\t\n\t\t\t\t\t\t\t\t\t\t\t\t\t\t\t\n\t\t\t\t\t\t\n\t\t\t\t\t\t\t\t\t\t<div class=\"fusion-product-buttons\">\n\t\t\t\t\t<a href=\"\/site\/wp-json\/wp\/v2\/pages\/8675?add-to-cart=10239\" aria-describedby=\"woocommerce_loop_add_to_cart_link_describedby_10239\" data-quantity=\"1\" class=\"button product_type_simple add_to_cart_button ajax_add_to_cart\" data-product_id=\"10239\" data-product_sku=\"REA053_3-pdf\" aria-label=\"Ajouter au panier\u00a0: &ldquo;R\u00e9flexions critiques sur la r\u00e9conciliation au Canada (2025, vol. 53, no. 3) \u2013 version PDF&rdquo;\" rel=\"nofollow\">Ajouter au panier<\/a>\t<span id=\"woocommerce_loop_add_to_cart_link_describedby_10239\" class=\"screen-reader-text\">\n\t\t\t<\/span>\n<span class=\"fusion-rollover-linebreak\">\n\t\/<\/span>\n\n<a href=\"https:\/\/recherches-autochtones.org\/site\/produit\/reflexions-critiques-sur-la-reconciliation-au-canada-2025-vol-53-no-3-pdf\/\" class=\"show_details_button fusion-has-quick-view\">\n\tD\u00e9tails<\/a>\n\n\t<a href=\"#fusion-quick-view\" class=\"fusion-quick-view\" data-product-id=\"10239\">\n\t\tAper\u00e7u\t<\/a>\n\t\t\t\t<\/div>\n\t\t\t\t\t\t\t\t\t<a class=\"fusion-link-wrapper\" href=\"https:\/\/recherches-autochtones.org\/site\/produit\/reflexions-critiques-sur-la-reconciliation-au-canada-2025-vol-53-no-3-pdf\/\" aria-label=\"R\u00e9flexions critiques sur la r\u00e9conciliation au Canada (2025, vol. 53, no. 3) \u2013 version PDF\"><\/a>\n\t<\/div>\n<\/div>\n<\/div>\n<\/div>\n<div class=\"fusion-product-content\">\n\t<div class=\"product-details\">\n\t\t<div class=\"product-details-container\">\n<h3 class=\"product-title\">\n\t<a href=\"https:\/\/recherches-autochtones.org\/site\/produit\/reflexions-critiques-sur-la-reconciliation-au-canada-2025-vol-53-no-3-pdf\/\">\n\t\tR\u00e9flexions critiques sur la r\u00e9conciliation au Canada (2025, vol. 53, no. 3) \u2013 version PDF\t<\/a>\n<\/h3>\n<div class=\"fusion-price-rating\">\n\n\t<span class=\"price\"><span class=\"woocommerce-Price-amount amount\"><bdi>22.00<span class=\"woocommerce-Price-currencySymbol\">&#36;<\/span><\/bdi><\/span><\/span>\n\t\t<\/div>\n\t<\/div>\n<\/div>\n\n\t<\/div> \n\n\n<\/div>\n<\/li>\n<li class=\"product type-product post-10235 status-publish first instock product_cat-format product_cat-papier product_cat-revue-detudes-autochtones has-post-thumbnail featured purchasable product-type-simple product-grid-view\">\n\t<div class=\"fusion-product-wrapper\">\n\n<div class=\"fusion-clean-product-image-wrapper \">\n\t<div  class=\"fusion-image-wrapper fusion-image-size-fixed\" aria-haspopup=\"true\">\n\t\t\t\t<img decoding=\"async\" width=\"500\" height=\"641\" src=\"https:\/\/recherches-autochtones.org\/site\/wp-content\/uploads\/2025\/09\/rea053_couv_c1-500x641.jpg\" class=\"attachment-woocommerce_thumbnail size-woocommerce_thumbnail wp-post-image\" alt=\"\" srcset=\"https:\/\/recherches-autochtones.org\/site\/wp-content\/uploads\/2025\/09\/rea053_couv_c1-117x150.jpg 117w, https:\/\/recherches-autochtones.org\/site\/wp-content\/uploads\/2025\/09\/rea053_couv_c1-200x257.jpg 200w, https:\/\/recherches-autochtones.org\/site\/wp-content\/uploads\/2025\/09\/rea053_couv_c1-234x300.jpg 234w, https:\/\/recherches-autochtones.org\/site\/wp-content\/uploads\/2025\/09\/rea053_couv_c1-400x513.jpg 400w, https:\/\/recherches-autochtones.org\/site\/wp-content\/uploads\/2025\/09\/rea053_couv_c1-500x641.jpg 500w, https:\/\/recherches-autochtones.org\/site\/wp-content\/uploads\/2025\/09\/rea053_couv_c1-600x770.jpg 600w, https:\/\/recherches-autochtones.org\/site\/wp-content\/uploads\/2025\/09\/rea053_couv_c1.jpg 700w\" sizes=\"(max-width: 500px) 100vw, 500px\" \/><div class=\"fusion-rollover\">\n\t<div class=\"fusion-rollover-content\">\n\n\t\t\t\t\n\t\t\n\t\t\t\t\t\t\t\t\n\t\t\t\t\t\t\t\t\n\t\t\n\t\t\t\t\t\t\t\t\t\t\t\t\t\t\t\n\t\t\t\t\t\t\n\t\t\t\t\t\t\t\t\t\t<div class=\"fusion-product-buttons\">\n\t\t\t\t\t<a href=\"\/site\/wp-json\/wp\/v2\/pages\/8675?add-to-cart=10235\" aria-describedby=\"woocommerce_loop_add_to_cart_link_describedby_10235\" data-quantity=\"1\" class=\"button product_type_simple add_to_cart_button ajax_add_to_cart\" data-product_id=\"10235\" data-product_sku=\"REA053_3\" aria-label=\"Ajouter au panier\u00a0: &ldquo;R\u00e9flexions critiques sur la r\u00e9conciliation au Canada (2025, vol. 53, no. 3)&rdquo;\" rel=\"nofollow\">Ajouter au panier<\/a>\t<span id=\"woocommerce_loop_add_to_cart_link_describedby_10235\" class=\"screen-reader-text\">\n\t\t\t<\/span>\n<span class=\"fusion-rollover-linebreak\">\n\t\/<\/span>\n\n<a href=\"https:\/\/recherches-autochtones.org\/site\/produit\/reflexions-critiques-sur-la-reconciliation-au-canada-2025-vol-53-no-3\/\" class=\"show_details_button fusion-has-quick-view\">\n\tD\u00e9tails<\/a>\n\n\t<a href=\"#fusion-quick-view\" class=\"fusion-quick-view\" data-product-id=\"10235\">\n\t\tAper\u00e7u\t<\/a>\n\t\t\t\t<\/div>\n\t\t\t\t\t\t\t\t\t<a class=\"fusion-link-wrapper\" href=\"https:\/\/recherches-autochtones.org\/site\/produit\/reflexions-critiques-sur-la-reconciliation-au-canada-2025-vol-53-no-3\/\" aria-label=\"R\u00e9flexions critiques sur la r\u00e9conciliation au Canada (2025, vol. 53, no. 3)\"><\/a>\n\t<\/div>\n<\/div>\n<\/div>\n<\/div>\n<div class=\"fusion-product-content\">\n\t<div class=\"product-details\">\n\t\t<div class=\"product-details-container\">\n<h3 class=\"product-title\">\n\t<a href=\"https:\/\/recherches-autochtones.org\/site\/produit\/reflexions-critiques-sur-la-reconciliation-au-canada-2025-vol-53-no-3\/\">\n\t\tR\u00e9flexions critiques sur la r\u00e9conciliation au Canada (2025, vol. 53, no. 3)\t<\/a>\n<\/h3>\n<div class=\"fusion-price-rating\">\n\n\t<span class=\"price\"><span class=\"woocommerce-Price-amount amount\"><bdi>32.00<span class=\"woocommerce-Price-currencySymbol\">&#36;<\/span><\/bdi><\/span><\/span>\n\t\t<\/div>\n\t<\/div>\n<\/div>\n\n\t<\/div> \n\n\n<\/div>\n<\/li>\n<li class=\"product type-product post-10213 status-publish instock product_cat-format product_cat-papier product_cat-signes-des-ameriques has-post-thumbnail featured shipping-taxable purchasable product-type-simple product-grid-view\">\n\t<div class=\"fusion-product-wrapper\">\n\n<div class=\"fusion-clean-product-image-wrapper \">\n\t<div  class=\"fusion-image-wrapper fusion-image-size-fixed\" aria-haspopup=\"true\">\n\t\t\t\t<img decoding=\"async\" width=\"500\" height=\"657\" src=\"https:\/\/recherches-autochtones.org\/site\/wp-content\/uploads\/2025\/08\/sa018_c01_700_915-500x657.jpg\" class=\"attachment-woocommerce_thumbnail size-woocommerce_thumbnail wp-post-image\" alt=\"\" srcset=\"https:\/\/recherches-autochtones.org\/site\/wp-content\/uploads\/2025\/08\/sa018_c01_700_915-114x150.jpg 114w, https:\/\/recherches-autochtones.org\/site\/wp-content\/uploads\/2025\/08\/sa018_c01_700_915-200x263.jpg 200w, https:\/\/recherches-autochtones.org\/site\/wp-content\/uploads\/2025\/08\/sa018_c01_700_915-228x300.jpg 228w, https:\/\/recherches-autochtones.org\/site\/wp-content\/uploads\/2025\/08\/sa018_c01_700_915-400x526.jpg 400w, https:\/\/recherches-autochtones.org\/site\/wp-content\/uploads\/2025\/08\/sa018_c01_700_915-500x657.jpg 500w, https:\/\/recherches-autochtones.org\/site\/wp-content\/uploads\/2025\/08\/sa018_c01_700_915-600x789.jpg 600w, https:\/\/recherches-autochtones.org\/site\/wp-content\/uploads\/2025\/08\/sa018_c01_700_915.jpg 700w\" sizes=\"(max-width: 500px) 100vw, 500px\" \/><div class=\"fusion-rollover\">\n\t<div class=\"fusion-rollover-content\">\n\n\t\t\t\t\n\t\t\n\t\t\t\t\t\t\t\t\n\t\t\t\t\t\t\t\t\n\t\t\n\t\t\t\t\t\t\t\t\t\t\t\t\t\t\t\n\t\t\t\t\t\t\n\t\t\t\t\t\t\t\t\t\t<div class=\"fusion-product-buttons\">\n\t\t\t\t\t<a href=\"\/site\/wp-json\/wp\/v2\/pages\/8675?add-to-cart=10213\" aria-describedby=\"woocommerce_loop_add_to_cart_link_describedby_10213\" data-quantity=\"1\" class=\"button product_type_simple add_to_cart_button ajax_add_to_cart\" data-product_id=\"10213\" data-product_sku=\"sa018\" aria-label=\"Ajouter au panier\u00a0: &ldquo;Cliche-Rancourt-Mamsalhabika : le plus vieux site arch\u00e9ologique au Qu\u00e9bec&rdquo;\" rel=\"nofollow\">Ajouter au panier<\/a>\t<span id=\"woocommerce_loop_add_to_cart_link_describedby_10213\" class=\"screen-reader-text\">\n\t\t\t<\/span>\n<span class=\"fusion-rollover-linebreak\">\n\t\/<\/span>\n\n<a href=\"https:\/\/recherches-autochtones.org\/site\/produit\/cliche-rancourt-mamsalhabika-le-plus-vieux-site-archeologique-au-quebec\/\" class=\"show_details_button fusion-has-quick-view\">\n\tD\u00e9tails<\/a>\n\n\t<a href=\"#fusion-quick-view\" class=\"fusion-quick-view\" data-product-id=\"10213\">\n\t\tAper\u00e7u\t<\/a>\n\t\t\t\t<\/div>\n\t\t\t\t\t\t\t\t\t<a class=\"fusion-link-wrapper\" href=\"https:\/\/recherches-autochtones.org\/site\/produit\/cliche-rancourt-mamsalhabika-le-plus-vieux-site-archeologique-au-quebec\/\" aria-label=\"Cliche-Rancourt-Mamsalhabika : le plus vieux site arch\u00e9ologique au Qu\u00e9bec\"><\/a>\n\t<\/div>\n<\/div>\n<\/div>\n<\/div>\n<div class=\"fusion-product-content\">\n\t<div class=\"product-details\">\n\t\t<div class=\"product-details-container\">\n<h3 class=\"product-title\">\n\t<a href=\"https:\/\/recherches-autochtones.org\/site\/produit\/cliche-rancourt-mamsalhabika-le-plus-vieux-site-archeologique-au-quebec\/\">\n\t\tCliche-Rancourt-Mamsalhabika : le plus vieux site arch\u00e9ologique au Qu\u00e9bec\t<\/a>\n<\/h3>\n<div class=\"fusion-price-rating\">\n\n\t<span class=\"price\"><span class=\"woocommerce-Price-amount amount\"><bdi>35.00<span class=\"woocommerce-Price-currencySymbol\">&#36;<\/span><\/bdi><\/span><\/span>\n\t\t<\/div>\n\t<\/div>\n<\/div>\n\n\t<\/div> \n\n\n<\/div>\n<\/li>\n<li class=\"product type-product post-10035 status-publish instock product_cat-format product_cat-papier product_cat-revue-detudes-autochtones has-post-thumbnail downloadable virtual purchasable product-type-simple product-grid-view\">\n\t<div class=\"fusion-product-wrapper\">\n\n<div class=\"fusion-clean-product-image-wrapper \">\n\t<div  class=\"fusion-image-wrapper fusion-image-size-fixed\" aria-haspopup=\"true\">\n\t\t\t\t<img decoding=\"async\" width=\"500\" height=\"641\" src=\"https:\/\/recherches-autochtones.org\/site\/wp-content\/uploads\/2025\/02\/rea053_2_c1-pdf-500x641.jpg\" class=\"attachment-woocommerce_thumbnail size-woocommerce_thumbnail wp-post-image\" alt=\"\" srcset=\"https:\/\/recherches-autochtones.org\/site\/wp-content\/uploads\/2025\/02\/rea053_2_c1-pdf-117x150.jpg 117w, https:\/\/recherches-autochtones.org\/site\/wp-content\/uploads\/2025\/02\/rea053_2_c1-pdf-200x257.jpg 200w, https:\/\/recherches-autochtones.org\/site\/wp-content\/uploads\/2025\/02\/rea053_2_c1-pdf-234x300.jpg 234w, https:\/\/recherches-autochtones.org\/site\/wp-content\/uploads\/2025\/02\/rea053_2_c1-pdf-400x513.jpg 400w, https:\/\/recherches-autochtones.org\/site\/wp-content\/uploads\/2025\/02\/rea053_2_c1-pdf-500x641.jpg 500w, https:\/\/recherches-autochtones.org\/site\/wp-content\/uploads\/2025\/02\/rea053_2_c1-pdf-600x770.jpg 600w, https:\/\/recherches-autochtones.org\/site\/wp-content\/uploads\/2025\/02\/rea053_2_c1-pdf.jpg 700w\" sizes=\"(max-width: 500px) 100vw, 500px\" \/><div class=\"fusion-rollover\">\n\t<div class=\"fusion-rollover-content\">\n\n\t\t\t\t\n\t\t\n\t\t\t\t\t\t\t\t\n\t\t\t\t\t\t\t\t\n\t\t\n\t\t\t\t\t\t\t\t\t\t\t\t\t\t\t\n\t\t\t\t\t\t\n\t\t\t\t\t\t\t\t\t\t<div class=\"fusion-product-buttons\">\n\t\t\t\t\t<a href=\"\/site\/wp-json\/wp\/v2\/pages\/8675?add-to-cart=10035\" aria-describedby=\"woocommerce_loop_add_to_cart_link_describedby_10035\" data-quantity=\"1\" class=\"button product_type_simple add_to_cart_button ajax_add_to_cart\" data-product_id=\"10035\" data-product_sku=\"REA053_2-pdf\" aria-label=\"Ajouter au panier\u00a0: &ldquo;Cartographies autochtones (2025, vol. 53, no. 2) \u2013 version PDF&rdquo;\" rel=\"nofollow\">Ajouter au panier<\/a>\t<span id=\"woocommerce_loop_add_to_cart_link_describedby_10035\" class=\"screen-reader-text\">\n\t\t\t<\/span>\n<span class=\"fusion-rollover-linebreak\">\n\t\/<\/span>\n\n<a href=\"https:\/\/recherches-autochtones.org\/site\/produit\/cartographies-autochtones-2025-vol-53-no-2-pdf\/\" class=\"show_details_button fusion-has-quick-view\">\n\tD\u00e9tails<\/a>\n\n\t<a href=\"#fusion-quick-view\" class=\"fusion-quick-view\" data-product-id=\"10035\">\n\t\tAper\u00e7u\t<\/a>\n\t\t\t\t<\/div>\n\t\t\t\t\t\t\t\t\t<a class=\"fusion-link-wrapper\" href=\"https:\/\/recherches-autochtones.org\/site\/produit\/cartographies-autochtones-2025-vol-53-no-2-pdf\/\" aria-label=\"Cartographies autochtones (2025, vol. 53, no. 2) \u2013 version PDF\"><\/a>\n\t<\/div>\n<\/div>\n<\/div>\n<\/div>\n<div class=\"fusion-product-content\">\n\t<div class=\"product-details\">\n\t\t<div class=\"product-details-container\">\n<h3 class=\"product-title\">\n\t<a href=\"https:\/\/recherches-autochtones.org\/site\/produit\/cartographies-autochtones-2025-vol-53-no-2-pdf\/\">\n\t\tCartographies autochtones (2025, vol. 53, no. 2) \u2013 version PDF\t<\/a>\n<\/h3>\n<div class=\"fusion-price-rating\">\n\n\t<span class=\"price\"><span class=\"woocommerce-Price-amount amount\"><bdi>22.00<span class=\"woocommerce-Price-currencySymbol\">&#36;<\/span><\/bdi><\/span><\/span>\n\t\t<\/div>\n\t<\/div>\n<\/div>\n\n\t<\/div> \n\n\n<\/div>\n<\/li>\n<li class=\"product type-product post-10031 status-publish instock product_cat-format product_cat-papier product_cat-revue-detudes-autochtones has-post-thumbnail featured purchasable product-type-simple product-grid-view\">\n\t<div class=\"fusion-product-wrapper\">\n\n<div class=\"fusion-clean-product-image-wrapper \">\n\t<div  class=\"fusion-image-wrapper fusion-image-size-fixed\" aria-haspopup=\"true\">\n\t\t\t\t<img decoding=\"async\" width=\"500\" height=\"641\" src=\"https:\/\/recherches-autochtones.org\/site\/wp-content\/uploads\/2025\/02\/rea053_2_c1-500x641.jpg\" class=\"attachment-woocommerce_thumbnail size-woocommerce_thumbnail wp-post-image\" alt=\"\" srcset=\"https:\/\/recherches-autochtones.org\/site\/wp-content\/uploads\/2025\/02\/rea053_2_c1-117x150.jpg 117w, https:\/\/recherches-autochtones.org\/site\/wp-content\/uploads\/2025\/02\/rea053_2_c1-200x257.jpg 200w, https:\/\/recherches-autochtones.org\/site\/wp-content\/uploads\/2025\/02\/rea053_2_c1-234x300.jpg 234w, https:\/\/recherches-autochtones.org\/site\/wp-content\/uploads\/2025\/02\/rea053_2_c1-400x513.jpg 400w, https:\/\/recherches-autochtones.org\/site\/wp-content\/uploads\/2025\/02\/rea053_2_c1-500x641.jpg 500w, https:\/\/recherches-autochtones.org\/site\/wp-content\/uploads\/2025\/02\/rea053_2_c1-600x770.jpg 600w, https:\/\/recherches-autochtones.org\/site\/wp-content\/uploads\/2025\/02\/rea053_2_c1.jpg 700w\" sizes=\"(max-width: 500px) 100vw, 500px\" \/><div class=\"fusion-rollover\">\n\t<div class=\"fusion-rollover-content\">\n\n\t\t\t\t\n\t\t\n\t\t\t\t\t\t\t\t\n\t\t\t\t\t\t\t\t\n\t\t\n\t\t\t\t\t\t\t\t\t\t\t\t\t\t\t\n\t\t\t\t\t\t\n\t\t\t\t\t\t\t\t\t\t<div class=\"fusion-product-buttons\">\n\t\t\t\t\t<a href=\"\/site\/wp-json\/wp\/v2\/pages\/8675?add-to-cart=10031\" aria-describedby=\"woocommerce_loop_add_to_cart_link_describedby_10031\" data-quantity=\"1\" class=\"button product_type_simple add_to_cart_button ajax_add_to_cart\" data-product_id=\"10031\" data-product_sku=\"REA053_2\" aria-label=\"Ajouter au panier\u00a0: &ldquo;Cartographies autochtones (2025, vol. 53, no. 2)&rdquo;\" rel=\"nofollow\">Ajouter au panier<\/a>\t<span id=\"woocommerce_loop_add_to_cart_link_describedby_10031\" class=\"screen-reader-text\">\n\t\t\t<\/span>\n<span class=\"fusion-rollover-linebreak\">\n\t\/<\/span>\n\n<a href=\"https:\/\/recherches-autochtones.org\/site\/produit\/cartographies-autochtones-2025-vol-53-no-2\/\" class=\"show_details_button fusion-has-quick-view\">\n\tD\u00e9tails<\/a>\n\n\t<a href=\"#fusion-quick-view\" class=\"fusion-quick-view\" data-product-id=\"10031\">\n\t\tAper\u00e7u\t<\/a>\n\t\t\t\t<\/div>\n\t\t\t\t\t\t\t\t\t<a class=\"fusion-link-wrapper\" href=\"https:\/\/recherches-autochtones.org\/site\/produit\/cartographies-autochtones-2025-vol-53-no-2\/\" aria-label=\"Cartographies autochtones (2025, vol. 53, no. 2)\"><\/a>\n\t<\/div>\n<\/div>\n<\/div>\n<\/div>\n<div class=\"fusion-product-content\">\n\t<div class=\"product-details\">\n\t\t<div class=\"product-details-container\">\n<h3 class=\"product-title\">\n\t<a href=\"https:\/\/recherches-autochtones.org\/site\/produit\/cartographies-autochtones-2025-vol-53-no-2\/\">\n\t\tCartographies autochtones (2025, vol. 53, no. 2)\t<\/a>\n<\/h3>\n<div class=\"fusion-price-rating\">\n\n\t<span class=\"price\"><span class=\"woocommerce-Price-amount amount\"><bdi>32.00<span class=\"woocommerce-Price-currencySymbol\">&#36;<\/span><\/bdi><\/span><\/span>\n\t\t<\/div>\n\t<\/div>\n<\/div>\n\n\t<\/div> \n\n\n<\/div>\n<\/li>\n<li class=\"product type-product post-9840 status-publish last instock product_cat-format product_cat-pdf product_cat-revue-detudes-autochtones has-post-thumbnail featured downloadable virtual purchasable product-type-simple product-grid-view\">\n\t<div class=\"fusion-product-wrapper\">\n\n<div class=\"fusion-clean-product-image-wrapper \">\n\t<div  class=\"fusion-image-wrapper fusion-image-size-fixed\" aria-haspopup=\"true\">\n\t\t\t\t<img decoding=\"async\" width=\"500\" height=\"642\" src=\"https:\/\/recherches-autochtones.org\/site\/wp-content\/uploads\/2024\/09\/rea053_1_c01-pdf-500x642.jpg\" class=\"attachment-woocommerce_thumbnail size-woocommerce_thumbnail wp-post-image\" alt=\"\" srcset=\"https:\/\/recherches-autochtones.org\/site\/wp-content\/uploads\/2024\/09\/rea053_1_c01-pdf-117x150.jpg 117w, https:\/\/recherches-autochtones.org\/site\/wp-content\/uploads\/2024\/09\/rea053_1_c01-pdf-200x257.jpg 200w, https:\/\/recherches-autochtones.org\/site\/wp-content\/uploads\/2024\/09\/rea053_1_c01-pdf-234x300.jpg 234w, https:\/\/recherches-autochtones.org\/site\/wp-content\/uploads\/2024\/09\/rea053_1_c01-pdf-400x514.jpg 400w, https:\/\/recherches-autochtones.org\/site\/wp-content\/uploads\/2024\/09\/rea053_1_c01-pdf-500x642.jpg 500w, https:\/\/recherches-autochtones.org\/site\/wp-content\/uploads\/2024\/09\/rea053_1_c01-pdf-600x771.jpg 600w, https:\/\/recherches-autochtones.org\/site\/wp-content\/uploads\/2024\/09\/rea053_1_c01-pdf.jpg 700w\" sizes=\"(max-width: 500px) 100vw, 500px\" \/><div class=\"fusion-rollover\">\n\t<div class=\"fusion-rollover-content\">\n\n\t\t\t\t\n\t\t\n\t\t\t\t\t\t\t\t\n\t\t\t\t\t\t\t\t\n\t\t\n\t\t\t\t\t\t\t\t\t\t\t\t\t\t\t\n\t\t\t\t\t\t\n\t\t\t\t\t\t\t\t\t\t<div class=\"fusion-product-buttons\">\n\t\t\t\t\t<a href=\"\/site\/wp-json\/wp\/v2\/pages\/8675?add-to-cart=9840\" aria-describedby=\"woocommerce_loop_add_to_cart_link_describedby_9840\" data-quantity=\"1\" class=\"button product_type_simple add_to_cart_button ajax_add_to_cart\" data-product_id=\"9840\" data-product_sku=\"REA053_1-pdf\" aria-label=\"Ajouter au panier\u00a0: &ldquo;Auto-autochtonisation : regards crois\u00e9s sur une mutation coloniale (2023-2024, vol. 53, no. 1) - version PDF&rdquo;\" rel=\"nofollow\">Ajouter au panier<\/a>\t<span id=\"woocommerce_loop_add_to_cart_link_describedby_9840\" class=\"screen-reader-text\">\n\t\t\t<\/span>\n<span class=\"fusion-rollover-linebreak\">\n\t\/<\/span>\n\n<a href=\"https:\/\/recherches-autochtones.org\/site\/produit\/auto-autochtonisation-regards-croises-sur-une-mutation-coloniale-2023-2024-vol-53-no-1-pdf\/\" class=\"show_details_button fusion-has-quick-view\">\n\tD\u00e9tails<\/a>\n\n\t<a href=\"#fusion-quick-view\" class=\"fusion-quick-view\" data-product-id=\"9840\">\n\t\tAper\u00e7u\t<\/a>\n\t\t\t\t<\/div>\n\t\t\t\t\t\t\t\t\t<a class=\"fusion-link-wrapper\" href=\"https:\/\/recherches-autochtones.org\/site\/produit\/auto-autochtonisation-regards-croises-sur-une-mutation-coloniale-2023-2024-vol-53-no-1-pdf\/\" aria-label=\"Auto-autochtonisation : regards crois\u00e9s sur une mutation coloniale (2023-2024, vol. 53, no. 1) &#8211; version PDF\"><\/a>\n\t<\/div>\n<\/div>\n<\/div>\n<\/div>\n<div class=\"fusion-product-content\">\n\t<div class=\"product-details\">\n\t\t<div class=\"product-details-container\">\n<h3 class=\"product-title\">\n\t<a href=\"https:\/\/recherches-autochtones.org\/site\/produit\/auto-autochtonisation-regards-croises-sur-une-mutation-coloniale-2023-2024-vol-53-no-1-pdf\/\">\n\t\tAuto-autochtonisation : regards crois\u00e9s sur une mutation coloniale (2023-2024, vol. 53, no. 1) &#8211; version PDF\t<\/a>\n<\/h3>\n<div class=\"fusion-price-rating\">\n\n\t<span class=\"price\"><span class=\"woocommerce-Price-amount amount\"><bdi>22.00<span class=\"woocommerce-Price-currencySymbol\">&#36;<\/span><\/bdi><\/span><\/span>\n\t\t<\/div>\n\t<\/div>\n<\/div>\n\n\t<\/div> \n\n\n<\/div>\n<\/li>\n<li class=\"product type-product post-9809 status-publish first instock product_cat-format product_cat-papier product_cat-revue-detudes-autochtones has-post-thumbnail featured purchasable product-type-simple product-grid-view\">\n\t<div class=\"fusion-product-wrapper\">\n\n<div class=\"fusion-clean-product-image-wrapper \">\n\t<div  class=\"fusion-image-wrapper fusion-image-size-fixed\" aria-haspopup=\"true\">\n\t\t\t\t<img decoding=\"async\" width=\"500\" height=\"642\" src=\"https:\/\/recherches-autochtones.org\/site\/wp-content\/uploads\/2024\/08\/rea053_1_c1-500x642.jpg\" class=\"attachment-woocommerce_thumbnail size-woocommerce_thumbnail wp-post-image\" alt=\"\" srcset=\"https:\/\/recherches-autochtones.org\/site\/wp-content\/uploads\/2024\/08\/rea053_1_c1-117x150.jpg 117w, https:\/\/recherches-autochtones.org\/site\/wp-content\/uploads\/2024\/08\/rea053_1_c1-200x257.jpg 200w, https:\/\/recherches-autochtones.org\/site\/wp-content\/uploads\/2024\/08\/rea053_1_c1-234x300.jpg 234w, https:\/\/recherches-autochtones.org\/site\/wp-content\/uploads\/2024\/08\/rea053_1_c1-400x514.jpg 400w, https:\/\/recherches-autochtones.org\/site\/wp-content\/uploads\/2024\/08\/rea053_1_c1-500x642.jpg 500w, https:\/\/recherches-autochtones.org\/site\/wp-content\/uploads\/2024\/08\/rea053_1_c1-600x770.jpg 600w, https:\/\/recherches-autochtones.org\/site\/wp-content\/uploads\/2024\/08\/rea053_1_c1.jpg 701w\" sizes=\"(max-width: 500px) 100vw, 500px\" \/><div class=\"fusion-rollover\">\n\t<div class=\"fusion-rollover-content\">\n\n\t\t\t\t\n\t\t\n\t\t\t\t\t\t\t\t\n\t\t\t\t\t\t\t\t\n\t\t\n\t\t\t\t\t\t\t\t\t\t\t\t\t\t\t\n\t\t\t\t\t\t\n\t\t\t\t\t\t\t\t\t\t<div class=\"fusion-product-buttons\">\n\t\t\t\t\t<a href=\"\/site\/wp-json\/wp\/v2\/pages\/8675?add-to-cart=9809\" aria-describedby=\"woocommerce_loop_add_to_cart_link_describedby_9809\" data-quantity=\"1\" class=\"button product_type_simple add_to_cart_button ajax_add_to_cart\" data-product_id=\"9809\" data-product_sku=\"REA053_1\" aria-label=\"Ajouter au panier\u00a0: &ldquo;Auto-autochtonisation : regards crois\u00e9s sur une mutation coloniale (2023-2024, vol. 53, no. 1)&rdquo;\" rel=\"nofollow\">Ajouter au panier<\/a>\t<span id=\"woocommerce_loop_add_to_cart_link_describedby_9809\" class=\"screen-reader-text\">\n\t\t\t<\/span>\n<span class=\"fusion-rollover-linebreak\">\n\t\/<\/span>\n\n<a href=\"https:\/\/recherches-autochtones.org\/site\/produit\/auto-autochtonisation-regards-croises-sur-une-mutation-coloniale-2023-2024-vol-53-no-1\/\" class=\"show_details_button fusion-has-quick-view\">\n\tD\u00e9tails<\/a>\n\n\t<a href=\"#fusion-quick-view\" class=\"fusion-quick-view\" data-product-id=\"9809\">\n\t\tAper\u00e7u\t<\/a>\n\t\t\t\t<\/div>\n\t\t\t\t\t\t\t\t\t<a class=\"fusion-link-wrapper\" href=\"https:\/\/recherches-autochtones.org\/site\/produit\/auto-autochtonisation-regards-croises-sur-une-mutation-coloniale-2023-2024-vol-53-no-1\/\" aria-label=\"Auto-autochtonisation : regards crois\u00e9s sur une mutation coloniale (2023-2024, vol. 53, no. 1)\"><\/a>\n\t<\/div>\n<\/div>\n<\/div>\n<\/div>\n<div class=\"fusion-product-content\">\n\t<div class=\"product-details\">\n\t\t<div class=\"product-details-container\">\n<h3 class=\"product-title\">\n\t<a href=\"https:\/\/recherches-autochtones.org\/site\/produit\/auto-autochtonisation-regards-croises-sur-une-mutation-coloniale-2023-2024-vol-53-no-1\/\">\n\t\tAuto-autochtonisation : regards crois\u00e9s sur une mutation coloniale (2023-2024, vol. 53, no. 1)\t<\/a>\n<\/h3>\n<div class=\"fusion-price-rating\">\n\n\t<span class=\"price\"><span class=\"woocommerce-Price-amount amount\"><bdi>32.00<span class=\"woocommerce-Price-currencySymbol\">&#36;<\/span><\/bdi><\/span><\/span>\n\t\t<\/div>\n\t<\/div>\n<\/div>\n\n\t<\/div> \n\n\n<\/div>\n<\/li>\n<li class=\"product type-product post-9757 status-publish instock product_cat-format product_cat-pdf product_cat-revue-detudes-autochtones has-post-thumbnail featured downloadable virtual purchasable product-type-simple product-grid-view\">\n\t<div class=\"fusion-product-wrapper\">\n\n<div class=\"fusion-clean-product-image-wrapper \">\n\t<div  class=\"fusion-image-wrapper fusion-image-size-fixed\" aria-haspopup=\"true\">\n\t\t\t\t<img decoding=\"async\" width=\"500\" height=\"642\" src=\"https:\/\/recherches-autochtones.org\/site\/wp-content\/uploads\/2024\/03\/rea52_3_c1-pdf-500x642.jpg\" class=\"attachment-woocommerce_thumbnail size-woocommerce_thumbnail wp-post-image\" alt=\"\" srcset=\"https:\/\/recherches-autochtones.org\/site\/wp-content\/uploads\/2024\/03\/rea52_3_c1-pdf-117x150.jpg 117w, https:\/\/recherches-autochtones.org\/site\/wp-content\/uploads\/2024\/03\/rea52_3_c1-pdf-200x257.jpg 200w, https:\/\/recherches-autochtones.org\/site\/wp-content\/uploads\/2024\/03\/rea52_3_c1-pdf-234x300.jpg 234w, https:\/\/recherches-autochtones.org\/site\/wp-content\/uploads\/2024\/03\/rea52_3_c1-pdf-400x514.jpg 400w, https:\/\/recherches-autochtones.org\/site\/wp-content\/uploads\/2024\/03\/rea52_3_c1-pdf-500x642.jpg 500w, https:\/\/recherches-autochtones.org\/site\/wp-content\/uploads\/2024\/03\/rea52_3_c1-pdf-600x770.jpg 600w, https:\/\/recherches-autochtones.org\/site\/wp-content\/uploads\/2024\/03\/rea52_3_c1-pdf.jpg 701w\" sizes=\"(max-width: 500px) 100vw, 500px\" \/><div class=\"fusion-rollover\">\n\t<div class=\"fusion-rollover-content\">\n\n\t\t\t\t\n\t\t\n\t\t\t\t\t\t\t\t\n\t\t\t\t\t\t\t\t\n\t\t\n\t\t\t\t\t\t\t\t\t\t\t\t\t\t\t\n\t\t\t\t\t\t\n\t\t\t\t\t\t\t\t\t\t<div class=\"fusion-product-buttons\">\n\t\t\t\t\t<a href=\"\/site\/wp-json\/wp\/v2\/pages\/8675?add-to-cart=9757\" aria-describedby=\"woocommerce_loop_add_to_cart_link_describedby_9757\" data-quantity=\"1\" class=\"button product_type_simple add_to_cart_button ajax_add_to_cart\" data-product_id=\"9757\" data-product_sku=\"REA052_3-1\" aria-label=\"Ajouter au panier\u00a0: &ldquo;Patrimoines autochtones territoriaux : le droit de prot\u00e9ger les espaces de culture et de transmission (2022-2023, vol. 52, no. 3) \u2013 version PDF&rdquo;\" rel=\"nofollow\">Ajouter au panier<\/a>\t<span id=\"woocommerce_loop_add_to_cart_link_describedby_9757\" class=\"screen-reader-text\">\n\t\t\t<\/span>\n<span class=\"fusion-rollover-linebreak\">\n\t\/<\/span>\n\n<a href=\"https:\/\/recherches-autochtones.org\/site\/produit\/patrimoines-autochtones-territoriaux-le-droit-de-proteger-les-espaces-de-culture-et-de-transmission-2022-2023-vol-52-no-3-pdf\/\" class=\"show_details_button fusion-has-quick-view\">\n\tD\u00e9tails<\/a>\n\n\t<a href=\"#fusion-quick-view\" class=\"fusion-quick-view\" data-product-id=\"9757\">\n\t\tAper\u00e7u\t<\/a>\n\t\t\t\t<\/div>\n\t\t\t\t\t\t\t\t\t<a class=\"fusion-link-wrapper\" href=\"https:\/\/recherches-autochtones.org\/site\/produit\/patrimoines-autochtones-territoriaux-le-droit-de-proteger-les-espaces-de-culture-et-de-transmission-2022-2023-vol-52-no-3-pdf\/\" aria-label=\"Patrimoines autochtones territoriaux : le droit de prot\u00e9ger les espaces de culture et de transmission (2022-2023, vol. 52, no. 3) \u2013 version PDF\"><\/a>\n\t<\/div>\n<\/div>\n<\/div>\n<\/div>\n<div class=\"fusion-product-content\">\n\t<div class=\"product-details\">\n\t\t<div class=\"product-details-container\">\n<h3 class=\"product-title\">\n\t<a href=\"https:\/\/recherches-autochtones.org\/site\/produit\/patrimoines-autochtones-territoriaux-le-droit-de-proteger-les-espaces-de-culture-et-de-transmission-2022-2023-vol-52-no-3-pdf\/\">\n\t\tPatrimoines autochtones territoriaux : le droit de prot\u00e9ger les espaces de culture et de transmission (2022-2023, vol. 52, no. 3) \u2013 version PDF\t<\/a>\n<\/h3>\n<div class=\"fusion-price-rating\">\n\n\t<span class=\"price\"><span class=\"woocommerce-Price-amount amount\"><bdi>22.00<span class=\"woocommerce-Price-currencySymbol\">&#36;<\/span><\/bdi><\/span><\/span>\n\t\t<\/div>\n\t<\/div>\n<\/div>\n\n\t<\/div> \n\n\n<\/div>\n<\/li>\n<li class=\"product type-product post-9603 status-publish instock product_cat-format product_cat-papier product_cat-revue-detudes-autochtones has-post-thumbnail featured purchasable product-type-simple product-grid-view\">\n\t<div class=\"fusion-product-wrapper\">\n\n<div class=\"fusion-clean-product-image-wrapper \">\n\t<div  class=\"fusion-image-wrapper fusion-image-size-fixed\" aria-haspopup=\"true\">\n\t\t\t\t<img decoding=\"async\" width=\"500\" height=\"642\" src=\"https:\/\/recherches-autochtones.org\/site\/wp-content\/uploads\/2024\/03\/rea52_3_c1-500x642.jpg\" class=\"attachment-woocommerce_thumbnail size-woocommerce_thumbnail wp-post-image\" alt=\"\" srcset=\"https:\/\/recherches-autochtones.org\/site\/wp-content\/uploads\/2024\/03\/rea52_3_c1-117x150.jpg 117w, https:\/\/recherches-autochtones.org\/site\/wp-content\/uploads\/2024\/03\/rea52_3_c1-200x257.jpg 200w, https:\/\/recherches-autochtones.org\/site\/wp-content\/uploads\/2024\/03\/rea52_3_c1-234x300.jpg 234w, https:\/\/recherches-autochtones.org\/site\/wp-content\/uploads\/2024\/03\/rea52_3_c1-400x514.jpg 400w, https:\/\/recherches-autochtones.org\/site\/wp-content\/uploads\/2024\/03\/rea52_3_c1-500x642.jpg 500w, https:\/\/recherches-autochtones.org\/site\/wp-content\/uploads\/2024\/03\/rea52_3_c1-600x770.jpg 600w, https:\/\/recherches-autochtones.org\/site\/wp-content\/uploads\/2024\/03\/rea52_3_c1.jpg 701w\" sizes=\"(max-width: 500px) 100vw, 500px\" \/><div class=\"fusion-rollover\">\n\t<div class=\"fusion-rollover-content\">\n\n\t\t\t\t\n\t\t\n\t\t\t\t\t\t\t\t\n\t\t\t\t\t\t\t\t\n\t\t\n\t\t\t\t\t\t\t\t\t\t\t\t\t\t\t\n\t\t\t\t\t\t\n\t\t\t\t\t\t\t\t\t\t<div class=\"fusion-product-buttons\">\n\t\t\t\t\t<a href=\"\/site\/wp-json\/wp\/v2\/pages\/8675?add-to-cart=9603\" aria-describedby=\"woocommerce_loop_add_to_cart_link_describedby_9603\" data-quantity=\"1\" class=\"button product_type_simple add_to_cart_button ajax_add_to_cart\" data-product_id=\"9603\" data-product_sku=\"REA052_3\" aria-label=\"Ajouter au panier\u00a0: &ldquo;Patrimoines autochtones territoriaux : le droit de prot\u00e9ger les espaces de culture et de transmission (2022-2023, vol. 52, no. 3)&rdquo;\" rel=\"nofollow\">Ajouter au panier<\/a>\t<span id=\"woocommerce_loop_add_to_cart_link_describedby_9603\" class=\"screen-reader-text\">\n\t\t\t<\/span>\n<span class=\"fusion-rollover-linebreak\">\n\t\/<\/span>\n\n<a href=\"https:\/\/recherches-autochtones.org\/site\/produit\/patrimoines-autochtones-territoriaux-2022-2023-vol-52-no-3\/\" class=\"show_details_button fusion-has-quick-view\">\n\tD\u00e9tails<\/a>\n\n\t<a href=\"#fusion-quick-view\" class=\"fusion-quick-view\" data-product-id=\"9603\">\n\t\tAper\u00e7u\t<\/a>\n\t\t\t\t<\/div>\n\t\t\t\t\t\t\t\t\t<a class=\"fusion-link-wrapper\" href=\"https:\/\/recherches-autochtones.org\/site\/produit\/patrimoines-autochtones-territoriaux-2022-2023-vol-52-no-3\/\" aria-label=\"Patrimoines autochtones territoriaux : le droit de prot\u00e9ger les espaces de culture et de transmission (2022-2023, vol. 52, no. 3)\"><\/a>\n\t<\/div>\n<\/div>\n<\/div>\n<\/div>\n<div class=\"fusion-product-content\">\n\t<div class=\"product-details\">\n\t\t<div class=\"product-details-container\">\n<h3 class=\"product-title\">\n\t<a href=\"https:\/\/recherches-autochtones.org\/site\/produit\/patrimoines-autochtones-territoriaux-2022-2023-vol-52-no-3\/\">\n\t\tPatrimoines autochtones territoriaux : le droit de prot\u00e9ger les espaces de culture et de transmission (2022-2023, vol. 52, no. 3)\t<\/a>\n<\/h3>\n<div class=\"fusion-price-rating\">\n\n\t<span class=\"price\"><span class=\"woocommerce-Price-amount amount\"><bdi>32.00<span class=\"woocommerce-Price-currencySymbol\">&#36;<\/span><\/bdi><\/span><\/span>\n\t\t<\/div>\n\t<\/div>\n<\/div>\n\n\t<\/div> \n\n\n<\/div>\n<\/li>\n<li class=\"product type-product post-9500 status-publish instock product_cat-collections product_cat-format product_cat-paleo-quebec product_cat-pdf has-post-thumbnail featured downloadable virtual purchasable product-type-simple product-grid-view\">\n\t<div class=\"fusion-product-wrapper\">\n\n<div class=\"fusion-clean-product-image-wrapper \">\n\t<div  class=\"fusion-image-wrapper fusion-image-size-fixed\" aria-haspopup=\"true\">\n\t\t\t\t<img decoding=\"async\" width=\"500\" height=\"647\" src=\"https:\/\/recherches-autochtones.org\/site\/wp-content\/uploads\/2024\/01\/pq040_c01-500x647.jpg\" class=\"attachment-woocommerce_thumbnail size-woocommerce_thumbnail wp-post-image\" alt=\"\" srcset=\"https:\/\/recherches-autochtones.org\/site\/wp-content\/uploads\/2024\/01\/pq040_c01-e1708698660850-116x150.jpg 116w, https:\/\/recherches-autochtones.org\/site\/wp-content\/uploads\/2024\/01\/pq040_c01-e1708698660850-200x259.jpg 200w, https:\/\/recherches-autochtones.org\/site\/wp-content\/uploads\/2024\/01\/pq040_c01-e1708698660850-232x300.jpg 232w, https:\/\/recherches-autochtones.org\/site\/wp-content\/uploads\/2024\/01\/pq040_c01-e1708698660850-400x517.jpg 400w, https:\/\/recherches-autochtones.org\/site\/wp-content\/uploads\/2024\/01\/pq040_c01-e1708698660850.jpg 450w, https:\/\/recherches-autochtones.org\/site\/wp-content\/uploads\/2024\/01\/pq040_c01-500x647.jpg 500w, https:\/\/recherches-autochtones.org\/site\/wp-content\/uploads\/2024\/01\/pq040_c01-600x776.jpg 600w\" sizes=\"(max-width: 500px) 100vw, 500px\" \/><div class=\"fusion-rollover\">\n\t<div class=\"fusion-rollover-content\">\n\n\t\t\t\t\n\t\t\n\t\t\t\t\t\t\t\t\n\t\t\t\t\t\t\t\t\n\t\t\n\t\t\t\t\t\t\t\t\t\t\t\t\t\t\t\n\t\t\t\t\t\t\n\t\t\t\t\t\t\t\t\t\t<div class=\"fusion-product-buttons\">\n\t\t\t\t\t<a href=\"\/site\/wp-json\/wp\/v2\/pages\/8675?add-to-cart=9500\" aria-describedby=\"woocommerce_loop_add_to_cart_link_describedby_9500\" data-quantity=\"1\" class=\"button product_type_simple add_to_cart_button ajax_add_to_cart\" data-product_id=\"9500\" data-product_sku=\"PQ040-1-pdf\" aria-label=\"Ajouter au panier\u00a0: &ldquo;Kruger 3 : lieu de portage mill\u00e9naire \u00e0 Brompton \u2013 version PDF&rdquo;\" rel=\"nofollow\">Ajouter au panier<\/a>\t<span id=\"woocommerce_loop_add_to_cart_link_describedby_9500\" class=\"screen-reader-text\">\n\t\t\t<\/span>\n<span class=\"fusion-rollover-linebreak\">\n\t\/<\/span>\n\n<a href=\"https:\/\/recherches-autochtones.org\/site\/produit\/kruger-3-lieu-de-portage-millenaire-a-brompton-pdf\/\" class=\"show_details_button fusion-has-quick-view\">\n\tD\u00e9tails<\/a>\n\n\t<a href=\"#fusion-quick-view\" class=\"fusion-quick-view\" data-product-id=\"9500\">\n\t\tAper\u00e7u\t<\/a>\n\t\t\t\t<\/div>\n\t\t\t\t\t\t\t\t\t<a class=\"fusion-link-wrapper\" href=\"https:\/\/recherches-autochtones.org\/site\/produit\/kruger-3-lieu-de-portage-millenaire-a-brompton-pdf\/\" aria-label=\"Kruger 3 : lieu de portage mill\u00e9naire \u00e0 Brompton \u2013 version PDF\"><\/a>\n\t<\/div>\n<\/div>\n<\/div>\n<\/div>\n<div class=\"fusion-product-content\">\n\t<div class=\"product-details\">\n\t\t<div class=\"product-details-container\">\n<h3 class=\"product-title\">\n\t<a href=\"https:\/\/recherches-autochtones.org\/site\/produit\/kruger-3-lieu-de-portage-millenaire-a-brompton-pdf\/\">\n\t\tKruger 3 : lieu de portage mill\u00e9naire \u00e0 Brompton \u2013 version PDF\t<\/a>\n<\/h3>\n<div class=\"fusion-price-rating\">\n\n\t<span class=\"price\"><span class=\"woocommerce-Price-amount amount\"><bdi>18.00<span class=\"woocommerce-Price-currencySymbol\">&#36;<\/span><\/bdi><\/span><\/span>\n\t\t<\/div>\n\t<\/div>\n<\/div>\n\n\t<\/div> \n\n\n<\/div>\n<\/li>\n<li class=\"product type-product post-9497 status-publish last instock product_cat-paleo-quebec product_cat-papier has-post-thumbnail featured purchasable product-type-simple product-grid-view\">\n\t<div class=\"fusion-product-wrapper\">\n\n<div class=\"fusion-clean-product-image-wrapper \">\n\t<div  class=\"fusion-image-wrapper fusion-image-size-fixed\" aria-haspopup=\"true\">\n\t\t\t\t<img decoding=\"async\" width=\"500\" height=\"647\" src=\"https:\/\/recherches-autochtones.org\/site\/wp-content\/uploads\/2024\/01\/pq040_c01-500x647.jpg\" class=\"attachment-woocommerce_thumbnail size-woocommerce_thumbnail wp-post-image\" alt=\"\" srcset=\"https:\/\/recherches-autochtones.org\/site\/wp-content\/uploads\/2024\/01\/pq040_c01-e1708698660850-116x150.jpg 116w, https:\/\/recherches-autochtones.org\/site\/wp-content\/uploads\/2024\/01\/pq040_c01-e1708698660850-200x259.jpg 200w, https:\/\/recherches-autochtones.org\/site\/wp-content\/uploads\/2024\/01\/pq040_c01-e1708698660850-232x300.jpg 232w, https:\/\/recherches-autochtones.org\/site\/wp-content\/uploads\/2024\/01\/pq040_c01-e1708698660850-400x517.jpg 400w, https:\/\/recherches-autochtones.org\/site\/wp-content\/uploads\/2024\/01\/pq040_c01-e1708698660850.jpg 450w, https:\/\/recherches-autochtones.org\/site\/wp-content\/uploads\/2024\/01\/pq040_c01-500x647.jpg 500w, https:\/\/recherches-autochtones.org\/site\/wp-content\/uploads\/2024\/01\/pq040_c01-600x776.jpg 600w\" sizes=\"(max-width: 500px) 100vw, 500px\" \/><div class=\"fusion-rollover\">\n\t<div class=\"fusion-rollover-content\">\n\n\t\t\t\t\n\t\t\n\t\t\t\t\t\t\t\t\n\t\t\t\t\t\t\t\t\n\t\t\n\t\t\t\t\t\t\t\t\t\t\t\t\t\t\t\n\t\t\t\t\t\t\n\t\t\t\t\t\t\t\t\t\t<div class=\"fusion-product-buttons\">\n\t\t\t\t\t<a href=\"\/site\/wp-json\/wp\/v2\/pages\/8675?add-to-cart=9497\" aria-describedby=\"woocommerce_loop_add_to_cart_link_describedby_9497\" data-quantity=\"1\" class=\"button product_type_simple add_to_cart_button ajax_add_to_cart\" data-product_id=\"9497\" data-product_sku=\"PQ040\" aria-label=\"Ajouter au panier\u00a0: &ldquo;Kruger 3 : lieu de portage mill\u00e9naire \u00e0 Brompton&rdquo;\" rel=\"nofollow\">Ajouter au panier<\/a>\t<span id=\"woocommerce_loop_add_to_cart_link_describedby_9497\" class=\"screen-reader-text\">\n\t\t\t<\/span>\n<span class=\"fusion-rollover-linebreak\">\n\t\/<\/span>\n\n<a href=\"https:\/\/recherches-autochtones.org\/site\/produit\/kruger-3-lieu-de-portage-millenaire-a-brompton\/\" class=\"show_details_button fusion-has-quick-view\">\n\tD\u00e9tails<\/a>\n\n\t<a href=\"#fusion-quick-view\" class=\"fusion-quick-view\" data-product-id=\"9497\">\n\t\tAper\u00e7u\t<\/a>\n\t\t\t\t<\/div>\n\t\t\t\t\t\t\t\t\t<a class=\"fusion-link-wrapper\" href=\"https:\/\/recherches-autochtones.org\/site\/produit\/kruger-3-lieu-de-portage-millenaire-a-brompton\/\" aria-label=\"Kruger 3 : lieu de portage mill\u00e9naire \u00e0 Brompton\"><\/a>\n\t<\/div>\n<\/div>\n<\/div>\n<\/div>\n<div class=\"fusion-product-content\">\n\t<div class=\"product-details\">\n\t\t<div class=\"product-details-container\">\n<h3 class=\"product-title\">\n\t<a href=\"https:\/\/recherches-autochtones.org\/site\/produit\/kruger-3-lieu-de-portage-millenaire-a-brompton\/\">\n\t\tKruger 3 : lieu de portage mill\u00e9naire \u00e0 Brompton\t<\/a>\n<\/h3>\n<div class=\"fusion-price-rating\">\n\n\t<span class=\"price\"><span class=\"woocommerce-Price-amount amount\"><bdi>30.00<span class=\"woocommerce-Price-currencySymbol\">&#36;<\/span><\/bdi><\/span><\/span>\n\t\t<\/div>\n\t<\/div>\n<\/div>\n\n\t<\/div> \n\n\n<\/div>\n<\/li>\n<li class=\"product type-product post-9329 status-publish first instock product_cat-format product_cat-pdf product_cat-revue-detudes-autochtones has-post-thumbnail featured downloadable virtual purchasable product-type-simple product-grid-view\">\n\t<div class=\"fusion-product-wrapper\">\n\n<div class=\"fusion-clean-product-image-wrapper \">\n\t<div  class=\"fusion-image-wrapper fusion-image-size-fixed\" aria-haspopup=\"true\">\n\t\t\t\t<img decoding=\"async\" width=\"500\" height=\"642\" src=\"https:\/\/recherches-autochtones.org\/site\/wp-content\/uploads\/2024\/05\/rea052_1-2_c1-pdf-500x642.jpg\" class=\"attachment-woocommerce_thumbnail size-woocommerce_thumbnail wp-post-image\" alt=\"\" srcset=\"https:\/\/recherches-autochtones.org\/site\/wp-content\/uploads\/2024\/05\/rea052_1-2_c1-pdf-117x150.jpg 117w, https:\/\/recherches-autochtones.org\/site\/wp-content\/uploads\/2024\/05\/rea052_1-2_c1-pdf-200x257.jpg 200w, https:\/\/recherches-autochtones.org\/site\/wp-content\/uploads\/2024\/05\/rea052_1-2_c1-pdf-234x300.jpg 234w, https:\/\/recherches-autochtones.org\/site\/wp-content\/uploads\/2024\/05\/rea052_1-2_c1-pdf-400x514.jpg 400w, https:\/\/recherches-autochtones.org\/site\/wp-content\/uploads\/2024\/05\/rea052_1-2_c1-pdf-500x642.jpg 500w, https:\/\/recherches-autochtones.org\/site\/wp-content\/uploads\/2024\/05\/rea052_1-2_c1-pdf-600x770.jpg 600w, https:\/\/recherches-autochtones.org\/site\/wp-content\/uploads\/2024\/05\/rea052_1-2_c1-pdf.jpg 701w\" sizes=\"(max-width: 500px) 100vw, 500px\" \/><div class=\"fusion-rollover\">\n\t<div class=\"fusion-rollover-content\">\n\n\t\t\t\t\n\t\t\n\t\t\t\t\t\t\t\t\n\t\t\t\t\t\t\t\t\n\t\t\n\t\t\t\t\t\t\t\t\t\t\t\t\t\t\t\n\t\t\t\t\t\t\n\t\t\t\t\t\t\t\t\t\t<div class=\"fusion-product-buttons\">\n\t\t\t\t\t<a href=\"\/site\/wp-json\/wp\/v2\/pages\/8675?add-to-cart=9329\" aria-describedby=\"woocommerce_loop_add_to_cart_link_describedby_9329\" data-quantity=\"1\" class=\"button product_type_simple add_to_cart_button ajax_add_to_cart\" data-product_id=\"9329\" data-product_sku=\"REA052_1-2-pdf\" aria-label=\"Ajouter au panier\u00a0: &ldquo;Confinements, crises sanitaires et \u00e9pid\u00e9mies chez les Autochtones (2022-2023, vol. 52, nos. 1-2) \u2013 version PDF&rdquo;\" rel=\"nofollow\">Ajouter au panier<\/a>\t<span id=\"woocommerce_loop_add_to_cart_link_describedby_9329\" class=\"screen-reader-text\">\n\t\t\t<\/span>\n<span class=\"fusion-rollover-linebreak\">\n\t\/<\/span>\n\n<a href=\"https:\/\/recherches-autochtones.org\/site\/produit\/confinements-crises-sanitaires-et-epidemies-chez-les-autochtones-2022-2023-vol-52-nos-1-2-pdf\/\" class=\"show_details_button fusion-has-quick-view\">\n\tD\u00e9tails<\/a>\n\n\t<a href=\"#fusion-quick-view\" class=\"fusion-quick-view\" data-product-id=\"9329\">\n\t\tAper\u00e7u\t<\/a>\n\t\t\t\t<\/div>\n\t\t\t\t\t\t\t\t\t<a class=\"fusion-link-wrapper\" href=\"https:\/\/recherches-autochtones.org\/site\/produit\/confinements-crises-sanitaires-et-epidemies-chez-les-autochtones-2022-2023-vol-52-nos-1-2-pdf\/\" aria-label=\"Confinements, crises sanitaires et \u00e9pid\u00e9mies chez les Autochtones (2022-2023, vol. 52, nos. 1-2) \u2013 version PDF\"><\/a>\n\t<\/div>\n<\/div>\n<\/div>\n<\/div>\n<div class=\"fusion-product-content\">\n\t<div class=\"product-details\">\n\t\t<div class=\"product-details-container\">\n<h3 class=\"product-title\">\n\t<a href=\"https:\/\/recherches-autochtones.org\/site\/produit\/confinements-crises-sanitaires-et-epidemies-chez-les-autochtones-2022-2023-vol-52-nos-1-2-pdf\/\">\n\t\tConfinements, crises sanitaires et \u00e9pid\u00e9mies chez les Autochtones (2022-2023, vol. 52, nos. 1-2) \u2013 version PDF\t<\/a>\n<\/h3>\n<div class=\"fusion-price-rating\">\n\n\t<span class=\"price\"><span class=\"woocommerce-Price-amount amount\"><bdi>25.00<span class=\"woocommerce-Price-currencySymbol\">&#36;<\/span><\/bdi><\/span><\/span>\n\t\t<\/div>\n\t<\/div>\n<\/div>\n\n\t<\/div> \n\n\n<\/div>\n<\/li>\n<li class=\"product type-product post-9327 status-publish instock product_cat-format product_cat-pdf product_cat-signes-des-ameriques has-post-thumbnail featured downloadable virtual sold-individually purchasable product-type-simple product-grid-view\">\n\t<div class=\"fusion-product-wrapper\">\n\n<div class=\"fusion-clean-product-image-wrapper \">\n\t<div  class=\"fusion-image-wrapper fusion-image-size-fixed\" aria-haspopup=\"true\">\n\t\t\t\t<img decoding=\"async\" width=\"500\" height=\"642\" src=\"https:\/\/recherches-autochtones.org\/site\/wp-content\/uploads\/2023\/07\/sa017_c01-500x642.jpg\" class=\"attachment-woocommerce_thumbnail size-woocommerce_thumbnail wp-post-image\" alt=\"\" srcset=\"https:\/\/recherches-autochtones.org\/site\/wp-content\/uploads\/2023\/07\/sa017_c01-117x150.jpg 117w, https:\/\/recherches-autochtones.org\/site\/wp-content\/uploads\/2023\/07\/sa017_c01-200x257.jpg 200w, https:\/\/recherches-autochtones.org\/site\/wp-content\/uploads\/2023\/07\/sa017_c01-234x300.jpg 234w, https:\/\/recherches-autochtones.org\/site\/wp-content\/uploads\/2023\/07\/sa017_c01-400x514.jpg 400w, https:\/\/recherches-autochtones.org\/site\/wp-content\/uploads\/2023\/07\/sa017_c01-500x642.jpg 500w, https:\/\/recherches-autochtones.org\/site\/wp-content\/uploads\/2023\/07\/sa017_c01-600x770.jpg 600w, https:\/\/recherches-autochtones.org\/site\/wp-content\/uploads\/2023\/07\/sa017_c01.jpg 701w\" sizes=\"(max-width: 500px) 100vw, 500px\" \/><div class=\"fusion-rollover\">\n\t<div class=\"fusion-rollover-content\">\n\n\t\t\t\t\n\t\t\n\t\t\t\t\t\t\t\t\n\t\t\t\t\t\t\t\t\n\t\t\n\t\t\t\t\t\t\t\t\t\t\t\t\t\t\t\n\t\t\t\t\t\t\n\t\t\t\t\t\t\t\t\t\t<div class=\"fusion-product-buttons\">\n\t\t\t\t\t<a href=\"\/site\/wp-json\/wp\/v2\/pages\/8675?add-to-cart=9327\" aria-describedby=\"woocommerce_loop_add_to_cart_link_describedby_9327\" data-quantity=\"1\" class=\"button product_type_simple add_to_cart_button ajax_add_to_cart\" data-product_id=\"9327\" data-product_sku=\"sa017-pdf\" aria-label=\"Ajouter au panier\u00a0: &ldquo;Les Iroquoiens du cap Tourmente : le site Royarnois et la province de Canada \u2013 version PDF&rdquo;\" rel=\"nofollow\">Ajouter au panier<\/a>\t<span id=\"woocommerce_loop_add_to_cart_link_describedby_9327\" class=\"screen-reader-text\">\n\t\t\t<\/span>\n<span class=\"fusion-rollover-linebreak\">\n\t\/<\/span>\n\n<a href=\"https:\/\/recherches-autochtones.org\/site\/produit\/les-iroquoiens-du-cap-tourmente-le-site-royarnois-et-la-province-de-canada-pdf\/\" class=\"show_details_button fusion-has-quick-view\">\n\tD\u00e9tails<\/a>\n\n\t<a href=\"#fusion-quick-view\" class=\"fusion-quick-view\" data-product-id=\"9327\">\n\t\tAper\u00e7u\t<\/a>\n\t\t\t\t<\/div>\n\t\t\t\t\t\t\t\t\t<a class=\"fusion-link-wrapper\" href=\"https:\/\/recherches-autochtones.org\/site\/produit\/les-iroquoiens-du-cap-tourmente-le-site-royarnois-et-la-province-de-canada-pdf\/\" aria-label=\"Les Iroquoiens du cap Tourmente : le site Royarnois et la province de Canada \u2013 version PDF\"><\/a>\n\t<\/div>\n<\/div>\n<\/div>\n<\/div>\n<div class=\"fusion-product-content\">\n\t<div class=\"product-details\">\n\t\t<div class=\"product-details-container\">\n<h3 class=\"product-title\">\n\t<a href=\"https:\/\/recherches-autochtones.org\/site\/produit\/les-iroquoiens-du-cap-tourmente-le-site-royarnois-et-la-province-de-canada-pdf\/\">\n\t\tLes Iroquoiens du cap Tourmente : le site Royarnois et la province de Canada \u2013 version PDF\t<\/a>\n<\/h3>\n<div class=\"fusion-price-rating\">\n\n\t<span class=\"price\"><span class=\"woocommerce-Price-amount amount\"><bdi>25.00<span class=\"woocommerce-Price-currencySymbol\">&#36;<\/span><\/bdi><\/span><\/span>\n\t\t<\/div>\n\t<\/div>\n<\/div>\n\n\t<\/div> \n\n\n<\/div>\n<\/li>\n<li class=\"product type-product post-9190 status-publish instock product_cat-format product_cat-papier product_cat-revue-detudes-autochtones has-post-thumbnail featured purchasable product-type-simple product-grid-view\">\n\t<div class=\"fusion-product-wrapper\">\n\n<div class=\"fusion-clean-product-image-wrapper \">\n\t<div  class=\"fusion-image-wrapper fusion-image-size-fixed\" aria-haspopup=\"true\">\n\t\t\t\t<img decoding=\"async\" width=\"500\" height=\"642\" src=\"https:\/\/recherches-autochtones.org\/site\/wp-content\/uploads\/2023\/07\/rea052_1-2_c1-500x642.jpg\" class=\"attachment-woocommerce_thumbnail size-woocommerce_thumbnail wp-post-image\" alt=\"\" srcset=\"https:\/\/recherches-autochtones.org\/site\/wp-content\/uploads\/2023\/07\/rea052_1-2_c1-117x150.jpg 117w, https:\/\/recherches-autochtones.org\/site\/wp-content\/uploads\/2023\/07\/rea052_1-2_c1-200x257.jpg 200w, https:\/\/recherches-autochtones.org\/site\/wp-content\/uploads\/2023\/07\/rea052_1-2_c1-234x300.jpg 234w, https:\/\/recherches-autochtones.org\/site\/wp-content\/uploads\/2023\/07\/rea052_1-2_c1-400x513.jpg 400w, https:\/\/recherches-autochtones.org\/site\/wp-content\/uploads\/2023\/07\/rea052_1-2_c1-500x642.jpg 500w, https:\/\/recherches-autochtones.org\/site\/wp-content\/uploads\/2023\/07\/rea052_1-2_c1-600x770.jpg 600w, https:\/\/recherches-autochtones.org\/site\/wp-content\/uploads\/2023\/07\/rea052_1-2_c1-700x898.jpg 700w, https:\/\/recherches-autochtones.org\/site\/wp-content\/uploads\/2023\/07\/rea052_1-2_c1-768x986.jpg 768w, https:\/\/recherches-autochtones.org\/site\/wp-content\/uploads\/2023\/07\/rea052_1-2_c1-798x1024.jpg 798w, https:\/\/recherches-autochtones.org\/site\/wp-content\/uploads\/2023\/07\/rea052_1-2_c1-800x1027.jpg 800w, https:\/\/recherches-autochtones.org\/site\/wp-content\/uploads\/2023\/07\/rea052_1-2_c1.jpg 935w\" sizes=\"(max-width: 500px) 100vw, 500px\" \/><div class=\"fusion-rollover\">\n\t<div class=\"fusion-rollover-content\">\n\n\t\t\t\t\n\t\t\n\t\t\t\t\t\t\t\t\n\t\t\t\t\t\t\t\t\n\t\t\n\t\t\t\t\t\t\t\t\t\t\t\t\t\t\t\n\t\t\t\t\t\t\n\t\t\t\t\t\t\t\t\t\t<div class=\"fusion-product-buttons\">\n\t\t\t\t\t<a href=\"\/site\/wp-json\/wp\/v2\/pages\/8675?add-to-cart=9190\" aria-describedby=\"woocommerce_loop_add_to_cart_link_describedby_9190\" data-quantity=\"1\" class=\"button product_type_simple add_to_cart_button ajax_add_to_cart\" data-product_id=\"9190\" data-product_sku=\"REA052_1-2\" aria-label=\"Ajouter au panier\u00a0: &ldquo;Confinements, crises sanitaires et \u00e9pid\u00e9mies chez les Autochtones (2022-2023, vol. 52, nos. 1-2)&rdquo;\" rel=\"nofollow\">Ajouter au panier<\/a>\t<span id=\"woocommerce_loop_add_to_cart_link_describedby_9190\" class=\"screen-reader-text\">\n\t\t\t<\/span>\n<span class=\"fusion-rollover-linebreak\">\n\t\/<\/span>\n\n<a href=\"https:\/\/recherches-autochtones.org\/site\/produit\/confinements-crises-sanitaires-et-epidemies-chez-les-autochtones-2022-2023-vol-52-nos-1-2\/\" class=\"show_details_button fusion-has-quick-view\">\n\tD\u00e9tails<\/a>\n\n\t<a href=\"#fusion-quick-view\" class=\"fusion-quick-view\" data-product-id=\"9190\">\n\t\tAper\u00e7u\t<\/a>\n\t\t\t\t<\/div>\n\t\t\t\t\t\t\t\t\t<a class=\"fusion-link-wrapper\" href=\"https:\/\/recherches-autochtones.org\/site\/produit\/confinements-crises-sanitaires-et-epidemies-chez-les-autochtones-2022-2023-vol-52-nos-1-2\/\" aria-label=\"Confinements, crises sanitaires et \u00e9pid\u00e9mies chez les Autochtones (2022-2023, vol. 52, nos. 1-2)\"><\/a>\n\t<\/div>\n<\/div>\n<\/div>\n<\/div>\n<div class=\"fusion-product-content\">\n\t<div class=\"product-details\">\n\t\t<div class=\"product-details-container\">\n<h3 class=\"product-title\">\n\t<a href=\"https:\/\/recherches-autochtones.org\/site\/produit\/confinements-crises-sanitaires-et-epidemies-chez-les-autochtones-2022-2023-vol-52-nos-1-2\/\">\n\t\tConfinements, crises sanitaires et \u00e9pid\u00e9mies chez les Autochtones (2022-2023, vol. 52, nos. 1-2)\t<\/a>\n<\/h3>\n<div class=\"fusion-price-rating\">\n\n\t<span class=\"price\"><span class=\"woocommerce-Price-amount amount\"><bdi>40.00<span class=\"woocommerce-Price-currencySymbol\">&#36;<\/span><\/bdi><\/span><\/span>\n\t\t<\/div>\n\t<\/div>\n<\/div>\n\n\t<\/div> \n\n\n<\/div>\n<\/li>\n<li class=\"product type-product post-9067 status-publish instock product_cat-format product_cat-pdf product_cat-revue-detudes-autochtones has-post-thumbnail downloadable virtual purchasable product-type-simple product-grid-view\">\n\t<div class=\"fusion-product-wrapper\">\n\n<div class=\"fusion-clean-product-image-wrapper \">\n\t<div  class=\"fusion-image-wrapper fusion-image-size-fixed\" aria-haspopup=\"true\">\n\t\t\t\t<img decoding=\"async\" width=\"500\" height=\"642\" src=\"https:\/\/recherches-autochtones.org\/site\/wp-content\/uploads\/2023\/02\/rea51_2-3_c01-pdf-500x642.jpg\" class=\"attachment-woocommerce_thumbnail size-woocommerce_thumbnail wp-post-image\" alt=\"\" srcset=\"https:\/\/recherches-autochtones.org\/site\/wp-content\/uploads\/2023\/02\/rea51_2-3_c01-pdf-117x150.jpg 117w, https:\/\/recherches-autochtones.org\/site\/wp-content\/uploads\/2023\/02\/rea51_2-3_c01-pdf-200x257.jpg 200w, https:\/\/recherches-autochtones.org\/site\/wp-content\/uploads\/2023\/02\/rea51_2-3_c01-pdf-234x300.jpg 234w, https:\/\/recherches-autochtones.org\/site\/wp-content\/uploads\/2023\/02\/rea51_2-3_c01-pdf-400x514.jpg 400w, https:\/\/recherches-autochtones.org\/site\/wp-content\/uploads\/2023\/02\/rea51_2-3_c01-pdf-500x642.jpg 500w, https:\/\/recherches-autochtones.org\/site\/wp-content\/uploads\/2023\/02\/rea51_2-3_c01-pdf-600x770.jpg 600w, https:\/\/recherches-autochtones.org\/site\/wp-content\/uploads\/2023\/02\/rea51_2-3_c01-pdf.jpg 701w\" sizes=\"(max-width: 500px) 100vw, 500px\" \/><div class=\"fusion-rollover\">\n\t<div class=\"fusion-rollover-content\">\n\n\t\t\t\t\n\t\t\n\t\t\t\t\t\t\t\t\n\t\t\t\t\t\t\t\t\n\t\t\n\t\t\t\t\t\t\t\t\t\t\t\t\t\t\t\n\t\t\t\t\t\t\n\t\t\t\t\t\t\t\t\t\t<div class=\"fusion-product-buttons\">\n\t\t\t\t\t<a href=\"\/site\/wp-json\/wp\/v2\/pages\/8675?add-to-cart=9067\" aria-describedby=\"woocommerce_loop_add_to_cart_link_describedby_9067\" data-quantity=\"1\" class=\"button product_type_simple add_to_cart_button ajax_add_to_cart\" data-product_id=\"9067\" data-product_sku=\"REA051_2-3-1_pdf\" aria-label=\"Ajouter au panier\u00a0: &ldquo;Femmes autochtones : pour un retour \u00e0 l\u2019\u00e9quilibre (2021-2022, vol. 51, nos. 2-3) - version PDF&rdquo;\" rel=\"nofollow\">Ajouter au panier<\/a>\t<span id=\"woocommerce_loop_add_to_cart_link_describedby_9067\" class=\"screen-reader-text\">\n\t\t\t<\/span>\n<span class=\"fusion-rollover-linebreak\">\n\t\/<\/span>\n\n<a href=\"https:\/\/recherches-autochtones.org\/site\/produit\/femmes-autochtones-pour-un-retour-a-lequilibre-2021-2022-vol-51-nos-2-3-version-pdf\/\" class=\"show_details_button fusion-has-quick-view\">\n\tD\u00e9tails<\/a>\n\n\t<a href=\"#fusion-quick-view\" class=\"fusion-quick-view\" data-product-id=\"9067\">\n\t\tAper\u00e7u\t<\/a>\n\t\t\t\t<\/div>\n\t\t\t\t\t\t\t\t\t<a class=\"fusion-link-wrapper\" href=\"https:\/\/recherches-autochtones.org\/site\/produit\/femmes-autochtones-pour-un-retour-a-lequilibre-2021-2022-vol-51-nos-2-3-version-pdf\/\" aria-label=\"Femmes autochtones : pour un retour \u00e0 l\u2019\u00e9quilibre (2021-2022, vol. 51, nos. 2-3) &#8211; version PDF\"><\/a>\n\t<\/div>\n<\/div>\n<\/div>\n<\/div>\n<div class=\"fusion-product-content\">\n\t<div class=\"product-details\">\n\t\t<div class=\"product-details-container\">\n<h3 class=\"product-title\">\n\t<a href=\"https:\/\/recherches-autochtones.org\/site\/produit\/femmes-autochtones-pour-un-retour-a-lequilibre-2021-2022-vol-51-nos-2-3-version-pdf\/\">\n\t\tFemmes autochtones : pour un retour \u00e0 l\u2019\u00e9quilibre (2021-2022, vol. 51, nos. 2-3) &#8211; version PDF\t<\/a>\n<\/h3>\n<div class=\"fusion-price-rating\">\n\n\t<span class=\"price\"><span class=\"woocommerce-Price-amount amount\"><bdi>25.00<span class=\"woocommerce-Price-currencySymbol\">&#36;<\/span><\/bdi><\/span><\/span>\n\t\t<\/div>\n\t<\/div>\n<\/div>\n\n\t<\/div> \n\n\n<\/div>\n<\/li>\n<li class=\"product type-product post-9064 status-publish last instock product_cat-format product_cat-papier product_cat-revue-detudes-autochtones has-post-thumbnail featured purchasable product-type-simple product-grid-view\">\n\t<div class=\"fusion-product-wrapper\">\n\n<div class=\"fusion-clean-product-image-wrapper \">\n\t<div  class=\"fusion-image-wrapper fusion-image-size-fixed\" aria-haspopup=\"true\">\n\t\t\t\t<img decoding=\"async\" width=\"500\" height=\"642\" src=\"https:\/\/recherches-autochtones.org\/site\/wp-content\/uploads\/2023\/02\/rea51_2-3_c01-500x642.jpg\" class=\"attachment-woocommerce_thumbnail size-woocommerce_thumbnail wp-post-image\" alt=\"\" srcset=\"https:\/\/recherches-autochtones.org\/site\/wp-content\/uploads\/2023\/02\/rea51_2-3_c01-117x150.jpg 117w, https:\/\/recherches-autochtones.org\/site\/wp-content\/uploads\/2023\/02\/rea51_2-3_c01-200x257.jpg 200w, https:\/\/recherches-autochtones.org\/site\/wp-content\/uploads\/2023\/02\/rea51_2-3_c01-234x300.jpg 234w, https:\/\/recherches-autochtones.org\/site\/wp-content\/uploads\/2023\/02\/rea51_2-3_c01-400x514.jpg 400w, https:\/\/recherches-autochtones.org\/site\/wp-content\/uploads\/2023\/02\/rea51_2-3_c01-500x642.jpg 500w, https:\/\/recherches-autochtones.org\/site\/wp-content\/uploads\/2023\/02\/rea51_2-3_c01-600x770.jpg 600w, https:\/\/recherches-autochtones.org\/site\/wp-content\/uploads\/2023\/02\/rea51_2-3_c01.jpg 701w\" sizes=\"(max-width: 500px) 100vw, 500px\" \/><div class=\"fusion-rollover\">\n\t<div class=\"fusion-rollover-content\">\n\n\t\t\t\t\n\t\t\n\t\t\t\t\t\t\t\t\n\t\t\t\t\t\t\t\t\n\t\t\n\t\t\t\t\t\t\t\t\t\t\t\t\t\t\t\n\t\t\t\t\t\t\n\t\t\t\t\t\t\t\t\t\t<div class=\"fusion-product-buttons\">\n\t\t\t\t\t<a href=\"\/site\/wp-json\/wp\/v2\/pages\/8675?add-to-cart=9064\" aria-describedby=\"woocommerce_loop_add_to_cart_link_describedby_9064\" data-quantity=\"1\" class=\"button product_type_simple add_to_cart_button ajax_add_to_cart\" data-product_id=\"9064\" data-product_sku=\"REA051_2-3\" aria-label=\"Ajouter au panier\u00a0: &ldquo;Femmes autochtones : pour un retour \u00e0 l\u2019\u00e9quilibre (2021-2022, vol. 51, nos. 2-3)&rdquo;\" rel=\"nofollow\">Ajouter au panier<\/a>\t<span id=\"woocommerce_loop_add_to_cart_link_describedby_9064\" class=\"screen-reader-text\">\n\t\t\t<\/span>\n<span class=\"fusion-rollover-linebreak\">\n\t\/<\/span>\n\n<a href=\"https:\/\/recherches-autochtones.org\/site\/produit\/femmes-autochtones-pour-un-retour-a-lequilibre-2021-2022-vol-51-nos-2-3\/\" class=\"show_details_button fusion-has-quick-view\">\n\tD\u00e9tails<\/a>\n\n\t<a href=\"#fusion-quick-view\" class=\"fusion-quick-view\" data-product-id=\"9064\">\n\t\tAper\u00e7u\t<\/a>\n\t\t\t\t<\/div>\n\t\t\t\t\t\t\t\t\t<a class=\"fusion-link-wrapper\" href=\"https:\/\/recherches-autochtones.org\/site\/produit\/femmes-autochtones-pour-un-retour-a-lequilibre-2021-2022-vol-51-nos-2-3\/\" aria-label=\"Femmes autochtones : pour un retour \u00e0 l\u2019\u00e9quilibre (2021-2022, vol. 51, nos. 2-3)\"><\/a>\n\t<\/div>\n<\/div>\n<\/div>\n<\/div>\n<div class=\"fusion-product-content\">\n\t<div class=\"product-details\">\n\t\t<div class=\"product-details-container\">\n<h3 class=\"product-title\">\n\t<a href=\"https:\/\/recherches-autochtones.org\/site\/produit\/femmes-autochtones-pour-un-retour-a-lequilibre-2021-2022-vol-51-nos-2-3\/\">\n\t\tFemmes autochtones : pour un retour \u00e0 l\u2019\u00e9quilibre (2021-2022, vol. 51, nos. 2-3)\t<\/a>\n<\/h3>\n<div class=\"fusion-price-rating\">\n\n\t<span class=\"price\"><span class=\"woocommerce-Price-amount amount\"><bdi>40.00<span class=\"woocommerce-Price-currencySymbol\">&#36;<\/span><\/bdi><\/span><\/span>\n\t\t<\/div>\n\t<\/div>\n<\/div>\n\n\t<\/div> \n\n\n<\/div>\n<\/li>\n<\/ul><div class=\"fusion-woo-product-grid-pagination fusion-clearfix infinite-scroll infinite-scroll-hide\"><nav class=\"woocommerce-pagination\" aria-label=\"Pagination des produits\">\n\t<span aria-label=\"Page 1\" aria-current=\"page\" class=\"page-numbers current\">1<\/span>\n<a aria-label=\"Page 2\" class=\"page-numbers\" href=\"https:\/\/recherches-autochtones.org\/site\/wp-json\/wp\/v2\/pages\/8675\/page\/2\/\">2<\/a>\n<span class=\"page-numbers dots\">\u2026<\/span>\n<a aria-label=\"Page 18\" class=\"page-numbers\" href=\"https:\/\/recherches-autochtones.org\/site\/wp-json\/wp\/v2\/pages\/8675\/page\/17\/\">17<\/a>\n<a class=\"next page-numbers\" href=\"https:\/\/recherches-autochtones.org\/site\/wp-json\/wp\/v2\/pages\/8675\/page\/2\/\"><span class=\"page-text\">Suivant<\/span><span class=\"page-next\"><\/span><\/a><\/nav>\n<\/div><\/div><\/div><\/div><div class=\"fusion-layout-column fusion_builder_column fusion-builder-column-1 fusion_builder_column_1_4 1_4 fusion-flex-column\" style=\"--awb-bg-size:cover;--awb-width-large:25%;--awb-margin-top-large:0px;--awb-spacing-right-large:7.68%;--awb-margin-bottom-large:20px;--awb-spacing-left-large:3.84%;--awb-width-medium:25%;--awb-order-medium:0;--awb-spacing-right-medium:7.68%;--awb-spacing-left-medium:3.84%;--awb-width-small:100%;--awb-order-small:0;--awb-spacing-right-small:1.92%;--awb-spacing-left-small:1.92%;\"><div class=\"fusion-column-wrapper fusion-column-has-shadow fusion-flex-justify-content-flex-start fusion-content-layout-column\"><div class=\"fusion-text fusion-text-2\"><h4>Outil de recherche<\/h4>\n<\/div><div class=\"fusion-search-element fusion-search-element-1 fusion-search-form-classic\">\t\t<form role=\"search\" class=\"searchform fusion-search-form  fusion-live-search fusion-search-form-classic\" method=\"get\" action=\"https:\/\/recherches-autochtones.org\/site\/\">\n\t\t\t<div class=\"fusion-search-form-content\">\n\n\t\t\t\t\n\t\t\t\t<div class=\"fusion-search-field search-field\">\n\t\t\t\t\t<label><span class=\"screen-reader-text\">Rechercher:<\/span>\n\t\t\t\t\t\t\t\t\t\t\t\t\t<input type=\"search\" class=\"s fusion-live-search-input\" name=\"s\" id=\"fusion-live-search-input-0\" autocomplete=\"off\" placeholder=\" \" required aria-required=\"true\" aria-label=\" \"\/>\n\t\t\t\t\t\t\t\t\t\t\t<\/label>\n\t\t\t\t<\/div>\n\t\t\t\t<div class=\"fusion-search-button search-button\">\n\t\t\t\t\t<input type=\"submit\" class=\"fusion-search-submit searchsubmit\" aria-label=\"Recherche\" value=\"&#xf002;\" \/>\n\t\t\t\t\t\t\t\t\t\t<div class=\"fusion-slider-loading\"><\/div>\n\t\t\t\t\t\t\t\t\t<\/div>\n\n\t\t\t\t<input type=\"hidden\" name=\"post_type[]\" value=\"any\" \/><input type=\"hidden\" name=\"search_limit_to_post_titles\" value=\"0\" \/><input type=\"hidden\" name=\"add_woo_product_skus\" value=\"0\" \/><input type=\"hidden\" name=\"live_min_character\" value=\"4\" \/><input type=\"hidden\" name=\"live_posts_per_page\" value=\"100\" \/><input type=\"hidden\" name=\"live_search_display_featured_image\" value=\"1\" \/><input type=\"hidden\" name=\"live_search_display_post_type\" value=\"1\" \/><input type=\"hidden\" name=\"fs\" value=\"1\" \/>\n\t\t\t<\/div>\n\n\n\t\t\t\t\t\t\t<div class=\"fusion-search-results-wrapper\"><div class=\"fusion-search-results\"><\/div><\/div>\n\t\t\t\n\t\t<\/form>\n\t\t<\/div><div class=\"fusion-widget fusion-widget-element fusion-widget-area fusion-content-widget-area wpWidget-1 wc_widget_product_categories\" style=\"--awb-margin-bottom:4%;--awb-fusion-border-size:0px;--awb-fusion-border-style:solid;\"><div class=\"widget woocommerce widget_product_categories\"><div class=\"heading\"><h4 class=\"widget-title\">Cat\u00e9gories<\/h4><\/div><ul class=\"product-categories\"><li class=\"cat-item cat-item-64\"><a href=\"https:\/\/recherches-autochtones.org\/site\/categorie-produit\/autres-documents\/\">Autres documents<\/a> <span class=\"count\">(2)<\/span><\/li>\n<li class=\"cat-item cat-item-50 cat-parent\"><a href=\"https:\/\/recherches-autochtones.org\/site\/categorie-produit\/collections\/\">Collections<\/a> <span class=\"count\">(354)<\/span><ul class='children'>\n<li class=\"cat-item cat-item-27\"><a href=\"https:\/\/recherches-autochtones.org\/site\/categorie-produit\/collections\/autres\/\">Autres<\/a> <span class=\"count\">(2)<\/span><\/li>\n<li class=\"cat-item cat-item-22\"><a href=\"https:\/\/recherches-autochtones.org\/site\/categorie-produit\/collections\/dossiers\/\">Dossiers<\/a> <span class=\"count\">(2)<\/span><\/li>\n<li class=\"cat-item cat-item-24\"><a href=\"https:\/\/recherches-autochtones.org\/site\/categorie-produit\/collections\/paleo-quebec\/\">Pal\u00e9o-Qu\u00e9bec<\/a> <span class=\"count\">(64)<\/span><\/li>\n<li class=\"cat-item cat-item-23\"><a href=\"https:\/\/recherches-autochtones.org\/site\/categorie-produit\/collections\/presence-des-premieres-nations\/\">Pr\u00e9sence des Premi\u00e8res Nations<\/a> <span class=\"count\">(2)<\/span><\/li>\n<li class=\"cat-item cat-item-26\"><a href=\"https:\/\/recherches-autochtones.org\/site\/categorie-produit\/collections\/recherches-amerindiennes-au-quebec\/\">Recherches am\u00e9rindiennes au Qu\u00e9bec<\/a> <span class=\"count\">(239)<\/span><\/li>\n<li class=\"cat-item cat-item-77\"><a href=\"https:\/\/recherches-autochtones.org\/site\/categorie-produit\/collections\/revue-detudes-autochtones\/\">Revue d'\u00e9tudes autochtones<\/a> <span class=\"count\">(19)<\/span><\/li>\n<li class=\"cat-item cat-item-25\"><a href=\"https:\/\/recherches-autochtones.org\/site\/categorie-produit\/collections\/signes-des-ameriques\/\">Signes des Am\u00e9riques<\/a> <span class=\"count\">(23)<\/span><\/li>\n<li class=\"cat-item cat-item-21\"><a href=\"https:\/\/recherches-autochtones.org\/site\/categorie-produit\/collections\/textes-amerindiens\/\">Textes am\u00e9rindiens<\/a> <span class=\"count\">(2)<\/span><\/li>\n<\/ul>\n<\/li>\n<li class=\"cat-item cat-item-49 cat-parent\"><a href=\"https:\/\/recherches-autochtones.org\/site\/categorie-produit\/format\/\">Format<\/a> <span class=\"count\">(355)<\/span><ul class='children'>\n<li class=\"cat-item cat-item-47\"><a href=\"https:\/\/recherches-autochtones.org\/site\/categorie-produit\/format\/papier\/\">Papier<\/a> <span class=\"count\">(147)<\/span><\/li>\n<li class=\"cat-item cat-item-48\"><a href=\"https:\/\/recherches-autochtones.org\/site\/categorie-produit\/format\/pdf\/\">PDF<\/a> <span class=\"count\">(208)<\/span><\/li>\n<\/ul>\n<\/li>\n<\/ul><\/div><\/div><div class=\"fusion-widget fusion-widget-element fusion-widget-area fusion-content-widget-area wpWidget-2 wp_widget_recent_posts\" style=\"--awb-fusion-border-size:0px;--awb-fusion-border-style:solid;\">\n\t\t<div class=\"widget widget_recent_entries\">\n\t\t<div class=\"heading\"><h4 class=\"widget-title\">Nouveaut\u00e9s<\/h4><\/div>\n\t\t<ul>\n\t\t\t\t\t\t\t\t\t\t\t<li>\n\t\t\t\t\t<a href=\"https:\/\/recherches-autochtones.org\/site\/in-memoriam-daniel-chevrier-1950-2025\/\">IN MEMORIAM \u2013 Daniel Chevrier (1950-2025)<\/a>\n\t\t\t\t\t\t\t\t\t\t\t<span class=\"post-date\">21 novembre 2025<\/span>\n\t\t\t\t\t\t\t\t\t<\/li>\n\t\t\t\t\t\t\t\t\t\t\t<li>\n\t\t\t\t\t<a href=\"https:\/\/recherches-autochtones.org\/site\/conference-la-convention-de-la-baie-james-et-du-nord-quebecois-les-50-premieres-annees\/\">Conf\u00e9rence | La Convention de la Baie James et du Nord qu\u00e9b\u00e9cois : les 50 premi\u00e8res ann\u00e9es<\/a>\n\t\t\t\t\t\t\t\t\t\t\t<span class=\"post-date\">30 octobre 2025<\/span>\n\t\t\t\t\t\t\t\t\t<\/li>\n\t\t\t\t\t\t\t\t\t\t\t<li>\n\t\t\t\t\t<a href=\"https:\/\/recherches-autochtones.org\/site\/rea-vol-533-reflexions-critiques-sur-la-reconciliation-au-canada\/\">REA, vol. 53(3) \u2013 R\u00e9flexions critiques sur la r\u00e9conciliation au Canada<\/a>\n\t\t\t\t\t\t\t\t\t\t\t<span class=\"post-date\">16 octobre 2025<\/span>\n\t\t\t\t\t\t\t\t\t<\/li>\n\t\t\t\t\t\t\t\t\t\t\t<li>\n\t\t\t\t\t<a href=\"https:\/\/recherches-autochtones.org\/site\/eric-chalifoux-3e-prix-dexcellence\/\">\u00c9ric Chalifoux \u2013 3e prix d&rsquo;excellence des professionnels et professionnelles de recherche 2025<\/a>\n\t\t\t\t\t\t\t\t\t\t\t<span class=\"post-date\">6 juin 2025<\/span>\n\t\t\t\t\t\t\t\t\t<\/li>\n\t\t\t\t\t\t\t\t\t\t\t<li>\n\t\t\t\t\t<a href=\"https:\/\/recherches-autochtones.org\/site\/mythes-et-realites-sur-les-peuples-autochtones\/\">Nouveau site Internet \u2013 Mythes et r\u00e9alit\u00e9s sur les peuples autochtones<\/a>\n\t\t\t\t\t\t\t\t\t\t\t<span class=\"post-date\">23 avril 2025<\/span>\n\t\t\t\t\t\t\t\t\t<\/li>\n\t\t\t\t\t<\/ul>\n\n\t\t<\/div><\/div><\/div><\/div>\n<\/div><\/div>\n","protected":false},"excerpt":{"rendered":"","protected":false},"author":1,"featured_media":0,"parent":0,"menu_order":0,"comment_status":"closed","ping_status":"closed","template":"","meta":{"_EventAllDay":false,"_EventTimezone":"","_EventStartDate":"","_EventEndDate":"","_EventStartDateUTC":"","_EventEndDateUTC":"","_EventShowMap":false,"_EventShowMapLink":false,"_EventURL":"","_EventCost":"","_EventCostDescription":"","_EventCurrencySymbol":"","_EventCurrencyCode":"","_EventCurrencyPosition":"","_EventDateTimeSeparator":"","_EventTimeRangeSeparator":"","_EventOrganizerID":[],"_EventVenueID":[],"_OrganizerEmail":"","_OrganizerPhone":"","_OrganizerWebsite":"","_VenueAddress":"","_VenueCity":"","_VenueCountry":"","_VenueProvince":"","_VenueState":"","_VenueZip":"","_VenuePhone":"","_VenueURL":"","_VenueStateProvince":"","_VenueLat":"","_VenueLng":"","_VenueShowMap":false,"_VenueShowMapLink":false,"footnotes":""},"class_list":["post-8675","page","type-page","status-publish","hentry"],"_links":{"self":[{"href":"https:\/\/recherches-autochtones.org\/site\/wp-json\/wp\/v2\/pages\/8675","targetHints":{"allow":["GET"]}}],"collection":[{"href":"https:\/\/recherches-autochtones.org\/site\/wp-json\/wp\/v2\/pages"}],"about":[{"href":"https:\/\/recherches-autochtones.org\/site\/wp-json\/wp\/v2\/types\/page"}],"author":[{"embeddable":true,"href":"https:\/\/recherches-autochtones.org\/site\/wp-json\/wp\/v2\/users\/1"}],"replies":[{"embeddable":true,"href":"https:\/\/recherches-autochtones.org\/site\/wp-json\/wp\/v2\/comments?post=8675"}],"version-history":[{"count":29,"href":"https:\/\/recherches-autochtones.org\/site\/wp-json\/wp\/v2\/pages\/8675\/revisions"}],"predecessor-version":[{"id":9745,"href":"https:\/\/recherches-autochtones.org\/site\/wp-json\/wp\/v2\/pages\/8675\/revisions\/9745"}],"wp:attachment":[{"href":"https:\/\/recherches-autochtones.org\/site\/wp-json\/wp\/v2\/media?parent=8675"}],"curies":[{"name":"wp","href":"https:\/\/api.w.org\/{rel}","templated":true}]}}