{"id":8169,"date":"2022-06-10T09:40:42","date_gmt":"2022-06-10T13:40:42","guid":{"rendered":"https:\/\/recherches-autochtones.org\/site\/?page_id=8169"},"modified":"2024-10-03T13:48:11","modified_gmt":"2024-10-03T17:48:11","slug":"midi-des-nations-des-innus-racontent-sylvie-vincent","status":"publish","type":"page","link":"https:\/\/recherches-autochtones.org\/site\/midi-des-nations-des-innus-racontent-sylvie-vincent\/","title":{"rendered":"Midi des Nations \u2013 Des Innus racontent Sylvie Vincent"},"content":{"rendered":"<p>[vc_row][vc_column][vc_column_text]<\/p>\n<div class=\"\"><span style=\"font-size: large;\"><span style=\"font-weight: 600;\">Des Innus racontent Sylvie Vincent<\/span><\/span><\/div>\n<div class=\"\"><span class=\"\">\u00a0<\/span><\/div>\n<div class=\"\"><b class=\"\">Jeudi le\u00a02 juin 2022<\/b><\/div>\n<div class=\"\"><b class=\"\">De 18h00 \u00e0 22h00<\/b><\/div>\n<div class=\"\"><b class=\"\">Entr\u00e9e libre<\/b><\/div>\n<div><\/div>\n<div><\/div>\n<div class=\"\">\n<div class=\"page\" title=\"Page 1\">\n<div class=\"section\">\n<div class=\"layoutArea\">\n<div class=\"column\">\n<p>Le Corn\u00e9lien<br \/>\n6692, rue Saint-Denis \u2022 Montr\u00e9al (M\u00e9tro Beaubien ou Jean-Talon)<\/p>\n<p>&nbsp;<\/p>\n<\/div>\n<\/div>\n<\/div>\n<\/div>\n<\/div>\n<div class=\"\"><b class=\"\"><a href=\"https:\/\/recherches-autochtones.org\/site\/wp-content\/uploads\/2022\/06\/Affiche_midi_svincent_2juin22-e1654867800636.jpg\"><img decoding=\"async\" class=\"alignleft wp-image-8165 size-medium\" src=\"https:\/\/recherches-autochtones.org\/site\/wp-content\/uploads\/2022\/06\/Affiche_midi_svincent_2juin22-232x300.jpg\" alt=\"\" width=\"232\" height=\"300\" \/><\/a><\/b><\/div>\n<div><\/div>\n<div class=\"\"><b class=\"\">INVIT\u00c9.E.S :<\/b><\/div>\n<ul>\n<li><strong>Jos\u00e9phine Bacon<\/strong> \u2013 po\u00e8te, paroli\u00e8re, conteuse, conf\u00e9renci\u00e8re, sc\u00e9nariste, traductrice-interpr\u00e8te et r\u00e9alisatrice<\/li>\n<li><strong>Gloria Vollant<\/strong> \u2013 directrice du Mus\u00e9e Shaputuan, Uashat<\/li>\n<li><strong>Rapha\u00ebl Picard<\/strong> \u2013 auteur, consultant et ex-chef de Pessamit<\/li>\n<li><strong>Andr\u00e9 Dudemaine<\/strong> \u2013 r\u00e9alisateur, animateur et cofondateur et directeur g\u00e9n\u00e9ral de Terres en vues<\/li>\n<\/ul>\n<div class=\"\"><span class=\"\">\u00a0<\/span><\/div>\n<h4>Suivi du lancement du dernier nume\u0301ro de la revue\u00a0<em>Recherches ame\u0301rindiennes au Que\u0301bec<\/em> \u00ab Images et oralite\u0301s des Autochtones : Hommage a\u0300 Sylvie Vincent \u00bb<\/h4>\n<div class=\"\"><b class=\"\">Mot de bienvenue :<\/b><\/div>\n<ul>\n<li><span class=\"\"><b class=\"\">Robert Lanari<\/b>\u00a0\u2014 pr\u00e9sident, Soci\u00e9t\u00e9 Recherches am\u00e9rindiennes au Qu\u00e9bec<\/span><\/li>\n<\/ul>\n<div class=\"\"><span class=\"\">\u00a0<\/span><\/div>\n<div><\/div>\n<div class=\"\"><b class=\"\">Animation :\u00a0<\/b><\/div>\n<ul>\n<li><strong>Pierre Trudel <\/strong>\u2013 vice-pr\u00e9sident,\u00a0Soci\u00e9t\u00e9 Recherches am\u00e9rindiennes au Qu\u00e9bec<\/li>\n<\/ul>\n<div class=\"\">\n<div><\/div>\n<div class=\"\"><b class=\"\">INVIT\u00c9.E.S :<\/b><\/div>\n<ul>\n<li><a href=\"https:\/\/recherches-autochtones.org\/site\/raq-50-3_complement-grand-mamicou\/\"><strong>Le\u00efa St-Pierre<\/strong> \u2013 petite-fille de Sylvie Vincent<\/a><\/li>\n<li><strong>Gilles Bibeau<\/strong> \u2013 d\u00e9partement d\u2019anthropologie,\u00a0Universit\u00e9 de Montr\u00e9al<\/li>\n<li><strong>\u00c9ric Chalifoux et \u00c9mile Duchesne<\/strong> \u2013 codirecteurs du num\u00e9ro hommage<\/li>\n<li><strong>Sylvie Loslier<\/strong> \u2013 amie et coll\u00e8gue de Sylvie Vincent<\/li>\n<\/ul>\n<p>* Cet \u00e9v\u00e9nement a \u00e9t\u00e9 r\u00e9alis\u00e9 gr\u00e2ce \u00e0 un appui financier du Secr\u00e9tariat aux affaires autochtones.<\/p>\n<\/div>\n<hr \/>\n<hr \/>\n\n\t\t<style type=\"text\/css\">\n\t\t\t#gallery-1 {\n\t\t\t\tmargin: auto;\n\t\t\t}\n\t\t\t#gallery-1 .gallery-item {\n\t\t\t\tfloat: left;\n\t\t\t\tmargin-top: 10px;\n\t\t\t\ttext-align: center;\n\t\t\t\twidth: 33%;\n\t\t\t}\n\t\t\t#gallery-1 img {\n\t\t\t\tborder: 2px solid #cfcfcf;\n\t\t\t}\n\t\t\t#gallery-1 .gallery-caption {\n\t\t\t\tmargin-left: 0;\n\t\t\t}\n\t\t\t\/* see gallery_shortcode() in wp-includes\/media.php *\/\n\t\t<\/style>\n\t\t<div id='gallery-1' class='gallery galleryid-8169 gallery-columns-3 gallery-size-medium'><dl class='gallery-item'>\n\t\t\t<dt class='gallery-icon landscape'>\n\t\t\t\t<a data-rel=\"iLightbox[postimages]\" data-title=\"A7302657 copie\" data-caption=\"\" href='https:\/\/recherches-autochtones.org\/site\/a7302657-copie\/'><img decoding=\"async\" width=\"300\" height=\"188\" src=\"https:\/\/recherches-autochtones.org\/site\/wp-content\/uploads\/2022\/06\/A7302657-copie-300x188.jpg\" class=\"attachment-medium size-medium\" alt=\"\" srcset=\"https:\/\/recherches-autochtones.org\/site\/wp-content\/uploads\/2022\/06\/A7302657-copie-150x94.jpg 150w, https:\/\/recherches-autochtones.org\/site\/wp-content\/uploads\/2022\/06\/A7302657-copie-200x125.jpg 200w, https:\/\/recherches-autochtones.org\/site\/wp-content\/uploads\/2022\/06\/A7302657-copie-300x188.jpg 300w, https:\/\/recherches-autochtones.org\/site\/wp-content\/uploads\/2022\/06\/A7302657-copie-320x202.jpg 320w, https:\/\/recherches-autochtones.org\/site\/wp-content\/uploads\/2022\/06\/A7302657-copie-400x250.jpg 400w, https:\/\/recherches-autochtones.org\/site\/wp-content\/uploads\/2022\/06\/A7302657-copie-500x313.jpg 500w, https:\/\/recherches-autochtones.org\/site\/wp-content\/uploads\/2022\/06\/A7302657-copie-600x375.jpg 600w, https:\/\/recherches-autochtones.org\/site\/wp-content\/uploads\/2022\/06\/A7302657-copie-700x441.jpg 700w, https:\/\/recherches-autochtones.org\/site\/wp-content\/uploads\/2022\/06\/A7302657-copie-768x480.jpg 768w, https:\/\/recherches-autochtones.org\/site\/wp-content\/uploads\/2022\/06\/A7302657-copie-800x500.jpg 800w, https:\/\/recherches-autochtones.org\/site\/wp-content\/uploads\/2022\/06\/A7302657-copie-1024x640.jpg 1024w, https:\/\/recherches-autochtones.org\/site\/wp-content\/uploads\/2022\/06\/A7302657-copie-1200x750.jpg 1200w, https:\/\/recherches-autochtones.org\/site\/wp-content\/uploads\/2022\/06\/A7302657-copie-1536x960.jpg 1536w, https:\/\/recherches-autochtones.org\/site\/wp-content\/uploads\/2022\/06\/A7302657-copie.jpg 1920w\" sizes=\"(max-width: 300px) 100vw, 300px\" \/><\/a>\n\t\t\t<\/dt><\/dl><dl class='gallery-item'>\n\t\t\t<dt class='gallery-icon landscape'>\n\t\t\t\t<a data-rel=\"iLightbox[postimages]\" data-title=\"Jos\u00e9phine Bacon, Gloria Vollant et Pierre Trudel\" data-caption=\"\" href='https:\/\/recherches-autochtones.org\/site\/?attachment_id=8180'><img decoding=\"async\" width=\"300\" height=\"188\" src=\"https:\/\/recherches-autochtones.org\/site\/wp-content\/uploads\/2022\/06\/A7302594-copie-300x188.jpg\" class=\"attachment-medium size-medium\" alt=\"\" srcset=\"https:\/\/recherches-autochtones.org\/site\/wp-content\/uploads\/2022\/06\/A7302594-copie-150x94.jpg 150w, https:\/\/recherches-autochtones.org\/site\/wp-content\/uploads\/2022\/06\/A7302594-copie-200x125.jpg 200w, https:\/\/recherches-autochtones.org\/site\/wp-content\/uploads\/2022\/06\/A7302594-copie-300x188.jpg 300w, https:\/\/recherches-autochtones.org\/site\/wp-content\/uploads\/2022\/06\/A7302594-copie-320x202.jpg 320w, https:\/\/recherches-autochtones.org\/site\/wp-content\/uploads\/2022\/06\/A7302594-copie-400x250.jpg 400w, https:\/\/recherches-autochtones.org\/site\/wp-content\/uploads\/2022\/06\/A7302594-copie-500x313.jpg 500w, https:\/\/recherches-autochtones.org\/site\/wp-content\/uploads\/2022\/06\/A7302594-copie-600x375.jpg 600w, https:\/\/recherches-autochtones.org\/site\/wp-content\/uploads\/2022\/06\/A7302594-copie-700x441.jpg 700w, https:\/\/recherches-autochtones.org\/site\/wp-content\/uploads\/2022\/06\/A7302594-copie-768x480.jpg 768w, https:\/\/recherches-autochtones.org\/site\/wp-content\/uploads\/2022\/06\/A7302594-copie-800x500.jpg 800w, https:\/\/recherches-autochtones.org\/site\/wp-content\/uploads\/2022\/06\/A7302594-copie-1024x640.jpg 1024w, https:\/\/recherches-autochtones.org\/site\/wp-content\/uploads\/2022\/06\/A7302594-copie-1200x750.jpg 1200w, https:\/\/recherches-autochtones.org\/site\/wp-content\/uploads\/2022\/06\/A7302594-copie-1536x960.jpg 1536w, https:\/\/recherches-autochtones.org\/site\/wp-content\/uploads\/2022\/06\/A7302594-copie.jpg 1920w\" sizes=\"(max-width: 300px) 100vw, 300px\" \/><\/a>\n\t\t\t<\/dt><\/dl><dl class='gallery-item'>\n\t\t\t<dt class='gallery-icon landscape'>\n\t\t\t\t<a data-rel=\"iLightbox[postimages]\" data-title=\"Eric Chalifoux, \u00c9mile Duchesne et Pierre Trudel\" data-caption=\"\" href='https:\/\/recherches-autochtones.org\/site\/?attachment_id=8182'><img decoding=\"async\" width=\"300\" height=\"169\" src=\"https:\/\/recherches-autochtones.org\/site\/wp-content\/uploads\/2022\/06\/Eric-montre-reue-copie-300x169.jpg\" class=\"attachment-medium size-medium\" alt=\"\" srcset=\"https:\/\/recherches-autochtones.org\/site\/wp-content\/uploads\/2022\/06\/Eric-montre-reue-copie-150x84.jpg 150w, https:\/\/recherches-autochtones.org\/site\/wp-content\/uploads\/2022\/06\/Eric-montre-reue-copie-200x113.jpg 200w, https:\/\/recherches-autochtones.org\/site\/wp-content\/uploads\/2022\/06\/Eric-montre-reue-copie-300x169.jpg 300w, https:\/\/recherches-autochtones.org\/site\/wp-content\/uploads\/2022\/06\/Eric-montre-reue-copie-400x225.jpg 400w, https:\/\/recherches-autochtones.org\/site\/wp-content\/uploads\/2022\/06\/Eric-montre-reue-copie-500x281.jpg 500w, https:\/\/recherches-autochtones.org\/site\/wp-content\/uploads\/2022\/06\/Eric-montre-reue-copie-600x338.jpg 600w, https:\/\/recherches-autochtones.org\/site\/wp-content\/uploads\/2022\/06\/Eric-montre-reue-copie-700x394.jpg 700w, https:\/\/recherches-autochtones.org\/site\/wp-content\/uploads\/2022\/06\/Eric-montre-reue-copie-768x432.jpg 768w, https:\/\/recherches-autochtones.org\/site\/wp-content\/uploads\/2022\/06\/Eric-montre-reue-copie-800x450.jpg 800w, https:\/\/recherches-autochtones.org\/site\/wp-content\/uploads\/2022\/06\/Eric-montre-reue-copie-1024x576.jpg 1024w, https:\/\/recherches-autochtones.org\/site\/wp-content\/uploads\/2022\/06\/Eric-montre-reue-copie-1200x675.jpg 1200w, https:\/\/recherches-autochtones.org\/site\/wp-content\/uploads\/2022\/06\/Eric-montre-reue-copie-1536x864.jpg 1536w, https:\/\/recherches-autochtones.org\/site\/wp-content\/uploads\/2022\/06\/Eric-montre-reue-copie.jpg 1920w\" sizes=\"(max-width: 300px) 100vw, 300px\" \/><\/a>\n\t\t\t<\/dt><\/dl><br style=\"clear: both\" \/><dl class='gallery-item'>\n\t\t\t<dt class='gallery-icon landscape'>\n\t\t\t\t<a data-rel=\"iLightbox[postimages]\" data-title=\"Gilles Bibeau\" data-caption=\"\" href='https:\/\/recherches-autochtones.org\/site\/?attachment_id=8183'><img decoding=\"async\" width=\"300\" height=\"200\" src=\"https:\/\/recherches-autochtones.org\/site\/wp-content\/uploads\/2022\/06\/Gilles-03-copie-300x200.jpg\" class=\"attachment-medium size-medium\" alt=\"\" srcset=\"https:\/\/recherches-autochtones.org\/site\/wp-content\/uploads\/2022\/06\/Gilles-03-copie-150x100.jpg 150w, https:\/\/recherches-autochtones.org\/site\/wp-content\/uploads\/2022\/06\/Gilles-03-copie-200x133.jpg 200w, https:\/\/recherches-autochtones.org\/site\/wp-content\/uploads\/2022\/06\/Gilles-03-copie-300x200.jpg 300w, https:\/\/recherches-autochtones.org\/site\/wp-content\/uploads\/2022\/06\/Gilles-03-copie-400x267.jpg 400w, https:\/\/recherches-autochtones.org\/site\/wp-content\/uploads\/2022\/06\/Gilles-03-copie-500x333.jpg 500w, https:\/\/recherches-autochtones.org\/site\/wp-content\/uploads\/2022\/06\/Gilles-03-copie-600x400.jpg 600w, https:\/\/recherches-autochtones.org\/site\/wp-content\/uploads\/2022\/06\/Gilles-03-copie-700x467.jpg 700w, https:\/\/recherches-autochtones.org\/site\/wp-content\/uploads\/2022\/06\/Gilles-03-copie-768x512.jpg 768w, https:\/\/recherches-autochtones.org\/site\/wp-content\/uploads\/2022\/06\/Gilles-03-copie-800x533.jpg 800w, https:\/\/recherches-autochtones.org\/site\/wp-content\/uploads\/2022\/06\/Gilles-03-copie-1024x683.jpg 1024w, https:\/\/recherches-autochtones.org\/site\/wp-content\/uploads\/2022\/06\/Gilles-03-copie-1200x800.jpg 1200w, https:\/\/recherches-autochtones.org\/site\/wp-content\/uploads\/2022\/06\/Gilles-03-copie-1536x1024.jpg 1536w, https:\/\/recherches-autochtones.org\/site\/wp-content\/uploads\/2022\/06\/Gilles-03-copie.jpg 1920w\" sizes=\"(max-width: 300px) 100vw, 300px\" \/><\/a>\n\t\t\t<\/dt><\/dl><dl class='gallery-item'>\n\t\t\t<dt class='gallery-icon landscape'>\n\t\t\t\t<a data-rel=\"iLightbox[postimages]\" data-title=\"Pierre Trudel, G\u00e9rald McKenzie, Jos\u00e9phine Bacon et Denys Del\u00e2ge\" data-caption=\"\" href='https:\/\/recherches-autochtones.org\/site\/?attachment_id=8176'><img decoding=\"async\" width=\"300\" height=\"200\" src=\"https:\/\/recherches-autochtones.org\/site\/wp-content\/uploads\/2022\/06\/A7302521-copie-300x200.jpg\" class=\"attachment-medium size-medium\" alt=\"\" srcset=\"https:\/\/recherches-autochtones.org\/site\/wp-content\/uploads\/2022\/06\/A7302521-copie-150x100.jpg 150w, https:\/\/recherches-autochtones.org\/site\/wp-content\/uploads\/2022\/06\/A7302521-copie-200x133.jpg 200w, https:\/\/recherches-autochtones.org\/site\/wp-content\/uploads\/2022\/06\/A7302521-copie-300x200.jpg 300w, https:\/\/recherches-autochtones.org\/site\/wp-content\/uploads\/2022\/06\/A7302521-copie-400x267.jpg 400w, https:\/\/recherches-autochtones.org\/site\/wp-content\/uploads\/2022\/06\/A7302521-copie-500x333.jpg 500w, https:\/\/recherches-autochtones.org\/site\/wp-content\/uploads\/2022\/06\/A7302521-copie-600x400.jpg 600w, https:\/\/recherches-autochtones.org\/site\/wp-content\/uploads\/2022\/06\/A7302521-copie-700x467.jpg 700w, https:\/\/recherches-autochtones.org\/site\/wp-content\/uploads\/2022\/06\/A7302521-copie-768x512.jpg 768w, https:\/\/recherches-autochtones.org\/site\/wp-content\/uploads\/2022\/06\/A7302521-copie-800x533.jpg 800w, https:\/\/recherches-autochtones.org\/site\/wp-content\/uploads\/2022\/06\/A7302521-copie-1024x683.jpg 1024w, https:\/\/recherches-autochtones.org\/site\/wp-content\/uploads\/2022\/06\/A7302521-copie-1200x800.jpg 1200w, https:\/\/recherches-autochtones.org\/site\/wp-content\/uploads\/2022\/06\/A7302521-copie-1536x1024.jpg 1536w, https:\/\/recherches-autochtones.org\/site\/wp-content\/uploads\/2022\/06\/A7302521-copie.jpg 1920w\" sizes=\"(max-width: 300px) 100vw, 300px\" \/><\/a>\n\t\t\t<\/dt><\/dl><dl class='gallery-item'>\n\t\t\t<dt class='gallery-icon landscape'>\n\t\t\t\t<a data-rel=\"iLightbox[postimages]\" data-title=\"A7302500 copie\" data-caption=\"\" href='https:\/\/recherches-autochtones.org\/site\/a7302500-copie\/'><img decoding=\"async\" width=\"300\" height=\"200\" src=\"https:\/\/recherches-autochtones.org\/site\/wp-content\/uploads\/2022\/06\/A7302500-copie-300x200.jpg\" class=\"attachment-medium size-medium\" alt=\"\" srcset=\"https:\/\/recherches-autochtones.org\/site\/wp-content\/uploads\/2022\/06\/A7302500-copie-150x100.jpg 150w, https:\/\/recherches-autochtones.org\/site\/wp-content\/uploads\/2022\/06\/A7302500-copie-200x133.jpg 200w, https:\/\/recherches-autochtones.org\/site\/wp-content\/uploads\/2022\/06\/A7302500-copie-300x200.jpg 300w, https:\/\/recherches-autochtones.org\/site\/wp-content\/uploads\/2022\/06\/A7302500-copie-400x267.jpg 400w, https:\/\/recherches-autochtones.org\/site\/wp-content\/uploads\/2022\/06\/A7302500-copie-500x333.jpg 500w, https:\/\/recherches-autochtones.org\/site\/wp-content\/uploads\/2022\/06\/A7302500-copie-600x400.jpg 600w, https:\/\/recherches-autochtones.org\/site\/wp-content\/uploads\/2022\/06\/A7302500-copie-700x467.jpg 700w, https:\/\/recherches-autochtones.org\/site\/wp-content\/uploads\/2022\/06\/A7302500-copie-768x512.jpg 768w, https:\/\/recherches-autochtones.org\/site\/wp-content\/uploads\/2022\/06\/A7302500-copie-800x533.jpg 800w, https:\/\/recherches-autochtones.org\/site\/wp-content\/uploads\/2022\/06\/A7302500-copie-1024x683.jpg 1024w, https:\/\/recherches-autochtones.org\/site\/wp-content\/uploads\/2022\/06\/A7302500-copie-1200x800.jpg 1200w, https:\/\/recherches-autochtones.org\/site\/wp-content\/uploads\/2022\/06\/A7302500-copie-1536x1024.jpg 1536w, https:\/\/recherches-autochtones.org\/site\/wp-content\/uploads\/2022\/06\/A7302500-copie.jpg 1920w\" sizes=\"(max-width: 300px) 100vw, 300px\" \/><\/a>\n\t\t\t<\/dt><\/dl><br style=\"clear: both\" \/><dl class='gallery-item'>\n\t\t\t<dt class='gallery-icon landscape'>\n\t\t\t\t<a data-rel=\"iLightbox[postimages]\" data-title=\"L\u00e9\u00efa St-Pierre\" data-caption=\"\" href='https:\/\/recherches-autochtones.org\/site\/?attachment_id=8184'><img decoding=\"async\" width=\"300\" height=\"188\" src=\"https:\/\/recherches-autochtones.org\/site\/wp-content\/uploads\/2022\/06\/Vincent-A7302621-copie-300x188.jpg\" class=\"attachment-medium size-medium\" alt=\"\" srcset=\"https:\/\/recherches-autochtones.org\/site\/wp-content\/uploads\/2022\/06\/Vincent-A7302621-copie-150x94.jpg 150w, https:\/\/recherches-autochtones.org\/site\/wp-content\/uploads\/2022\/06\/Vincent-A7302621-copie-200x125.jpg 200w, https:\/\/recherches-autochtones.org\/site\/wp-content\/uploads\/2022\/06\/Vincent-A7302621-copie-300x188.jpg 300w, https:\/\/recherches-autochtones.org\/site\/wp-content\/uploads\/2022\/06\/Vincent-A7302621-copie-320x202.jpg 320w, https:\/\/recherches-autochtones.org\/site\/wp-content\/uploads\/2022\/06\/Vincent-A7302621-copie-400x250.jpg 400w, https:\/\/recherches-autochtones.org\/site\/wp-content\/uploads\/2022\/06\/Vincent-A7302621-copie-500x313.jpg 500w, https:\/\/recherches-autochtones.org\/site\/wp-content\/uploads\/2022\/06\/Vincent-A7302621-copie-600x375.jpg 600w, https:\/\/recherches-autochtones.org\/site\/wp-content\/uploads\/2022\/06\/Vincent-A7302621-copie-700x441.jpg 700w, https:\/\/recherches-autochtones.org\/site\/wp-content\/uploads\/2022\/06\/Vincent-A7302621-copie-768x480.jpg 768w, https:\/\/recherches-autochtones.org\/site\/wp-content\/uploads\/2022\/06\/Vincent-A7302621-copie-800x500.jpg 800w, https:\/\/recherches-autochtones.org\/site\/wp-content\/uploads\/2022\/06\/Vincent-A7302621-copie-1024x640.jpg 1024w, https:\/\/recherches-autochtones.org\/site\/wp-content\/uploads\/2022\/06\/Vincent-A7302621-copie-1200x750.jpg 1200w, https:\/\/recherches-autochtones.org\/site\/wp-content\/uploads\/2022\/06\/Vincent-A7302621-copie-1536x960.jpg 1536w, https:\/\/recherches-autochtones.org\/site\/wp-content\/uploads\/2022\/06\/Vincent-A7302621-copie.jpg 1920w\" sizes=\"(max-width: 300px) 100vw, 300px\" \/><\/a>\n\t\t\t<\/dt><\/dl><dl class='gallery-item'>\n\t\t\t<dt class='gallery-icon landscape'>\n\t\t\t\t<a data-rel=\"iLightbox[postimages]\" data-title=\"Jos\u00e9phine Bacon\" data-caption=\"\" href='https:\/\/recherches-autochtones.org\/site\/?attachment_id=8179'><img decoding=\"async\" width=\"300\" height=\"200\" src=\"https:\/\/recherches-autochtones.org\/site\/wp-content\/uploads\/2022\/06\/A7302575-copie-300x200.jpg\" class=\"attachment-medium size-medium\" alt=\"\" srcset=\"https:\/\/recherches-autochtones.org\/site\/wp-content\/uploads\/2022\/06\/A7302575-copie-150x100.jpg 150w, https:\/\/recherches-autochtones.org\/site\/wp-content\/uploads\/2022\/06\/A7302575-copie-200x133.jpg 200w, https:\/\/recherches-autochtones.org\/site\/wp-content\/uploads\/2022\/06\/A7302575-copie-300x200.jpg 300w, https:\/\/recherches-autochtones.org\/site\/wp-content\/uploads\/2022\/06\/A7302575-copie-400x267.jpg 400w, https:\/\/recherches-autochtones.org\/site\/wp-content\/uploads\/2022\/06\/A7302575-copie-500x333.jpg 500w, https:\/\/recherches-autochtones.org\/site\/wp-content\/uploads\/2022\/06\/A7302575-copie-600x400.jpg 600w, https:\/\/recherches-autochtones.org\/site\/wp-content\/uploads\/2022\/06\/A7302575-copie-700x467.jpg 700w, https:\/\/recherches-autochtones.org\/site\/wp-content\/uploads\/2022\/06\/A7302575-copie-768x512.jpg 768w, https:\/\/recherches-autochtones.org\/site\/wp-content\/uploads\/2022\/06\/A7302575-copie-800x533.jpg 800w, https:\/\/recherches-autochtones.org\/site\/wp-content\/uploads\/2022\/06\/A7302575-copie-1024x683.jpg 1024w, https:\/\/recherches-autochtones.org\/site\/wp-content\/uploads\/2022\/06\/A7302575-copie-1200x800.jpg 1200w, https:\/\/recherches-autochtones.org\/site\/wp-content\/uploads\/2022\/06\/A7302575-copie-1536x1024.jpg 1536w, https:\/\/recherches-autochtones.org\/site\/wp-content\/uploads\/2022\/06\/A7302575-copie.jpg 1920w\" sizes=\"(max-width: 300px) 100vw, 300px\" \/><\/a>\n\t\t\t<\/dt><\/dl><dl class='gallery-item'>\n\t\t\t<dt class='gallery-icon landscape'>\n\t\t\t\t<a data-rel=\"iLightbox[postimages]\" data-title=\"A7302583 copie\" data-caption=\"\" href='https:\/\/recherches-autochtones.org\/site\/a7302583-copie\/'><img decoding=\"async\" width=\"300\" height=\"200\" src=\"https:\/\/recherches-autochtones.org\/site\/wp-content\/uploads\/2022\/06\/A7302583-copie-300x200.jpg\" class=\"attachment-medium size-medium\" alt=\"\" srcset=\"https:\/\/recherches-autochtones.org\/site\/wp-content\/uploads\/2022\/06\/A7302583-copie-150x100.jpg 150w, https:\/\/recherches-autochtones.org\/site\/wp-content\/uploads\/2022\/06\/A7302583-copie-200x133.jpg 200w, https:\/\/recherches-autochtones.org\/site\/wp-content\/uploads\/2022\/06\/A7302583-copie-300x200.jpg 300w, https:\/\/recherches-autochtones.org\/site\/wp-content\/uploads\/2022\/06\/A7302583-copie-400x267.jpg 400w, https:\/\/recherches-autochtones.org\/site\/wp-content\/uploads\/2022\/06\/A7302583-copie-500x333.jpg 500w, https:\/\/recherches-autochtones.org\/site\/wp-content\/uploads\/2022\/06\/A7302583-copie-600x400.jpg 600w, https:\/\/recherches-autochtones.org\/site\/wp-content\/uploads\/2022\/06\/A7302583-copie-700x467.jpg 700w, https:\/\/recherches-autochtones.org\/site\/wp-content\/uploads\/2022\/06\/A7302583-copie-768x512.jpg 768w, https:\/\/recherches-autochtones.org\/site\/wp-content\/uploads\/2022\/06\/A7302583-copie-800x533.jpg 800w, https:\/\/recherches-autochtones.org\/site\/wp-content\/uploads\/2022\/06\/A7302583-copie-1024x683.jpg 1024w, https:\/\/recherches-autochtones.org\/site\/wp-content\/uploads\/2022\/06\/A7302583-copie-1200x800.jpg 1200w, https:\/\/recherches-autochtones.org\/site\/wp-content\/uploads\/2022\/06\/A7302583-copie-1536x1024.jpg 1536w, https:\/\/recherches-autochtones.org\/site\/wp-content\/uploads\/2022\/06\/A7302583-copie.jpg 1920w\" sizes=\"(max-width: 300px) 100vw, 300px\" \/><\/a>\n\t\t\t<\/dt><\/dl><br style=\"clear: both\" \/><dl class='gallery-item'>\n\t\t\t<dt class='gallery-icon landscape'>\n\t\t\t\t<a data-rel=\"iLightbox[postimages]\" data-title=\"A7302610 copie\" data-caption=\"\" href='https:\/\/recherches-autochtones.org\/site\/?attachment_id=8181'><img decoding=\"async\" width=\"300\" height=\"188\" src=\"https:\/\/recherches-autochtones.org\/site\/wp-content\/uploads\/2022\/06\/A7302610-copie-300x188.jpg\" class=\"attachment-medium size-medium\" alt=\"\" srcset=\"https:\/\/recherches-autochtones.org\/site\/wp-content\/uploads\/2022\/06\/A7302610-copie-150x94.jpg 150w, https:\/\/recherches-autochtones.org\/site\/wp-content\/uploads\/2022\/06\/A7302610-copie-200x125.jpg 200w, https:\/\/recherches-autochtones.org\/site\/wp-content\/uploads\/2022\/06\/A7302610-copie-300x188.jpg 300w, https:\/\/recherches-autochtones.org\/site\/wp-content\/uploads\/2022\/06\/A7302610-copie-320x202.jpg 320w, https:\/\/recherches-autochtones.org\/site\/wp-content\/uploads\/2022\/06\/A7302610-copie-400x250.jpg 400w, https:\/\/recherches-autochtones.org\/site\/wp-content\/uploads\/2022\/06\/A7302610-copie-500x313.jpg 500w, https:\/\/recherches-autochtones.org\/site\/wp-content\/uploads\/2022\/06\/A7302610-copie-600x375.jpg 600w, https:\/\/recherches-autochtones.org\/site\/wp-content\/uploads\/2022\/06\/A7302610-copie-700x441.jpg 700w, https:\/\/recherches-autochtones.org\/site\/wp-content\/uploads\/2022\/06\/A7302610-copie-768x480.jpg 768w, https:\/\/recherches-autochtones.org\/site\/wp-content\/uploads\/2022\/06\/A7302610-copie-800x500.jpg 800w, https:\/\/recherches-autochtones.org\/site\/wp-content\/uploads\/2022\/06\/A7302610-copie-1024x640.jpg 1024w, https:\/\/recherches-autochtones.org\/site\/wp-content\/uploads\/2022\/06\/A7302610-copie-1200x750.jpg 1200w, https:\/\/recherches-autochtones.org\/site\/wp-content\/uploads\/2022\/06\/A7302610-copie-1536x960.jpg 1536w, https:\/\/recherches-autochtones.org\/site\/wp-content\/uploads\/2022\/06\/A7302610-copie.jpg 1920w\" sizes=\"(max-width: 300px) 100vw, 300px\" \/><\/a>\n\t\t\t<\/dt><\/dl><dl class='gallery-item'>\n\t\t\t<dt class='gallery-icon landscape'>\n\t\t\t\t<a data-rel=\"iLightbox[postimages]\" data-title=\"\u00c9ric Chalifoux et Denys Del\u00e2ge\" data-caption=\"\" href='https:\/\/recherches-autochtones.org\/site\/?attachment_id=8178'><img decoding=\"async\" width=\"300\" height=\"200\" src=\"https:\/\/recherches-autochtones.org\/site\/wp-content\/uploads\/2022\/06\/A7302568-copie-300x200.jpg\" class=\"attachment-medium size-medium\" alt=\"\" srcset=\"https:\/\/recherches-autochtones.org\/site\/wp-content\/uploads\/2022\/06\/A7302568-copie-150x100.jpg 150w, https:\/\/recherches-autochtones.org\/site\/wp-content\/uploads\/2022\/06\/A7302568-copie-200x133.jpg 200w, https:\/\/recherches-autochtones.org\/site\/wp-content\/uploads\/2022\/06\/A7302568-copie-300x200.jpg 300w, https:\/\/recherches-autochtones.org\/site\/wp-content\/uploads\/2022\/06\/A7302568-copie-400x267.jpg 400w, https:\/\/recherches-autochtones.org\/site\/wp-content\/uploads\/2022\/06\/A7302568-copie-500x333.jpg 500w, https:\/\/recherches-autochtones.org\/site\/wp-content\/uploads\/2022\/06\/A7302568-copie-600x400.jpg 600w, https:\/\/recherches-autochtones.org\/site\/wp-content\/uploads\/2022\/06\/A7302568-copie-700x467.jpg 700w, https:\/\/recherches-autochtones.org\/site\/wp-content\/uploads\/2022\/06\/A7302568-copie-768x512.jpg 768w, https:\/\/recherches-autochtones.org\/site\/wp-content\/uploads\/2022\/06\/A7302568-copie-800x533.jpg 800w, https:\/\/recherches-autochtones.org\/site\/wp-content\/uploads\/2022\/06\/A7302568-copie-1024x683.jpg 1024w, https:\/\/recherches-autochtones.org\/site\/wp-content\/uploads\/2022\/06\/A7302568-copie-1200x800.jpg 1200w, https:\/\/recherches-autochtones.org\/site\/wp-content\/uploads\/2022\/06\/A7302568-copie-1536x1024.jpg 1536w, https:\/\/recherches-autochtones.org\/site\/wp-content\/uploads\/2022\/06\/A7302568-copie.jpg 1920w\" sizes=\"(max-width: 300px) 100vw, 300px\" \/><\/a>\n\t\t\t<\/dt><\/dl><dl class='gallery-item'>\n\t\t\t<dt class='gallery-icon landscape'>\n\t\t\t\t<a data-rel=\"iLightbox[postimages]\" data-title=\"Denys Del\u00e2ge et \u00c9mile Duchesne\" data-caption=\"\" href='https:\/\/recherches-autochtones.org\/site\/?attachment_id=8177'><img decoding=\"async\" width=\"300\" height=\"200\" src=\"https:\/\/recherches-autochtones.org\/site\/wp-content\/uploads\/2022\/06\/A7302558-copie-300x200.jpg\" class=\"attachment-medium size-medium\" alt=\"\" srcset=\"https:\/\/recherches-autochtones.org\/site\/wp-content\/uploads\/2022\/06\/A7302558-copie-150x100.jpg 150w, https:\/\/recherches-autochtones.org\/site\/wp-content\/uploads\/2022\/06\/A7302558-copie-200x133.jpg 200w, https:\/\/recherches-autochtones.org\/site\/wp-content\/uploads\/2022\/06\/A7302558-copie-300x200.jpg 300w, https:\/\/recherches-autochtones.org\/site\/wp-content\/uploads\/2022\/06\/A7302558-copie-400x267.jpg 400w, https:\/\/recherches-autochtones.org\/site\/wp-content\/uploads\/2022\/06\/A7302558-copie-500x333.jpg 500w, https:\/\/recherches-autochtones.org\/site\/wp-content\/uploads\/2022\/06\/A7302558-copie-600x400.jpg 600w, https:\/\/recherches-autochtones.org\/site\/wp-content\/uploads\/2022\/06\/A7302558-copie-700x467.jpg 700w, https:\/\/recherches-autochtones.org\/site\/wp-content\/uploads\/2022\/06\/A7302558-copie-768x512.jpg 768w, https:\/\/recherches-autochtones.org\/site\/wp-content\/uploads\/2022\/06\/A7302558-copie-800x533.jpg 800w, https:\/\/recherches-autochtones.org\/site\/wp-content\/uploads\/2022\/06\/A7302558-copie-1024x683.jpg 1024w, https:\/\/recherches-autochtones.org\/site\/wp-content\/uploads\/2022\/06\/A7302558-copie-1200x800.jpg 1200w, https:\/\/recherches-autochtones.org\/site\/wp-content\/uploads\/2022\/06\/A7302558-copie-1536x1024.jpg 1536w, https:\/\/recherches-autochtones.org\/site\/wp-content\/uploads\/2022\/06\/A7302558-copie.jpg 1920w\" sizes=\"(max-width: 300px) 100vw, 300px\" \/><\/a>\n\t\t\t<\/dt><\/dl><br style=\"clear: both\" \/>\n\t\t<\/div>\n\n","protected":false},"excerpt":{"rendered":"<p>[vc_row][vc_column][vc_column_text] Des Innus racontent Sylvie Vincent \u00a0 Jeudi le\u00a02 juin  [&#8230;]<\/p>\n","protected":false},"author":1,"featured_media":8075,"parent":0,"menu_order":0,"comment_status":"closed","ping_status":"closed","template":"","meta":{"_EventAllDay":false,"_EventTimezone":"","_EventStartDate":"","_EventEndDate":"","_EventStartDateUTC":"","_EventEndDateUTC":"","_EventShowMap":false,"_EventShowMapLink":false,"_EventURL":"","_EventCost":"","_EventCostDescription":"","_EventCurrencySymbol":"","_EventCurrencyCode":"","_EventCurrencyPosition":"","_EventDateTimeSeparator":"","_EventTimeRangeSeparator":"","_EventOrganizerID":[],"_EventVenueID":[],"_OrganizerEmail":"","_OrganizerPhone":"","_OrganizerWebsite":"","_VenueAddress":"","_VenueCity":"","_VenueCountry":"","_VenueProvince":"","_VenueState":"","_VenueZip":"","_VenuePhone":"","_VenueURL":"","_VenueStateProvince":"","_VenueLat":"","_VenueLng":"","_VenueShowMap":false,"_VenueShowMapLink":false,"footnotes":""},"class_list":["post-8169","page","type-page","status-publish","has-post-thumbnail","hentry"],"_links":{"self":[{"href":"https:\/\/recherches-autochtones.org\/site\/wp-json\/wp\/v2\/pages\/8169","targetHints":{"allow":["GET"]}}],"collection":[{"href":"https:\/\/recherches-autochtones.org\/site\/wp-json\/wp\/v2\/pages"}],"about":[{"href":"https:\/\/recherches-autochtones.org\/site\/wp-json\/wp\/v2\/types\/page"}],"author":[{"embeddable":true,"href":"https:\/\/recherches-autochtones.org\/site\/wp-json\/wp\/v2\/users\/1"}],"replies":[{"embeddable":true,"href":"https:\/\/recherches-autochtones.org\/site\/wp-json\/wp\/v2\/comments?post=8169"}],"version-history":[{"count":21,"href":"https:\/\/recherches-autochtones.org\/site\/wp-json\/wp\/v2\/pages\/8169\/revisions"}],"predecessor-version":[{"id":9865,"href":"https:\/\/recherches-autochtones.org\/site\/wp-json\/wp\/v2\/pages\/8169\/revisions\/9865"}],"wp:featuredmedia":[{"embeddable":true,"href":"https:\/\/recherches-autochtones.org\/site\/wp-json\/wp\/v2\/media\/8075"}],"wp:attachment":[{"href":"https:\/\/recherches-autochtones.org\/site\/wp-json\/wp\/v2\/media?parent=8169"}],"curies":[{"name":"wp","href":"https:\/\/api.w.org\/{rel}","templated":true}]}}