{"id":3661,"date":"2016-04-07T11:55:23","date_gmt":"2016-04-07T15:55:23","guid":{"rendered":"https:\/\/recherches-autochtones.org\/site\/?page_id=3661"},"modified":"2025-10-09T13:21:01","modified_gmt":"2025-10-09T17:21:01","slug":"paleo-quebec","status":"publish","type":"page","link":"https:\/\/recherches-autochtones.org\/site\/paleo-quebec\/","title":{"rendered":"Pal\u00e9o-Qu\u00e9bec"},"content":{"rendered":"<div class=\"fusion-fullwidth fullwidth-box fusion-builder-row-1 fusion-flex-container nonhundred-percent-fullwidth non-hundred-percent-height-scrolling\" style=\"--awb-border-radius-top-left:0px;--awb-border-radius-top-right:0px;--awb-border-radius-bottom-right:0px;--awb-border-radius-bottom-left:0px;--awb-flex-wrap:wrap;\" ><div class=\"fusion-builder-row fusion-row fusion-flex-align-items-flex-start fusion-flex-content-wrap\" style=\"max-width:1664px;margin-left: calc(-4% \/ 2 );margin-right: calc(-4% \/ 2 );\"><div class=\"fusion-layout-column fusion_builder_column fusion-builder-column-0 fusion_builder_column_3_4 3_4 fusion-flex-column\" style=\"--awb-bg-size:cover;--awb-width-large:75%;--awb-margin-top-large:0px;--awb-spacing-right-large:3.84%;--awb-margin-bottom-large:0px;--awb-spacing-left-large:2.56%;--awb-width-medium:75%;--awb-spacing-right-medium:3.84%;--awb-spacing-left-medium:2.56%;--awb-width-small:100%;--awb-spacing-right-small:1.92%;--awb-spacing-left-small:1.92%;\"><div class=\"fusion-column-wrapper fusion-flex-justify-content-flex-start fusion-content-layout-column\"><div class=\"fusion-text fusion-text-1\"><p>Dirig\u00e9e par Daniel Chevrier, cette collection\u00a0regroupe et diffuse des textes in\u00e9dits et des monographies concernant les recherches effectu\u00e9es au Qu\u00e9bec en pal\u00e9og\u00e9ographie, pal\u00e9o\u00e9cologie, arch\u00e9ologie et pr\u00e9histoire.\u00a0Fond\u00e9e en 1974 par Alexis Klimov (Universit\u00e9 du Qu\u00e9bec \u00e0 Trois-Rivi\u00e8res), Roger Lejeune (Universit\u00e9 Laval), Patrick Plumet (Universit\u00e9 du Qu\u00e9bec \u00e0 Montr\u00e9al) et Pierre J.H. Richard (Universit\u00e9 du Qu\u00e9bec \u00e0 Chicoutimi), la collection \u00ab Pal\u00e9o-Qu\u00e9bec \u00bb est\u00a0distribu\u00e9e par la Soci\u00e9t\u00e9 Recherches am\u00e9rindiennes au Qu\u00e9bec depuis 1993. \u00a0Le tirage varie entre 400 et 600 exemplaires.<\/p>\n<p><b><strong>2023 \u2013 Pal\u00e9o-Qu\u00e9bec 40<br \/>\n<\/strong><\/b><em>Kruger 3 : lieu de portage mill\u00e9naire \u00e0 Brompton \u00a0\u00a0 \u00a0<\/em><b><strong><a href=\"https:\/\/recherches-autochtones.org\/site\/produit\/kruger-3-lieu-de-portage-millenaire-a-brompton\/\">papier<\/a> | <a href=\"https:\/\/recherches-autochtones.org\/site\/produit\/kruger-3-lieu-de-portage-millenaire-a-brompton-pdf\/\">pdf<\/a><br \/>\n<\/strong><\/b>Textes r\u00e9unis sous la direction de Claude Chapdelaine et d\u2019\u00c9ric Graillon<\/p>\n<p><b><strong>2020 \u2013 Pal\u00e9o-Qu\u00e9bec 39<br \/>\n<\/strong><\/b><em>Kruger 2 : un site du Pal\u00e9oindien r\u00e9cent \u00e0 Brompton \u00a0\u00a0 \u00a0<\/em><strong><a href=\"https:\/\/recherches-autochtones.org\/site\/produit\/kruger-2-un-site-du-paleoindien-recent-a-brompton\/\">papier<\/a> | <a href=\"https:\/\/recherches-autochtones.org\/site\/produit\/kruger-2-un-site-du-paleoindien-recent-a-brompton-version-pdf\/\">pdf<\/a><\/strong><br \/>\nTextes r\u00e9unis sous la direction de Claude Chapdelaine et d\u2019\u00c9ric Graillon<\/p>\n<p><b><strong>2019 \u2013\u00a0Pal\u00e9o-Qu\u00e9bec 38<br \/>\n<\/strong><\/b><em>Droulers-Tsiionhiakwatha\u00a0: chef-lieu iroquoien de<span class=\"Apple-converted-space\">\u00a0 <\/span>Saint-Anicet\u00a0\u00e0 la fin du XV<sup>e<\/sup> si\u00e8cle<\/em><b> \u00a0 \u00a0<strong><a href=\"https:\/\/recherches-autochtones.org\/site\/produit\/droulers-tsiionhiakwatha\">papier<\/a> | pdf (version incluse avec la version papier)<\/strong><strong><br \/>\n<\/strong><\/b>Sous la direction de Claude Chapdelaine<\/p>\n<p><strong>2018 \u2013\u00a0Pal\u00e9o-Qu\u00e9bec 37<br \/>\n<\/strong><em>Le site McDonald : le plus vieux village iroquoien de Saint-Anicet<\/em> \u00a0 \u00a0\u00a0<strong><a href=\"https:\/\/recherches-autochtones.org\/site\/produit\/le-site-mcdona\" target=\"_blank\" rel=\"noopener noreferrer\">papier<\/a> | pdf (version incluse avec la version papier)<\/strong><strong><br \/>\n<\/strong>Sous la direction de Claude Chapdelaine<\/p>\n<p><strong>2017 \u2013\u00a0Pal\u00e9o-Qu\u00e9bec 36<br \/>\n<\/strong><em>L&rsquo;Archa\u00efque au Qu\u00e9bec : six mill\u00e9naires d&rsquo;histoire am\u00e9rindienne<\/em>\u00a0 \u00a0 \u00a0 \u00a0<strong><span style=\"color: #ff0000;\"><a style=\"color: #ff0000;\" href=\"https:\/\/recherches-autochtones.org\/site\/produit\/larchaique-au-quebec\" target=\"_blank\" rel=\"noopener noreferrer\">papier (\u00e9puis\u00e9)<\/a><\/span> | <a href=\"https:\/\/recherches-autochtones.org\/site\/produit\/larchaique-au-quebec-six-millenaires-dhistoire-amerindienne-version-pdf\/\">pdf<\/a><\/strong><strong><br \/>\n<\/strong>Sous la direction d&rsquo;Adrian L. Burke et Claude Chapdelaine<\/p>\n<p><strong>2015 \u2013\u00a0Pal\u00e9o-Qu\u00e9bec 35<\/strong><br \/>\n<em>Mailhot-Curran : un village iroquoien du XVI<sup>e<\/sup> si\u00e8cle<\/em>\u00a0 \u00a0 \u00a0 \u00a0<strong><a href=\"https:\/\/recherches-autochtones.org\/site\/produit\/mailhot-curran-un-village-iroquoien-du-xvie-siecle-2015-2\" target=\"_blank\" rel=\"noopener noreferrer\">papier<\/a> | <a href=\"https:\/\/recherches-autochtones.org\/site\/produit\/mailhot-curran-un-village-iroquoien-du-xvie-siecle-version-pdf-2015\" target=\"_blank\" rel=\"noopener noreferrer\">pdf<\/a><\/strong><br \/>\nSous la direction de Claude Chapdelaine<\/p>\n<p><strong>2010 \u2013\u00a0Pal\u00e9o-Qu\u00e9bec 34<\/strong><br \/>\n<em>De l&rsquo;arch\u00e9ologie analytique \u00e0 l&rsquo;arch\u00e9ologie sociale<\/em>\u00a0\u00a0 \u00a0 \u00a0\u00a0<strong><a href=\"https:\/\/recherches-autochtones.org\/site\/produit\/de-larcheologie-analytique-a-larcheologie-sociale-2010-2\" target=\"_blank\" rel=\"noopener noreferrer\">papier<\/a> | <a href=\"https:\/\/recherches-autochtones.org\/site\/produit\/de-larcheologie-analytique-a-larcheologie-sociale-version-pdf-2010\" target=\"_blank\" rel=\"noopener noreferrer\">pdf<\/a><\/strong><br \/>\nSous la direction de Brad Loewen, Claude Chapdelaine et Adrian Burke<\/p>\n<p><strong>2012 \u2013 Pal\u00e9o-Qu\u00e9bec 33<\/strong><br \/>\n<em>Kekeewin ou Kekeenowin : les peintures rupestres de l&rsquo;Est du Bouclier canadien<\/em>\u00a0\u00a0 \u00a0 \u00a0\u00a0<strong><a href=\"https:\/\/recherches-autochtones.org\/site\/produit\/kekeewin-ou-kekeenowin-les-peintures-rupestres-de-lest-du-bouclier-canadien-2012-2\" target=\"_blank\" rel=\"noopener noreferrer\">papier<\/a> | <a href=\"https:\/\/recherches-autochtones.org\/site\/produit\/kekeewin-ou-kekeenowin-les-peintures-rupestres-de-lest-du-bouclier-canadien-version-pdf-2012\" target=\"_blank\" rel=\"noopener noreferrer\">pdf<\/a><\/strong><br \/>\nSerge Lemaitre<\/p>\n<p><strong>2007 \u2013 Pal\u00e9o-Qu\u00e9bec 32<\/strong><br \/>\n<em>Entre lacs et montagnes au M\u00e9ganticois : 12 000 ans d&rsquo;histoire am\u00e9rindienne<\/em>\u00a0 \u00a0 \u00a0 <a href=\"https:\/\/recherches-autochtones.org\/site\/produit\/entre-lacs-et-montagnes-au-meganticois-12-000-ans-dhistoire-amerindienne-2007-2\/\"><strong><span style=\"color: #ff0000;\">papier (\u00e9puis\u00e9)<\/span><\/strong><\/a><strong>\u00a0| <a href=\"https:\/\/recherches-autochtones.org\/site\/produit\/entre-lacs-et-montagnes-au-meganticois-12-000-ans-dhistoire-amerindienne-version-pdf-2007\" target=\"_blank\" rel=\"noopener noreferrer\">pdf<\/a><\/strong><br \/>\nSous la direction de Claude Chapdelaine<\/p>\n<p><strong>2004 \u2013 Pal\u00e9o-Qu\u00e9bec 31<\/strong><br \/>\n<em>Un traducteur du pass\u00e9. M\u00e9langes en hommage \u00e0 Norman Clermont<\/em>\u00a0 \u00a0 \u00a0 \u00a0<strong><a href=\"https:\/\/recherches-autochtones.org\/site\/produit\/un-traducteur-du-passe-melanges-en-hommage-a-norman-clermont-2004-2\" target=\"_blank\" rel=\"noopener noreferrer\">papier<\/a> | <a href=\"https:\/\/recherches-autochtones.org\/site\/produit\/un-traducteur-du-passe-melanges-en-hommage-a-norman-clermont-version-pdf-2004\" target=\"_blank\" rel=\"noopener noreferrer\">pdf<\/a><\/strong><br \/>\nSous la direction de Claude Chapdelaine et Pierre Corbeil<\/p>\n<p><strong>2003 \u2013 Pal\u00e9o-Qu\u00e9bec 30<\/strong><br \/>\n<em>\u00cele aux Allumettes. L\u2019Archa\u00efque sup\u00e9rieur dans l\u2019Outaouais<\/em>\u00a0 \u00a0 \u00a0 \u00a0<strong><span style=\"color: #0000ee;\"><a href=\"https:\/\/recherches-autochtones.org\/site\/produit\/ile-aux-allumettes-larchaique-superieur-dans-loutaouais-2003-2\" target=\"_blank\" rel=\"noopener noreferrer\">papier<\/a><\/span>\u00a0| <a href=\"https:\/\/recherches-autochtones.org\/site\/produit\/ile-aux-allumettes-larchaique-superieur-dans-loutaouais-version-pdf-2003\" target=\"_blank\" rel=\"noopener noreferrer\">pdf<\/a><\/strong><br \/>\nSous la direction de Norman Clermont, Claude Chapdelaine, Jacques Cinq-Mars<\/p>\n<p><strong>1999 \u2013 Pal\u00e9o-Qu\u00e9bec 29<\/strong><br \/>\n<em>L&rsquo;arch\u00e9ologie sous la loupe. Contributions \u00e0 l&rsquo;arch\u00e9om\u00e9trie<\/em>\u00a0 \u00a0 \u00a0 \u00a0<strong><a href=\"https:\/\/recherches-autochtones.org\/site\/produit\/larcheologie-sous-la-loupe-contributions-a-larcheometrie-1999-2\" target=\"_blank\" rel=\"noopener noreferrer\">papier<\/a> | pdf (\u00e0 venir)<\/strong><br \/>\nSous la direction de Jean-Fran\u00e7ois Moreau<\/p>\n<p><strong>1998 \u2013 Pal\u00e9o-Qu\u00e9bec 28<\/strong><br \/>\n<em>\u00cele Morrison : Lieu sacr\u00e9 et atelier de l&rsquo;Archa\u00efque dans l&rsquo;Outaouais<\/em>\u00a0 \u00a0 \u00a0 \u00a0<strong><a href=\"https:\/\/recherches-autochtones.org\/site\/produit\/ile-morrison-lieu-sacre-et-atelier-de-larchaique-dans-loutaouais-1998-2\" target=\"_blank\" rel=\"noopener noreferrer\">papier<\/a> | pdf (\u00e0 venir)<\/strong><br \/>\nNorman Clermont et Claude Chapdelaine<\/p>\n<p><strong>1998 \u2013 Pal\u00e9o-Qu\u00e9bec 27<\/strong><br \/>\n<em>L&rsquo;\u00e9veilleur et l&rsquo;ambassadeur : Essais arch\u00e9ologiques et ethnohistoriques en hommage \u00e0 Charles A. Martijn<\/em>\u00a0 \u00a0 \u00a0 \u00a0<strong><a href=\"https:\/\/recherches-autochtones.org\/site\/produit\/leveilleur-et-lambassadeur-essais-archeologiques-et-ethnohistoriques-en-hommage-a-charles-a-martijn-1998-2\" target=\"_blank\" rel=\"noopener noreferrer\">papier<\/a>\u00a0| <a href=\"https:\/\/recherches-autochtones.org\/site\/produit\/leveilleur-et-lambassadeur-essais-archeologiques-et-ethnohistoriques-en-hommage-a-charles-a-martijn-version-pdf-1998\/\">pdf<\/a><\/strong><br \/>\nSous la direction de Roland Tremblay<\/p>\n<p><strong>1998 \u2013 Pal\u00e9o-Qu\u00e9bec 26<\/strong><br \/>\n<em>La pr\u00e9histoire du T\u00e9miscouata. Occupations am\u00e9rindiennes dans la haute vall\u00e9e de Wolastokuk<\/em>\u00a0 \u00a0 \u00a0 \u00a0<strong><a href=\"https:\/\/recherches-autochtones.org\/site\/produit\/la-prehistoire-du-temiscouata-occupations-amerindiennes-dans-la-haute-vallee-de-wolastokuk-1996-2\" target=\"_blank\" rel=\"noopener noreferrer\">papier<\/a> |<a href=\"https:\/\/recherches-autochtones.org\/site\/produit\/la-prehistoire-du-temiscouata-occupations-amerindiennes-dans-la-haute-vallee-de-wolastokuk-version-pdf-1996\/\"> pdf<\/a><\/strong><br \/>\n\u00c9ric Chalifoux, Adrian L. Burke et Claude Chapdelaine<\/p>\n<p><strong>1996 \u2013 Pal\u00e9o-Qu\u00e9bec 25<\/strong><br \/>\n<em>En remontant la rivi\u00e8re aux Brochets. Cinq mille ans d&rsquo;histoire am\u00e9rindienne dans Brome-Missisquoi<\/em>\u00a0 \u00a0 \u00a0 \u00a0<strong><span style=\"color: #ff0000;\">papier (\u00e9puis\u00e9)<\/span> | <a href=\"https:\/\/recherches-autochtones.org\/site\/produit\/en-remontant-la-riviere-aux-brochets-cinq-mille-ans-dhistoire-amerindienne-dans-brome-missisquoi-version-pdf-1996\" target=\"_blank\" rel=\"noopener noreferrer\">pdf<\/a><\/strong><br \/>\nClaude Chapdelaine, Judith Blais, Jean-Marc Forget et Daniel St-Arnaud<\/p>\n<p><strong>1995 \u2013 Pal\u00e9o-Qu\u00e9bec 24<\/strong><br \/>\n<em>\u00c9tude du r\u00e9seau d&rsquo;interactions des Iroquoiens pr\u00e9historiques du Qu\u00e9bec m\u00e9ridional par les analyses physicochimiques<\/em>\u00a0 \u00a0 \u00a0 \u00a0<strong><a href=\"https:\/\/recherches-autochtones.org\/site\/produit\/etude-du-reseau-dinteractions-des-iroquoiens-prehistoriques-du-quebec-meridional-par-les-analyses-physicochimiques-1995-2\" target=\"_blank\" rel=\"noopener noreferrer\">papier<\/a> | <a href=\"https:\/\/recherches-autochtones.org\/site\/produit\/etude-du-reseau-dinteractions-des-iroquoiens-prehistoriques-du-quebec-meridional-par-les-analyses-physicochimiques-version-pdf-1995\/\">pdf<\/a><\/strong><br \/>\nSous la direction de Claude Chapdelaine, Norman Clermont et Robert Marquis<\/p>\n<p><strong>1995 \u2013 Pal\u00e9o-Qu\u00e9bec 23<\/strong><br \/>\n<em>Arch\u00e9ologies qu\u00e9b\u00e9coises<\/em>\u00a0 \u00a0 \u00a0 <strong><a href=\"https:\/\/recherches-autochtones.org\/site\/produit\/archeologies-quebecoises-1995-2\" target=\"_blank\" rel=\"noopener noreferrer\">papier<\/a>\u00a0| <a href=\"https:\/\/recherches-autochtones.org\/site\/produit\/archeologies-quebecoises-version-pdf-1995\/\">pdf<\/a><\/strong><br \/>\nSous la direction de Anne-Marie-Balac, Claude Chapdelaine, Norman Clermont et Fran\u00e7oise Duguay<\/p>\n<p><strong>1994 \u2013 Pal\u00e9o-Qu\u00e9bec 22<\/strong><br \/>\n<em>Il y a 8000 ans \u00e0 Rimouski&#8230; Pal\u00e9o\u00e9cologie et arch\u00e9ologie d&rsquo;un site de la culture plano<\/em>\u00a0 \u00a0 \u00a0 \u00a0<strong><a href=\"https:\/\/recherches-autochtones.org\/site\/produit\/il-y-a-8000-ans-a-rimouski-paleoecologie-et-archeologie-dun-site-de-la-culture-plano-1994-2\" target=\"_blank\" rel=\"noopener noreferrer\">papier<\/a>\u00a0| <a href=\"https:\/\/recherches-autochtones.org\/site\/produit\/il-y-a-8000-ans-a-rimouski-paleoecologie-et-archeologie-dun-site-de-la-culture-plano-version-pdf-1994\/\">pdf<\/a><\/strong><br \/>\nSous la direction de Claude Chapdelaine<\/p>\n<p><strong>1994 \u2013 Pal\u00e9o-Qu\u00e9bec 21<\/strong><br \/>\n<em>La question de la coexistence du Pal\u00e9oesquimau et de l&rsquo;Am\u00e9rindien. Recherches dans la r\u00e9gion de Blanc-Sablon, Basse-C\u00f4te-Nord, Qu\u00e9bec<\/em>\u00a0 \u00a0 \u00a0 \u00a0<strong><a href=\"https:\/\/recherches-autochtones.org\/site\/produit\/la-question-de-la-coexistence-du-paleoesquimau-et-de-lamerindien-recherches-dans-la-region-de-blanc-sablon-basse-cote-nord-quebec-1994-2\" target=\"_blank\" rel=\"noopener noreferrer\">papier<\/a> | <a href=\"https:\/\/recherches-autochtones.org\/site\/produit\/la-question-de-la-coexistence-du-paleoesquimau-et-de-lamerindien-recherches-dans-la-region-de-blanc-sablon-basse-cote-nord-quebec-version-pdf-1994\/\">pdf<\/a><\/strong><br \/>\nPatrick Plumet, Christine Lascombes, Virginia Elliot, Michel Laurent, Andr\u00e9 Delisle<\/p>\n<p><strong>1993 \u2013 Pal\u00e9o-Qu\u00e9bec 20<\/strong><br \/>\n<em>Le site Lavoie (DbEj-11). L&rsquo;Archa\u00efque aux Grandes Bergeronnes, Haute C\u00f4te-Nord du Saint-Laurent<\/em>\u00a0 \u00a0 \u00a0 \u00a0<strong><a href=\"https:\/\/recherches-autochtones.org\/site\/produit\/le-site-lavoie-dbej-11-larchaique-aux-grandes-bergeronnes-haute-cote-nord-du-saint-laurent-1993-2\" target=\"_blank\" rel=\"noopener noreferrer\">papier<\/a> | <a href=\"https:\/\/recherches-autochtones.org\/site\/produit\/le-site-lavoie-dbej-11-larchaique-aux-grandes-bergeronnes-haute-cote-nord-du-saint-laurent-version-pdf-1993\/\">pdf<\/a><\/strong><br \/>\nPatrick Plumet, Jean-Fran\u00e7ois Moreau, H\u00e9l\u00e8ne Gauvin, Marie-France Archambault, Virginia Elliot<\/p>\n<p><strong>1991 \u2013 Pal\u00e9o-Qu\u00e9bec 19<\/strong><br \/>\n<em>Contribution \u00e0 l&rsquo;arch\u00e9ologie et l&rsquo;ethnohistoire de l&rsquo;Ungava oriental. C\u00f4te est, Killiniq, \u00eeles Button, Labrador septentrional<\/em> \u00a0 \u00a0 \u00a0 \u00a0<strong><a href=\"https:\/\/recherches-autochtones.org\/site\/produit\/contribution-a-larcheologie-et-lethnohistoire-de-lungava-oriental-cote-est-killiniq-iles-button-labrador-septentrional-1991-2\" target=\"_blank\" rel=\"noopener noreferrer\">papier<\/a> | <a href=\"https:\/\/recherches-autochtones.org\/site\/produit\/contribution-a-larcheologie-et-lethnohistoire-de-lungava-oriental-cote-est-killiniq-iles-button-labrador-septentrional-version-pdf-1991\/\">pdf<\/a><\/strong><br \/>\nPatrick Plumet et Pierre Gangloff<\/p>\n<p><strong>1985 \u2013 Pal\u00e9o-Qu\u00e9bec 18<\/strong><br \/>\n<em>Arch\u00e9ologie de l&rsquo;Ungava : le site de la Pointe aux B\u00e9lougas (Qilalugarsiuvik) et les maisons longues dors\u00e9tiennes<\/em>\u00a0 \u00a0 \u00a0 \u00a0<strong><a href=\"https:\/\/recherches-autochtones.org\/site\/produit\/archeologie-de-lungava-le-site-de-la-pointe-aux-belougas-qilalugarsiuvik-et-les-maisons-longues-dorsetiennes-1985-2\" target=\"_blank\" rel=\"noopener noreferrer\">papier<\/a> | <a href=\"https:\/\/recherches-autochtones.org\/site\/produit\/archeologie-de-lungava-le-site-de-la-pointe-aux-belougas-qilalugarsiuvik-et-les-maisons-longues-dorsetiennes-version-pdf-1985\/\">pdf<\/a><\/strong><br \/>\nPatrick Plumet<\/p>\n<p><strong>1985 \u2013 Pal\u00e9o-Qu\u00e9bec 17<\/strong><br \/>\n<em>Le syst\u00e8me \u00e9conomique micmac. Perspective ethnohistorique au 17e si\u00e8cle<\/em>\u00a0 \u00a0 \u00a0 \u00a0<strong><a href=\"https:\/\/recherches-autochtones.org\/site\/produit\/le-systeme-economique-micmac-perspective-ethnohistorique-au-17e-siecle-1985-2\" target=\"_blank\" rel=\"noopener noreferrer\">papier<\/a> | <a href=\"https:\/\/recherches-autochtones.org\/site\/produit\/le-systeme-economique-micmac-perspective-ethnohistorique-au-17e-siecle-version-pdf-1985\/\">pdf<\/a><\/strong><br \/>\nFran\u00e7oise Passchier<\/p>\n<p><strong>1984 \u2013 Pal\u00e9o-Qu\u00e9bec 16<\/strong><br \/>\n<em>\u00c9tablissements pal\u00e9oesquimaux du site Diana 73, Ungava<\/em>\u00a0 \u00a0 \u00a0 \u00a0<strong><a href=\"https:\/\/recherches-autochtones.org\/site\/produit\/etablissements-paleoesquimaux-du-site-diana-73-ungava-1984-2\" target=\"_blank\" rel=\"noopener noreferrer\">papier<\/a> | <a href=\"https:\/\/recherches-autochtones.org\/site\/produit\/etablissements-paleoesquimaux-du-site-diana-73-ungava-version-pdf-1984\/\">pdf<\/a><\/strong><br \/>\nPierre Bibeau<\/p>\n<p><strong>1982 \u2013 Pal\u00e9o-Qu\u00e9bec 15<\/strong><br \/>\n<em>G\u00e9omorphologie quaternaire du sud de l&rsquo;Ungava<\/em>\u00a0 \u00a0 \u00a0 \u00a0<strong><a href=\"https:\/\/recherches-autochtones.org\/site\/produit\/geomorphologie-quaternaire-du-sud-de-lungava-1982-2\" target=\"_blank\" rel=\"noopener noreferrer\">papier<\/a> | <a href=\"https:\/\/recherches-autochtones.org\/site\/produit\/geomorphologie-quaternaire-du-sud-de-lungava-version-pdf-1982\/\">pdf<\/a><\/strong><br \/>\nBernard Lauriol<\/p>\n<p><strong>1982 \u2013 Pal\u00e9o-Qu\u00e9bec 14<\/strong><br \/>\n<em>Occupation humaine de l&rsquo;Ungava : perspective ethnohistorique et \u00e9cologique<\/em>\u00a0 \u00a0 \u00a0 \u00a0<strong><a href=\"https:\/\/recherches-autochtones.org\/site\/produit\/occupation-humaine-de-lungava-perspective-ethnohistorique-et-ecologique-1982-2\" target=\"_blank\" rel=\"noopener noreferrer\">papier<\/a> | <a href=\"https:\/\/recherches-autochtones.org\/site\/produit\/occupation-humaine-de-lungava-perspective-ethnohistorique-et-ecologique-version-pdf-1982\/\">pdf<\/a><\/strong><br \/>\nMonique V\u00e9zinet<\/p>\n<p><strong>1981 \u2013 Pal\u00e9o-Qu\u00e9bec 13<\/strong><br \/>\n<em>Pal\u00e9ophytog\u00e9ographie post-glaciaire en Ungava par l&rsquo;analyse pollinique<\/em>\u00a0 \u00a0 \u00a0 \u00a0<strong><a href=\"https:\/\/recherches-autochtones.org\/site\/produit\/paleophytogeographie-post-glaciaire-en-ungava-par-lanalyse-pollinique-1981-2\" target=\"_blank\" rel=\"noopener noreferrer\">papier<\/a>\u00a0| <a href=\"https:\/\/recherches-autochtones.org\/site\/produit\/paleophytogeographie-post-glaciaire-en-ungava-par-lanalyse-pollinique-version-pdf-1981\/\">pdf<\/a><\/strong><br \/>\nPierre Richard<\/p>\n<p><strong>1980 \u2013 Pal\u00e9o-Qu\u00e9bec 12<\/strong><br \/>\n<em>Essai d&rsquo;analyse descriptive : les t\u00e9moins fa\u00e7onn\u00e9s pr\u00e9-dors\u00e9tiens de Poste-de-la-Baleine (1975)<\/em>\u00a0 \u00a0 \u00a0 \u00a0<strong><a href=\"https:\/\/recherches-autochtones.org\/site\/produit\/essai-danalyse-descriptive-les-temoins-faconnes-pre-dorsetiens-de-poste-de-la-baleine-1975-1980-2\" target=\"_blank\" rel=\"noopener noreferrer\">papier<\/a> | <a href=\"https:\/\/recherches-autochtones.org\/site\/produit\/essai-danalyse-descriptive-les-temoins-faconnes-pre-dorsetiens-de-poste-de-la-baleine-1975-version-pdf-1980\/\">pdf<\/a><\/strong><br \/>\nPatrick Plumet<\/p>\n<p><strong>1980 \u2013 Pal\u00e9o-Qu\u00e9bec 11<\/strong><br \/>\n<em>Stratigraphie de l&rsquo;Holoc\u00e8ne et \u00e9volution des lignes de rivage au sud-est de la baie d&rsquo;Hudson, Canada<\/em>\u00a0 \u00a0 \u00a0 \u00a0<strong><a href=\"https:\/\/recherches-autochtones.org\/site\/produit\/stratigraphie-de-lholocene-et-evolution-des-lignes-de-rivage-au-sud-est-de-la-baie-dhudson-canada-1980-2\" target=\"_blank\" rel=\"noopener noreferrer\">papier<\/a> | <a href=\"https:\/\/recherches-autochtones.org\/site\/produit\/stratigraphie-de-lholocene-et-evolution-des-lignes-de-rivage-au-sud-est-de-la-baie-dhudson-canada-version-pdf-1980\/\">pdf<\/a><\/strong><br \/>\nClaude Hilaire-Marcel et Jean-Serge Vincent<\/p>\n<p><strong>1980 \u2013 Pal\u00e9o-Qu\u00e9bec 10<\/strong><br \/>\n<em>Le Quaternaire de la r\u00e9gion de Trois-Rivi\u00e8res &#8211; Shawinigan, Qu\u00e9bec. Contribution \u00e0 la pal\u00e9og\u00e9ographie de la vall\u00e9e moyenne du Saint-Laurent et corr\u00e9lations stratigraphiques<\/em>\u00a0 \u00a0 \u00a0 \u00a0<strong><a href=\"https:\/\/recherches-autochtones.org\/site\/produit\/le-quaternaire-de-la-region-de-trois-rivieres-shawinigan-quebec-contribution-a-la-paleogeographie-de-la-vallee-moyenne-du-saint-laurent-et-correlations-stratigraphiques-1980-2\" target=\"_blank\" rel=\"noopener noreferrer\">papier<\/a> | <a href=\"https:\/\/recherches-autochtones.org\/site\/produit\/le-quaternaire-de-la-region-de-trois-rivieres-shawinigan-quebec-contribution-a-la-paleogeographie-de-la-vallee-moyenne-du-saint-laurent-et-correlations-stratigraphiques-version-pdf-1980\/\">pdf<\/a><\/strong><br \/>\nSerge Occhietti<\/p>\n<p><strong>1979 \u2013 Pal\u00e9o-Qu\u00e9bec 9<br \/>\n<\/strong><em>Enregistrement et analyse des donn\u00e9es arch\u00e9ologiques. Essais sur l&rsquo;analyse descriptive d&rsquo;industries lithiques am\u00e9ricaines<\/em>\u00a0 \u00a0 \u00a0 \u00a0<strong><a href=\"https:\/\/recherches-autochtones.org\/site\/produit\/enregistrement-et-analyse-des-donnees-archeologiques-essais-sur-lanalyse-descriptive-dindustries-lithiques-americaines-1979-2\" target=\"_blank\" rel=\"noopener noreferrer\">papier<\/a> | <a href=\"https:\/\/recherches-autochtones.org\/site\/produit\/enregistrement-et-analyse-des-donnees-archeologiques-essais-sur-lanalyse-descriptive-dindustries-lithiques-americaines-version-pdf-1979\/\">pdf<\/a><\/strong><br \/>\nAnnette Laming-Emperaire, Jean Lesage, Patrick Plumet et Andr\u00e9 Gosselin<strong><br \/>\n<\/strong><\/p>\n<p><strong>1977 \u2013 Pal\u00e9o-Qu\u00e9bec\u00a08<br \/>\n<\/strong><em>Travaux et relev\u00e9s sur l&rsquo;art rupestre am\u00e9rindien<\/em>\u00a0 \u00a0 \u00a0 \u00a0<strong><span style=\"color: #ff0000;\">papier (\u00e9puis\u00e9)<\/span>\u00a0| <a href=\"https:\/\/recherches-autochtones.org\/site\/produit\/releves-et-travaux-recents-sur-lart-rupestre-amerindien-version-pdf-1977\/\">pdf<\/a><\/strong><br \/>\nGilles Tass\u00e9 et Selwyn Dewdney<strong><br \/>\n<\/strong><\/p>\n<p><strong>1976 \u2013 Pal\u00e9o-Qu\u00e9bec 7<br \/>\n<\/strong><em>Arch\u00e9ologie du Nouveau-Qu\u00e9bec : habitats pal\u00e9o-esquimaux \u00e0 Poste-de-la-Baleine<\/em>\u00a0 \u00a0 \u00a0 \u00a0<strong><a href=\"https:\/\/recherches-autochtones.org\/site\/produit\/archeologie-du-nouveau-quebec-habitats-paleo-esquimaux-a-poste-de-la-baleine-1976-2\" target=\"_blank\" rel=\"noopener noreferrer\">papier<\/a> | <a href=\"https:\/\/recherches-autochtones.org\/site\/produit\/archeologie-du-nouveau-quebec-habitats-paleo-esquimaux-a-poste-de-la-baleine-version-pdf-1976\/\">pdf<\/a><\/strong><br \/>\nPatrick Plumet<strong><br \/>\n<\/strong><\/p>\n<p><strong>1975 \u2013 Pal\u00e9o-Qu\u00e9bec 6<br \/>\n<\/strong><em>Arch\u00e9ologie du Nouveau-Qu\u00e9bec : \u00e9tude du mat\u00e9riel ost\u00e9ologique provenant des sites Ungava II et Diana I<\/em>\u00a0 \u00a0 \u00a0 \u00a0<strong><a href=\"https:\/\/recherches-autochtones.org\/site\/produit\/archeologie-du-nouveau-quebec-etude-du-materiel-osteologique-provenant-des-sites-ungava-ii-et-diana-i-1975-2\" target=\"_blank\" rel=\"noopener noreferrer\">papier<\/a> | <a href=\"https:\/\/recherches-autochtones.org\/site\/produit\/archeologie-du-nouveau-quebec-etude-du-materiel-osteologique-provenant-des-sites-ungava-ii-et-diana-i-version-pdf-1975\/\">pdf<\/a><\/strong><br \/>\nJean Pi\u00e9rard<\/p>\n<p><strong>1975 \u2013 Pal\u00e9o-Qu\u00e9bec 5<br \/>\n<\/strong><em>Arch\u00e9ologie de la Mauricie : reconnaissance arch\u00e9ologique dans la r\u00e9gion du lac Nemiskachi<\/em>\u00a0 \u00a0 \u00a0 \u00a0<strong><a href=\"https:\/\/recherches-autochtones.org\/site\/produit\/archeologie-de-la-mauricie-reconnaissance-archeologique-dans-la-region-du-lac-nemiskachi-1975-2\" target=\"_blank\" rel=\"noopener noreferrer\">papier<\/a> | <a href=\"http:\/\/pq005_archeo_lac_nemiskachi.pdf\">pdf<\/a><\/strong><br \/>\nRen\u00e9 Ribes et Alexis Klimov<strong><br \/>\n<\/strong><\/p>\n<p><strong>1974 \u2013 Pal\u00e9o-Qu\u00e9bec 4<\/strong><br \/>\n<em>The Fort Abitibi Mystery<\/em>\u00a0 \u00a0 \u00a0 <strong><span style=\"color: #ff0000;\">papier (\u00e9puis\u00e9)<\/span><\/strong><strong>\u00a0| <a href=\"https:\/\/recherches-autochtones.org\/site\/produit\/the-fort-abitibi-mystery-version-pdf-1974\/\">pdf<\/a><\/strong><br \/>\nThomas E. Lee<\/p>\n<p><strong>1974 \u2013 Pal\u00e9o-Qu\u00e9bec\u00a03<\/strong><br \/>\n<em>Arch\u00e9ologie du Nouveau-Qu\u00e9bec : s\u00e9pultures et squelettes de l&rsquo;Ungava<\/em>\u00a0 \u00a0 \u00a0 \u00a0<strong><a href=\"https:\/\/recherches-autochtones.org\/site\/produit\/archeologie-du-nouveau-quebec-sepultures-et-squelettes-de-lungava-1974-2\" target=\"_blank\" rel=\"noopener noreferrer\">papier<\/a> | <a href=\"https:\/\/recherches-autochtones.org\/site\/produit\/archeologie-du-nouveau-quebec-sepultures-et-squelettes-de-lungava-version-pdf-1974\/\">pdf<\/a><\/strong><br \/>\nRaoul Hartweg et Patrick Plumet<\/p>\n<p><strong>1974 \u2013 Pal\u00e9o-Qu\u00e9bec\u00a02<\/strong><br \/>\n<em>Archaeological Investigations of a Longhouse Ruin, Pamiok Island, Ungava Bay, 1972<\/em>\u00a0 \u00a0 \u00a0 \u00a0<strong><a href=\"https:\/\/recherches-autochtones.org\/site\/produit\/archaeological-investigations-of-a-longhouse-ruin-pamiok-island-ungava-bay-1972-1974-2\" target=\"_blank\" rel=\"noopener noreferrer\">papier<\/a> | <a href=\"http:\/\/pq002_archeo_pamiok_island.pdf\">pdf<\/a><\/strong><br \/>\nThomas E. Lee<\/p>\n<p><strong>1974 \u2013 Pal\u00e9o-Qu\u00e9bec\u00a01<\/strong><br \/>\n<em>Recherches arch\u00e9ologiques et pal\u00e9o\u00e9cologiques au Nouveau-Qu\u00e9bec<\/em>\u00a0 \u00a0 \u00a0 <strong><span style=\"color: #ff0000;\">papier (\u00e9puis\u00e9)<\/span><\/strong><strong>\u00a0| <a href=\"https:\/\/recherches-autochtones.org\/site\/produit\/recherches-archeologiques-et-paleoecologiques-au-nouveau-quebec-version-pdf-1974\/\">pdf<\/a><\/strong><br \/>\nA. Gosselin, P. Plumet, P. Richard et J.-P. Sala\u00fcn<\/p>\n<\/div><\/div><\/div><div class=\"fusion-layout-column fusion_builder_column fusion-builder-column-1 fusion_builder_column_1_4 1_4 fusion-flex-column\" style=\"--awb-padding-top:3%;--awb-padding-right:3%;--awb-padding-bottom:3%;--awb-padding-left:3%;--awb-bg-size:cover;--awb-border-color:#e0e0e0;--awb-border-top:1px;--awb-border-right:1px;--awb-border-bottom:1px;--awb-border-left:1px;--awb-border-style:solid;--awb-width-large:25%;--awb-margin-top-large:0px;--awb-spacing-right-large:7.68%;--awb-margin-bottom-large:20px;--awb-spacing-left-large:3.84%;--awb-width-medium:25%;--awb-order-medium:0;--awb-spacing-right-medium:7.68%;--awb-spacing-left-medium:3.84%;--awb-width-small:100%;--awb-order-small:0;--awb-spacing-right-small:1.92%;--awb-spacing-left-small:1.92%;\"><div class=\"fusion-column-wrapper fusion-column-has-shadow fusion-flex-justify-content-flex-start fusion-content-layout-column\"><div class=\"fusion-widget fusion-widget-element fusion-widget-area fusion-content-widget-area wpWidget-1 wp_widget_search\" style=\"--awb-fusion-border-size:0px;--awb-fusion-border-style:solid;\"><div class=\"widget widget_search\">\t\t<form role=\"search\" class=\"searchform fusion-search-form  fusion-search-form-classic\" method=\"get\" action=\"https:\/\/recherches-autochtones.org\/site\/\">\n\t\t\t<div class=\"fusion-search-form-content\">\n\n\t\t\t\t\n\t\t\t\t<div class=\"fusion-search-field search-field\">\n\t\t\t\t\t<label><span class=\"screen-reader-text\">Rechercher:<\/span>\n\t\t\t\t\t\t\t\t\t\t\t\t\t<input type=\"search\" value=\"\" name=\"s\" class=\"s\" placeholder=\"Rechercher...\" required aria-required=\"true\" aria-label=\"Rechercher...\"\/>\n\t\t\t\t\t\t\t\t\t\t\t<\/label>\n\t\t\t\t<\/div>\n\t\t\t\t<div class=\"fusion-search-button search-button\">\n\t\t\t\t\t<input type=\"submit\" class=\"fusion-search-submit searchsubmit\" aria-label=\"Recherche\" value=\"&#xf002;\" \/>\n\t\t\t\t\t\t\t\t\t<\/div>\n\n\t\t\t\t\n\t\t\t<\/div>\n\n\n\t\t\t\n\t\t<\/form>\n\t\t<\/div><\/div><div class=\"fusion-separator fusion-full-width-sep\" style=\"align-self: center;margin-left: auto;margin-right: auto;margin-top:10px;margin-bottom:10px;width:100%;\"><div class=\"fusion-separator-border sep-single sep-solid\" style=\"--awb-height:20px;--awb-amount:20px;border-color:var(--awb-color3);border-top-width:3px;\"><\/div><\/div><div class=\"fusion-widget fusion-widget-element fusion-widget-area fusion-content-widget-area wpWidget-2 wp_widget_recent_posts\" style=\"--awb-fusion-border-size:0px;--awb-fusion-border-style:solid;\">\n\t\t<div class=\"widget widget_recent_entries\">\n\t\t<div class=\"heading\"><h4 class=\"widget-title\">Nouveaut\u00e9s<\/h4><\/div>\n\t\t<ul>\n\t\t\t\t\t\t\t\t\t\t\t<li>\n\t\t\t\t\t<a href=\"https:\/\/recherches-autochtones.org\/site\/in-memoriam-daniel-chevrier-1950-2025\/\">IN MEMORIAM \u2013 Daniel Chevrier (1950-2025)<\/a>\n\t\t\t\t\t\t\t\t\t\t\t<span class=\"post-date\">21 novembre 2025<\/span>\n\t\t\t\t\t\t\t\t\t<\/li>\n\t\t\t\t\t\t\t\t\t\t\t<li>\n\t\t\t\t\t<a href=\"https:\/\/recherches-autochtones.org\/site\/conference-la-convention-de-la-baie-james-et-du-nord-quebecois-les-50-premieres-annees\/\">Conf\u00e9rence | La Convention de la Baie James et du Nord qu\u00e9b\u00e9cois : les 50 premi\u00e8res ann\u00e9es<\/a>\n\t\t\t\t\t\t\t\t\t\t\t<span class=\"post-date\">30 octobre 2025<\/span>\n\t\t\t\t\t\t\t\t\t<\/li>\n\t\t\t\t\t\t\t\t\t\t\t<li>\n\t\t\t\t\t<a href=\"https:\/\/recherches-autochtones.org\/site\/rea-vol-533-reflexions-critiques-sur-la-reconciliation-au-canada\/\">REA, vol. 53(3) \u2013 R\u00e9flexions critiques sur la r\u00e9conciliation au Canada<\/a>\n\t\t\t\t\t\t\t\t\t\t\t<span class=\"post-date\">16 octobre 2025<\/span>\n\t\t\t\t\t\t\t\t\t<\/li>\n\t\t\t\t\t\t\t\t\t\t\t<li>\n\t\t\t\t\t<a href=\"https:\/\/recherches-autochtones.org\/site\/eric-chalifoux-3e-prix-dexcellence\/\">\u00c9ric Chalifoux \u2013 3e prix d&rsquo;excellence des professionnels et professionnelles de recherche 2025<\/a>\n\t\t\t\t\t\t\t\t\t\t\t<span class=\"post-date\">6 juin 2025<\/span>\n\t\t\t\t\t\t\t\t\t<\/li>\n\t\t\t\t\t\t\t\t\t\t\t<li>\n\t\t\t\t\t<a href=\"https:\/\/recherches-autochtones.org\/site\/mythes-et-realites-sur-les-peuples-autochtones\/\">Nouveau site Internet \u2013 Mythes et r\u00e9alit\u00e9s sur les peuples autochtones<\/a>\n\t\t\t\t\t\t\t\t\t\t\t<span class=\"post-date\">23 avril 2025<\/span>\n\t\t\t\t\t\t\t\t\t<\/li>\n\t\t\t\t\t<\/ul>\n\n\t\t<\/div><\/div><div class=\"fusion-separator fusion-full-width-sep\" style=\"align-self: center;margin-left: auto;margin-right: auto;margin-top:10px;margin-bottom:10px;width:100%;\"><div class=\"fusion-separator-border sep-single sep-solid\" style=\"--awb-height:20px;--awb-amount:20px;border-color:var(--awb-color3);border-top-width:3px;\"><\/div><\/div><div class=\"fusion-widget fusion-widget-element fusion-widget-area fusion-content-widget-area wpWidget-3 wc_widget_product_categories\" style=\"--awb-margin-bottom:4%;--awb-fusion-border-size:0px;--awb-fusion-border-style:solid;\"><div class=\"widget woocommerce widget_product_categories\"><div class=\"heading\"><h4 class=\"widget-title\">Cat\u00e9gories<\/h4><\/div><ul class=\"product-categories\"><li class=\"cat-item cat-item-64\"><a href=\"https:\/\/recherches-autochtones.org\/site\/categorie-produit\/autres-documents\/\">Autres documents<\/a> <span class=\"count\">(2)<\/span><\/li>\n<li class=\"cat-item cat-item-50 cat-parent\"><a href=\"https:\/\/recherches-autochtones.org\/site\/categorie-produit\/collections\/\">Collections<\/a> <span class=\"count\">(354)<\/span><ul class='children'>\n<li class=\"cat-item cat-item-27\"><a href=\"https:\/\/recherches-autochtones.org\/site\/categorie-produit\/collections\/autres\/\">Autres<\/a> <span class=\"count\">(2)<\/span><\/li>\n<li class=\"cat-item cat-item-22\"><a href=\"https:\/\/recherches-autochtones.org\/site\/categorie-produit\/collections\/dossiers\/\">Dossiers<\/a> <span class=\"count\">(2)<\/span><\/li>\n<li class=\"cat-item cat-item-24\"><a href=\"https:\/\/recherches-autochtones.org\/site\/categorie-produit\/collections\/paleo-quebec\/\">Pal\u00e9o-Qu\u00e9bec<\/a> <span class=\"count\">(64)<\/span><\/li>\n<li class=\"cat-item cat-item-23\"><a href=\"https:\/\/recherches-autochtones.org\/site\/categorie-produit\/collections\/presence-des-premieres-nations\/\">Pr\u00e9sence des Premi\u00e8res Nations<\/a> <span class=\"count\">(2)<\/span><\/li>\n<li class=\"cat-item cat-item-26\"><a href=\"https:\/\/recherches-autochtones.org\/site\/categorie-produit\/collections\/recherches-amerindiennes-au-quebec\/\">Recherches am\u00e9rindiennes au Qu\u00e9bec<\/a> <span class=\"count\">(239)<\/span><\/li>\n<li class=\"cat-item cat-item-77\"><a href=\"https:\/\/recherches-autochtones.org\/site\/categorie-produit\/collections\/revue-detudes-autochtones\/\">Revue d'\u00e9tudes autochtones<\/a> <span class=\"count\">(19)<\/span><\/li>\n<li class=\"cat-item cat-item-25\"><a href=\"https:\/\/recherches-autochtones.org\/site\/categorie-produit\/collections\/signes-des-ameriques\/\">Signes des Am\u00e9riques<\/a> <span class=\"count\">(23)<\/span><\/li>\n<li class=\"cat-item cat-item-21\"><a href=\"https:\/\/recherches-autochtones.org\/site\/categorie-produit\/collections\/textes-amerindiens\/\">Textes am\u00e9rindiens<\/a> <span class=\"count\">(2)<\/span><\/li>\n<\/ul>\n<\/li>\n<li class=\"cat-item cat-item-49 cat-parent\"><a href=\"https:\/\/recherches-autochtones.org\/site\/categorie-produit\/format\/\">Format<\/a> <span class=\"count\">(355)<\/span><ul class='children'>\n<li class=\"cat-item cat-item-47\"><a href=\"https:\/\/recherches-autochtones.org\/site\/categorie-produit\/format\/papier\/\">Papier<\/a> <span class=\"count\">(147)<\/span><\/li>\n<li class=\"cat-item cat-item-48\"><a href=\"https:\/\/recherches-autochtones.org\/site\/categorie-produit\/format\/pdf\/\">PDF<\/a> <span class=\"count\">(208)<\/span><\/li>\n<\/ul>\n<\/li>\n<\/ul><\/div><\/div><\/div><\/div>\n<\/div><\/div>\n","protected":false},"excerpt":{"rendered":"","protected":false},"author":1,"featured_media":0,"parent":0,"menu_order":0,"comment_status":"closed","ping_status":"closed","template":"","meta":{"_EventAllDay":false,"_EventTimezone":"","_EventStartDate":"","_EventEndDate":"","_EventStartDateUTC":"","_EventEndDateUTC":"","_EventShowMap":false,"_EventShowMapLink":false,"_EventURL":"","_EventCost":"","_EventCostDescription":"","_EventCurrencySymbol":"","_EventCurrencyCode":"","_EventCurrencyPosition":"","_EventDateTimeSeparator":"","_EventTimeRangeSeparator":"","_EventOrganizerID":[],"_EventVenueID":[],"_OrganizerEmail":"","_OrganizerPhone":"","_OrganizerWebsite":"","_VenueAddress":"","_VenueCity":"","_VenueCountry":"","_VenueProvince":"","_VenueState":"","_VenueZip":"","_VenuePhone":"","_VenueURL":"","_VenueStateProvince":"","_VenueLat":"","_VenueLng":"","_VenueShowMap":false,"_VenueShowMapLink":false,"footnotes":""},"class_list":["post-3661","page","type-page","status-publish","hentry"],"_links":{"self":[{"href":"https:\/\/recherches-autochtones.org\/site\/wp-json\/wp\/v2\/pages\/3661","targetHints":{"allow":["GET"]}}],"collection":[{"href":"https:\/\/recherches-autochtones.org\/site\/wp-json\/wp\/v2\/pages"}],"about":[{"href":"https:\/\/recherches-autochtones.org\/site\/wp-json\/wp\/v2\/types\/page"}],"author":[{"embeddable":true,"href":"https:\/\/recherches-autochtones.org\/site\/wp-json\/wp\/v2\/users\/1"}],"replies":[{"embeddable":true,"href":"https:\/\/recherches-autochtones.org\/site\/wp-json\/wp\/v2\/comments?post=3661"}],"version-history":[{"count":71,"href":"https:\/\/recherches-autochtones.org\/site\/wp-json\/wp\/v2\/pages\/3661\/revisions"}],"predecessor-version":[{"id":10281,"href":"https:\/\/recherches-autochtones.org\/site\/wp-json\/wp\/v2\/pages\/3661\/revisions\/10281"}],"wp:attachment":[{"href":"https:\/\/recherches-autochtones.org\/site\/wp-json\/wp\/v2\/media?parent=3661"}],"curies":[{"name":"wp","href":"https:\/\/api.w.org\/{rel}","templated":true}]}}